{"id":8047,"date":"2019-02-28T13:07:29","date_gmt":"2019-02-28T13:07:29","guid":{"rendered":"https:\/\/avadawebsites.wpengine.com\/food\/?page_id=6"},"modified":"2025-11-05T15:08:01","modified_gmt":"2025-11-05T14:08:01","slug":"foodblog-home","status":"publish","type":"page","link":"https:\/\/culturefoodblog.de\/en\/","title":{"rendered":"Foodblog Home"},"content":{"rendered":"<p><div class=\"fusion-fullwidth fullwidth-box fusion-builder-row-1 fusion-flex-container has-pattern-background has-mask-background hundred-percent-fullwidth non-hundred-percent-height-scrolling fusion-no-small-visibility\" style=\"--awb-border-radius-top-left:0px;--awb-border-radius-top-right:0px;--awb-border-radius-bottom-right:0px;--awb-border-radius-bottom-left:0px;--awb-flex-wrap:wrap;\" ><div class=\"fusion-builder-row fusion-row fusion-flex-align-items-flex-start fusion-flex-justify-content-center fusion-flex-content-wrap\" style=\"width:104% !important;max-width:104% !important;margin-left: calc(-4% \/ 2 );margin-right: calc(-4% \/ 2 );\"><div class=\"fusion-layout-column fusion_builder_column fusion-builder-column-0 fusion_builder_column_1_1 1_1 fusion-flex-column\" style=\"--awb-bg-size:cover;--awb-width-large:100%;--awb-margin-top-large:10px;--awb-spacing-right-large:1.92%;--awb-margin-bottom-large:10px;--awb-spacing-left-large:1.92%;--awb-width-medium:100%;--awb-order-medium:0;--awb-spacing-right-medium:1.92%;--awb-spacing-left-medium:1.92%;--awb-width-small:100%;--awb-order-small:0;--awb-spacing-right-small:1.92%;--awb-spacing-left-small:1.92%;\" data-scroll-devices=\"small-visibility,medium-visibility,large-visibility\"><div class=\"fusion-column-wrapper fusion-column-has-shadow fusion-flex-justify-content-flex-start fusion-content-layout-column\"><div class=\"fusion-text fusion-text-1\" style=\"--awb-font-size:14px;\"><p style=\"text-align: center;\">CULTURE FOOD BLOG FOODBLOG<\/p>\n<\/div><div class=\"fusion-image-carousel fusion-image-carousel-auto fusion-image-carousel-1 lightbox-enabled awb-image-carousel-top-below-caption\"><div class=\"awb-carousel awb-swiper awb-swiper-carousel awb-swiper-dots-position-bottom awb-carousel--carousel awb-imageframe-style awb-imageframe-style-below awb-imageframe-style-1\" data-layout=\"carousel\" data-autoplay=\"yes\" data-autoplayspeed=\"4000\" data-autoplaypause=\"no\" data-columns=\"4\" data-itemmargin=\"15\" data-itemwidth=\"180\" data-touchscroll=\"no\" data-freemode=\"no\" data-imagesize=\"auto\" data-centeredslides=\"no\" data-rotationangle=\"50\" data-depth=\"100\" data-speed=\"500\" data-shadow=\"no\" style=\"--awb-columns:4;--awb-column-spacing:15px;--awb-caption-title-color:var(--awb-color5);--awb-caption-title-size:24px;--awb-caption-title-transform:uppercase;--awb-caption-text-color:var(--awb-color6);--awb-caption-text-size:16px;--awb-caption-overlay-color:rgba(166,3,3,0);--awb-dots-align:center;--awb-caption-title-font-family:&quot;Cormorant Garamond&quot;;--awb-caption-title-font-style:normal;--awb-caption-title-font-weight:500;--awb-caption-text-font-family:&quot;Source Sans 3&quot;;--awb-caption-text-font-style:normal;--awb-caption-text-font-weight:300;\"><div class=\"swiper-wrapper awb-image-carousel-wrapper fusion-flex-align-items-center\"><div class=\"swiper-slide\"><div class=\"fusion-carousel-item-wrapper\"><div class=\"fusion-image-wrapper hover-type-zoomin\"><a data-rel=\"iLightbox[image_carousel_1]\" data-title=\"cf_topslider1\" aria-label=\"cf_topslider1\" href=\"https:\/\/culturefoodblog.de\/en\/all-recipes\/\" target=\"_self\"><img decoding=\"async\" width=\"800\" height=\"600\" src=\"https:\/\/culturefoodblog.de\/wp-content\/uploads\/2025\/04\/cf_topslider1.jpg\" class=\"attachment-full size-full lazyload\" alt=\"\" srcset=\"data:image\/svg+xml,%3Csvg%20xmlns%3D%27http%3A%2F%2Fwww.w3.org%2F2000%2Fsvg%27%20width%3D%27800%27%20height%3D%27600%27%20viewBox%3D%270%200%20800%20600%27%3E%3Crect%20width%3D%27800%27%20height%3D%27600%27%20fill-opacity%3D%220%22%2F%3E%3C%2Fsvg%3E\" data-orig-src=\"https:\/\/culturefoodblog.de\/wp-content\/uploads\/2025\/04\/cf_topslider1.jpg\" data-srcset=\"https:\/\/culturefoodblog.de\/wp-content\/uploads\/2025\/04\/cf_topslider1-200x150.jpg 200w, https:\/\/culturefoodblog.de\/wp-content\/uploads\/2025\/04\/cf_topslider1-400x300.jpg 400w, https:\/\/culturefoodblog.de\/wp-content\/uploads\/2025\/04\/cf_topslider1-600x450.jpg 600w, https:\/\/culturefoodblog.de\/wp-content\/uploads\/2025\/04\/cf_topslider1.jpg 800w\" data-sizes=\"auto\" \/><\/a><\/div><div class=\"awb-imageframe-caption-container\" style=\"text-align:center;\"><div class=\"awb-imageframe-caption\"><div class=\"awb-imageframe-caption-title\">FEINE REZEPTE<\/div><p class=\"awb-imageframe-caption-text\">Klassiker und Innovationen zum Nachkochen<\/p><\/div><\/div><\/div><\/div><div class=\"swiper-slide\"><div class=\"fusion-carousel-item-wrapper\"><div class=\"fusion-image-wrapper hover-type-zoomin\"><a data-rel=\"iLightbox[image_carousel_1]\" data-title=\"cf_topslider2\" aria-label=\"cf_topslider2\" href=\"https:\/\/culturefoodblog.de\/en\/wein\/\" target=\"_self\"><img decoding=\"async\" width=\"800\" height=\"600\" src=\"https:\/\/culturefoodblog.de\/wp-content\/uploads\/2025\/04\/cf_topslider2.jpg\" class=\"attachment-full size-full lazyload\" alt=\"\" srcset=\"data:image\/svg+xml,%3Csvg%20xmlns%3D%27http%3A%2F%2Fwww.w3.org%2F2000%2Fsvg%27%20width%3D%27800%27%20height%3D%27600%27%20viewBox%3D%270%200%20800%20600%27%3E%3Crect%20width%3D%27800%27%20height%3D%27600%27%20fill-opacity%3D%220%22%2F%3E%3C%2Fsvg%3E\" data-orig-src=\"https:\/\/culturefoodblog.de\/wp-content\/uploads\/2025\/04\/cf_topslider2.jpg\" data-srcset=\"https:\/\/culturefoodblog.de\/wp-content\/uploads\/2025\/04\/cf_topslider2-200x150.jpg 200w, https:\/\/culturefoodblog.de\/wp-content\/uploads\/2025\/04\/cf_topslider2-400x300.jpg 400w, https:\/\/culturefoodblog.de\/wp-content\/uploads\/2025\/04\/cf_topslider2-600x450.jpg 600w, https:\/\/culturefoodblog.de\/wp-content\/uploads\/2025\/04\/cf_topslider2.jpg 800w\" data-sizes=\"auto\" \/><\/a><\/div><div class=\"awb-imageframe-caption-container\" style=\"text-align:center;\"><div class=\"awb-imageframe-caption\"><div class=\"awb-imageframe-caption-title\">Orientierung bei der Weinauswahl<\/div><p class=\"awb-imageframe-caption-text\">Welcher Wein passt zu welchem Essen? <\/p><\/div><\/div><\/div><\/div><div class=\"swiper-slide\"><div class=\"fusion-carousel-item-wrapper\"><div class=\"fusion-image-wrapper hover-type-zoomin\"><a data-rel=\"iLightbox[image_carousel_1]\" data-title=\"cf_topslider3\" aria-label=\"cf_topslider3\" href=\"https:\/\/culturefoodblog.de\/en\/kultur\/\" target=\"_self\"><img decoding=\"async\" width=\"800\" height=\"600\" src=\"https:\/\/culturefoodblog.de\/wp-content\/uploads\/2025\/04\/cf_topslider3.jpg\" class=\"attachment-full size-full lazyload\" alt=\"\" srcset=\"data:image\/svg+xml,%3Csvg%20xmlns%3D%27http%3A%2F%2Fwww.w3.org%2F2000%2Fsvg%27%20width%3D%27800%27%20height%3D%27600%27%20viewBox%3D%270%200%20800%20600%27%3E%3Crect%20width%3D%27800%27%20height%3D%27600%27%20fill-opacity%3D%220%22%2F%3E%3C%2Fsvg%3E\" data-orig-src=\"https:\/\/culturefoodblog.de\/wp-content\/uploads\/2025\/04\/cf_topslider3.jpg\" data-srcset=\"https:\/\/culturefoodblog.de\/wp-content\/uploads\/2025\/04\/cf_topslider3-200x150.jpg 200w, https:\/\/culturefoodblog.de\/wp-content\/uploads\/2025\/04\/cf_topslider3-400x300.jpg 400w, https:\/\/culturefoodblog.de\/wp-content\/uploads\/2025\/04\/cf_topslider3-600x450.jpg 600w, https:\/\/culturefoodblog.de\/wp-content\/uploads\/2025\/04\/cf_topslider3.jpg 800w\" data-sizes=\"auto\" \/><\/a><\/div><div class=\"awb-imageframe-caption-container\" style=\"text-align:center;\"><div class=\"awb-imageframe-caption\"><div class=\"awb-imageframe-caption-title\">KULTUR. CULTURE. \u043a\u0443\u043b\u044c\u0442\u0443\u0301\u0440\u0430. \u6587\u5316.<\/div><p class=\"awb-imageframe-caption-text\">Andere L\u00e4nder - andere Sitten<\/p><\/div><\/div><\/div><\/div><div class=\"swiper-slide\"><div class=\"fusion-carousel-item-wrapper\"><div class=\"fusion-image-wrapper hover-type-zoomin\"><a data-rel=\"iLightbox[image_carousel_1]\" data-title=\"cf_topslider4\" aria-label=\"cf_topslider4\" href=\"https:\/\/travel.clatu.com\/gourmet-travels\/\" target=\"_blank\" rel=\"noopener noreferrer\"><img decoding=\"async\" width=\"800\" height=\"600\" src=\"https:\/\/culturefoodblog.de\/wp-content\/uploads\/2025\/04\/cf_topslider4.jpg\" class=\"attachment-full size-full lazyload\" alt=\"\" srcset=\"data:image\/svg+xml,%3Csvg%20xmlns%3D%27http%3A%2F%2Fwww.w3.org%2F2000%2Fsvg%27%20width%3D%27800%27%20height%3D%27600%27%20viewBox%3D%270%200%20800%20600%27%3E%3Crect%20width%3D%27800%27%20height%3D%27600%27%20fill-opacity%3D%220%22%2F%3E%3C%2Fsvg%3E\" data-orig-src=\"https:\/\/culturefoodblog.de\/wp-content\/uploads\/2025\/04\/cf_topslider4.jpg\" data-srcset=\"https:\/\/culturefoodblog.de\/wp-content\/uploads\/2025\/04\/cf_topslider4-200x150.jpg 200w, https:\/\/culturefoodblog.de\/wp-content\/uploads\/2025\/04\/cf_topslider4-400x300.jpg 400w, https:\/\/culturefoodblog.de\/wp-content\/uploads\/2025\/04\/cf_topslider4-600x450.jpg 600w, https:\/\/culturefoodblog.de\/wp-content\/uploads\/2025\/04\/cf_topslider4.jpg 800w\" data-sizes=\"auto\" \/><\/a><\/div><div class=\"awb-imageframe-caption-container\" style=\"text-align:center;\"><div class=\"awb-imageframe-caption\"><div class=\"awb-imageframe-caption-title\">Gourmet Travels<\/div><p class=\"awb-imageframe-caption-text\">Destinationen und Reisen f\u00fcr Geniesser <\/p><\/div><\/div><\/div><\/div><div class=\"swiper-slide\"><div class=\"fusion-carousel-item-wrapper\"><div class=\"fusion-image-wrapper hover-type-zoomin\"><a data-rel=\"iLightbox[image_carousel_1]\" data-title=\"cf_topslider6\" aria-label=\"cf_topslider6\" href=\"https:\/\/culturefoodblog.de\/en\/about_culturefood\/\" target=\"_self\"><img decoding=\"async\" width=\"800\" height=\"600\" src=\"https:\/\/culturefoodblog.de\/wp-content\/uploads\/2025\/04\/cf_topslider6.jpg\" class=\"attachment-full size-full lazyload\" alt=\"\" srcset=\"data:image\/svg+xml,%3Csvg%20xmlns%3D%27http%3A%2F%2Fwww.w3.org%2F2000%2Fsvg%27%20width%3D%27800%27%20height%3D%27600%27%20viewBox%3D%270%200%20800%20600%27%3E%3Crect%20width%3D%27800%27%20height%3D%27600%27%20fill-opacity%3D%220%22%2F%3E%3C%2Fsvg%3E\" data-orig-src=\"https:\/\/culturefoodblog.de\/wp-content\/uploads\/2025\/04\/cf_topslider6.jpg\" data-srcset=\"https:\/\/culturefoodblog.de\/wp-content\/uploads\/2025\/04\/cf_topslider6-200x150.jpg 200w, https:\/\/culturefoodblog.de\/wp-content\/uploads\/2025\/04\/cf_topslider6-400x300.jpg 400w, https:\/\/culturefoodblog.de\/wp-content\/uploads\/2025\/04\/cf_topslider6-600x450.jpg 600w, https:\/\/culturefoodblog.de\/wp-content\/uploads\/2025\/04\/cf_topslider6.jpg 800w\" data-sizes=\"auto\" \/><\/a><\/div><div class=\"awb-imageframe-caption-container\" style=\"text-align:center;\"><div class=\"awb-imageframe-caption\"><div class=\"awb-imageframe-caption-title\">\u00dcber Culture Food<\/div><p class=\"awb-imageframe-caption-text\">Wer bloggt hier? Wor\u00fcber? Und f\u00fcr wen?<\/p><\/div><\/div><\/div><\/div><div class=\"swiper-slide\"><div class=\"fusion-carousel-item-wrapper\"><div class=\"fusion-image-wrapper hover-type-zoomin\"><a data-rel=\"iLightbox[image_carousel_1]\" data-title=\"cf_topslider7\" aria-label=\"cf_topslider7\" href=\"https:\/\/culturefoodblog.de\/en\/food-photography\/\" target=\"_self\"><img decoding=\"async\" width=\"800\" height=\"600\" src=\"https:\/\/culturefoodblog.de\/wp-content\/uploads\/2025\/04\/cf_topslider7.jpg\" class=\"attachment-full size-full lazyload\" alt=\"\" srcset=\"data:image\/svg+xml,%3Csvg%20xmlns%3D%27http%3A%2F%2Fwww.w3.org%2F2000%2Fsvg%27%20width%3D%27800%27%20height%3D%27600%27%20viewBox%3D%270%200%20800%20600%27%3E%3Crect%20width%3D%27800%27%20height%3D%27600%27%20fill-opacity%3D%220%22%2F%3E%3C%2Fsvg%3E\" data-orig-src=\"https:\/\/culturefoodblog.de\/wp-content\/uploads\/2025\/04\/cf_topslider7.jpg\" data-srcset=\"https:\/\/culturefoodblog.de\/wp-content\/uploads\/2025\/04\/cf_topslider7-200x150.jpg 200w, https:\/\/culturefoodblog.de\/wp-content\/uploads\/2025\/04\/cf_topslider7-400x300.jpg 400w, https:\/\/culturefoodblog.de\/wp-content\/uploads\/2025\/04\/cf_topslider7-600x450.jpg 600w, https:\/\/culturefoodblog.de\/wp-content\/uploads\/2025\/04\/cf_topslider7.jpg 800w\" data-sizes=\"auto\" \/><\/a><\/div><div class=\"awb-imageframe-caption-container\" style=\"text-align:center;\"><div class=\"awb-imageframe-caption\"><div class=\"awb-imageframe-caption-title\">Food Fotografie<\/div><p class=\"awb-imageframe-caption-text\">Eine Auswahl unserer sch\u00f6nsten Food-Fotos<\/p><\/div><\/div><\/div><\/div><div class=\"swiper-slide\"><div class=\"fusion-carousel-item-wrapper\"><div class=\"fusion-image-wrapper hover-type-zoomin\"><a data-rel=\"iLightbox[image_carousel_1]\" data-title=\"cf_topslider8\" aria-label=\"cf_topslider8\" href=\"https:\/\/www.foodandwineculture.com\" target=\"_blank\" rel=\"noopener noreferrer\"><img decoding=\"async\" width=\"800\" height=\"600\" src=\"https:\/\/culturefoodblog.de\/wp-content\/uploads\/2025\/04\/cf_topslider8.jpg\" class=\"attachment-full size-full lazyload\" alt=\"\" srcset=\"data:image\/svg+xml,%3Csvg%20xmlns%3D%27http%3A%2F%2Fwww.w3.org%2F2000%2Fsvg%27%20width%3D%27800%27%20height%3D%27600%27%20viewBox%3D%270%200%20800%20600%27%3E%3Crect%20width%3D%27800%27%20height%3D%27600%27%20fill-opacity%3D%220%22%2F%3E%3C%2Fsvg%3E\" data-orig-src=\"https:\/\/culturefoodblog.de\/wp-content\/uploads\/2025\/04\/cf_topslider8.jpg\" data-srcset=\"https:\/\/culturefoodblog.de\/wp-content\/uploads\/2025\/04\/cf_topslider8-200x150.jpg 200w, https:\/\/culturefoodblog.de\/wp-content\/uploads\/2025\/04\/cf_topslider8-400x300.jpg 400w, https:\/\/culturefoodblog.de\/wp-content\/uploads\/2025\/04\/cf_topslider8-600x450.jpg 600w, https:\/\/culturefoodblog.de\/wp-content\/uploads\/2025\/04\/cf_topslider8.jpg 800w\" data-sizes=\"auto\" \/><\/a><\/div><div class=\"awb-imageframe-caption-container\" style=\"text-align:center;\"><div class=\"awb-imageframe-caption\"><div class=\"awb-imageframe-caption-title\">Food and Wine Culture<\/div><p class=\"awb-imageframe-caption-text\">Food Consulting \/ Beratung f\u00fcr die Lebensmittelindustrie<\/p><\/div><\/div><\/div><\/div><div class=\"swiper-slide\"><div class=\"fusion-carousel-item-wrapper\"><div class=\"fusion-image-wrapper hover-type-zoomin\"><a data-rel=\"iLightbox[image_carousel_1]\" data-title=\"cf_topslider1\" aria-label=\"cf_topslider1\" href=\"https:\/\/culturefoodblog.de\/en\/all-recipes\/\" target=\"_self\"><img decoding=\"async\" width=\"800\" height=\"600\" src=\"https:\/\/culturefoodblog.de\/wp-content\/uploads\/2025\/04\/cf_topslider1.jpg\" class=\"attachment-full size-full lazyload\" alt=\"\" srcset=\"data:image\/svg+xml,%3Csvg%20xmlns%3D%27http%3A%2F%2Fwww.w3.org%2F2000%2Fsvg%27%20width%3D%27800%27%20height%3D%27600%27%20viewBox%3D%270%200%20800%20600%27%3E%3Crect%20width%3D%27800%27%20height%3D%27600%27%20fill-opacity%3D%220%22%2F%3E%3C%2Fsvg%3E\" data-orig-src=\"https:\/\/culturefoodblog.de\/wp-content\/uploads\/2025\/04\/cf_topslider1.jpg\" data-srcset=\"https:\/\/culturefoodblog.de\/wp-content\/uploads\/2025\/04\/cf_topslider1-200x150.jpg 200w, https:\/\/culturefoodblog.de\/wp-content\/uploads\/2025\/04\/cf_topslider1-400x300.jpg 400w, https:\/\/culturefoodblog.de\/wp-content\/uploads\/2025\/04\/cf_topslider1-600x450.jpg 600w, https:\/\/culturefoodblog.de\/wp-content\/uploads\/2025\/04\/cf_topslider1.jpg 800w\" data-sizes=\"auto\" \/><\/a><\/div><div class=\"awb-imageframe-caption-container\" style=\"text-align:center;\"><div class=\"awb-imageframe-caption\"><div class=\"awb-imageframe-caption-title\">FEINE REZEPTE<\/div><p class=\"awb-imageframe-caption-text\">Klassiker und Innovationen zum Nachkochen<\/p><\/div><\/div><\/div><\/div><div class=\"swiper-slide\"><div class=\"fusion-carousel-item-wrapper\"><div class=\"fusion-image-wrapper hover-type-zoomin\"><a data-rel=\"iLightbox[image_carousel_1]\" data-title=\"cf_topslider2\" aria-label=\"cf_topslider2\" href=\"https:\/\/culturefoodblog.de\/en\/wein\/\" target=\"_self\"><img decoding=\"async\" width=\"800\" height=\"600\" src=\"https:\/\/culturefoodblog.de\/wp-content\/uploads\/2025\/04\/cf_topslider2.jpg\" class=\"attachment-full size-full lazyload\" alt=\"\" srcset=\"data:image\/svg+xml,%3Csvg%20xmlns%3D%27http%3A%2F%2Fwww.w3.org%2F2000%2Fsvg%27%20width%3D%27800%27%20height%3D%27600%27%20viewBox%3D%270%200%20800%20600%27%3E%3Crect%20width%3D%27800%27%20height%3D%27600%27%20fill-opacity%3D%220%22%2F%3E%3C%2Fsvg%3E\" data-orig-src=\"https:\/\/culturefoodblog.de\/wp-content\/uploads\/2025\/04\/cf_topslider2.jpg\" data-srcset=\"https:\/\/culturefoodblog.de\/wp-content\/uploads\/2025\/04\/cf_topslider2-200x150.jpg 200w, https:\/\/culturefoodblog.de\/wp-content\/uploads\/2025\/04\/cf_topslider2-400x300.jpg 400w, https:\/\/culturefoodblog.de\/wp-content\/uploads\/2025\/04\/cf_topslider2-600x450.jpg 600w, https:\/\/culturefoodblog.de\/wp-content\/uploads\/2025\/04\/cf_topslider2.jpg 800w\" data-sizes=\"auto\" \/><\/a><\/div><div class=\"awb-imageframe-caption-container\" style=\"text-align:center;\"><div class=\"awb-imageframe-caption\"><div class=\"awb-imageframe-caption-title\">Orientierung bei der Weinauswahl<\/div><p class=\"awb-imageframe-caption-text\">Welcher Wein passt zu welchem Essen? <\/p><\/div><\/div><\/div><\/div><div class=\"swiper-slide\"><div class=\"fusion-carousel-item-wrapper\"><div class=\"fusion-image-wrapper hover-type-zoomin\"><a data-rel=\"iLightbox[image_carousel_1]\" data-title=\"cf_topslider3\" aria-label=\"cf_topslider3\" href=\"https:\/\/culturefoodblog.de\/en\/kultur\/\" target=\"_self\"><img decoding=\"async\" width=\"800\" height=\"600\" src=\"https:\/\/culturefoodblog.de\/wp-content\/uploads\/2025\/04\/cf_topslider3.jpg\" class=\"attachment-full size-full lazyload\" alt=\"\" srcset=\"data:image\/svg+xml,%3Csvg%20xmlns%3D%27http%3A%2F%2Fwww.w3.org%2F2000%2Fsvg%27%20width%3D%27800%27%20height%3D%27600%27%20viewBox%3D%270%200%20800%20600%27%3E%3Crect%20width%3D%27800%27%20height%3D%27600%27%20fill-opacity%3D%220%22%2F%3E%3C%2Fsvg%3E\" data-orig-src=\"https:\/\/culturefoodblog.de\/wp-content\/uploads\/2025\/04\/cf_topslider3.jpg\" data-srcset=\"https:\/\/culturefoodblog.de\/wp-content\/uploads\/2025\/04\/cf_topslider3-200x150.jpg 200w, https:\/\/culturefoodblog.de\/wp-content\/uploads\/2025\/04\/cf_topslider3-400x300.jpg 400w, https:\/\/culturefoodblog.de\/wp-content\/uploads\/2025\/04\/cf_topslider3-600x450.jpg 600w, https:\/\/culturefoodblog.de\/wp-content\/uploads\/2025\/04\/cf_topslider3.jpg 800w\" data-sizes=\"auto\" \/><\/a><\/div><div class=\"awb-imageframe-caption-container\" style=\"text-align:center;\"><div class=\"awb-imageframe-caption\"><div class=\"awb-imageframe-caption-title\">KULTUR. CULTURE. \u043a\u0443\u043b\u044c\u0442\u0443\u0301\u0440\u0430. \u6587\u5316.<\/div><p class=\"awb-imageframe-caption-text\">Andere L\u00e4nder - andere Sitten<\/p><\/div><\/div><\/div><\/div><div class=\"swiper-slide\"><div class=\"fusion-carousel-item-wrapper\"><div class=\"fusion-image-wrapper hover-type-zoomin\"><a data-rel=\"iLightbox[image_carousel_1]\" data-title=\"cf_topslider4\" aria-label=\"cf_topslider4\" href=\"https:\/\/travel.clatu.com\/gourmet-travels\/\" target=\"_blank\" rel=\"noopener noreferrer\"><img decoding=\"async\" width=\"800\" height=\"600\" src=\"https:\/\/culturefoodblog.de\/wp-content\/uploads\/2025\/04\/cf_topslider4.jpg\" class=\"attachment-full size-full lazyload\" alt=\"\" srcset=\"data:image\/svg+xml,%3Csvg%20xmlns%3D%27http%3A%2F%2Fwww.w3.org%2F2000%2Fsvg%27%20width%3D%27800%27%20height%3D%27600%27%20viewBox%3D%270%200%20800%20600%27%3E%3Crect%20width%3D%27800%27%20height%3D%27600%27%20fill-opacity%3D%220%22%2F%3E%3C%2Fsvg%3E\" data-orig-src=\"https:\/\/culturefoodblog.de\/wp-content\/uploads\/2025\/04\/cf_topslider4.jpg\" data-srcset=\"https:\/\/culturefoodblog.de\/wp-content\/uploads\/2025\/04\/cf_topslider4-200x150.jpg 200w, https:\/\/culturefoodblog.de\/wp-content\/uploads\/2025\/04\/cf_topslider4-400x300.jpg 400w, https:\/\/culturefoodblog.de\/wp-content\/uploads\/2025\/04\/cf_topslider4-600x450.jpg 600w, https:\/\/culturefoodblog.de\/wp-content\/uploads\/2025\/04\/cf_topslider4.jpg 800w\" data-sizes=\"auto\" \/><\/a><\/div><div class=\"awb-imageframe-caption-container\" style=\"text-align:center;\"><div class=\"awb-imageframe-caption\"><div class=\"awb-imageframe-caption-title\">Gourmet Travels<\/div><p class=\"awb-imageframe-caption-text\">Destinationen und Reisen f\u00fcr Geniesser <\/p><\/div><\/div><\/div><\/div><div class=\"swiper-slide\"><div class=\"fusion-carousel-item-wrapper\"><div class=\"fusion-image-wrapper hover-type-zoomin\"><a data-rel=\"iLightbox[image_carousel_1]\" data-title=\"cf_topslider6\" aria-label=\"cf_topslider6\" href=\"https:\/\/culturefoodblog.de\/en\/about_culturefood\/\" target=\"_self\"><img decoding=\"async\" width=\"800\" height=\"600\" src=\"https:\/\/culturefoodblog.de\/wp-content\/uploads\/2025\/04\/cf_topslider6.jpg\" class=\"attachment-full size-full lazyload\" alt=\"\" srcset=\"data:image\/svg+xml,%3Csvg%20xmlns%3D%27http%3A%2F%2Fwww.w3.org%2F2000%2Fsvg%27%20width%3D%27800%27%20height%3D%27600%27%20viewBox%3D%270%200%20800%20600%27%3E%3Crect%20width%3D%27800%27%20height%3D%27600%27%20fill-opacity%3D%220%22%2F%3E%3C%2Fsvg%3E\" data-orig-src=\"https:\/\/culturefoodblog.de\/wp-content\/uploads\/2025\/04\/cf_topslider6.jpg\" data-srcset=\"https:\/\/culturefoodblog.de\/wp-content\/uploads\/2025\/04\/cf_topslider6-200x150.jpg 200w, https:\/\/culturefoodblog.de\/wp-content\/uploads\/2025\/04\/cf_topslider6-400x300.jpg 400w, https:\/\/culturefoodblog.de\/wp-content\/uploads\/2025\/04\/cf_topslider6-600x450.jpg 600w, https:\/\/culturefoodblog.de\/wp-content\/uploads\/2025\/04\/cf_topslider6.jpg 800w\" data-sizes=\"auto\" \/><\/a><\/div><div class=\"awb-imageframe-caption-container\" style=\"text-align:center;\"><div class=\"awb-imageframe-caption\"><div class=\"awb-imageframe-caption-title\">\u00dcber Culture Food<\/div><p class=\"awb-imageframe-caption-text\">Wer bloggt hier? Wor\u00fcber? Und f\u00fcr wen?<\/p><\/div><\/div><\/div><\/div><div class=\"swiper-slide\"><div class=\"fusion-carousel-item-wrapper\"><div class=\"fusion-image-wrapper hover-type-zoomin\"><a data-rel=\"iLightbox[image_carousel_1]\" data-title=\"cf_topslider7\" aria-label=\"cf_topslider7\" href=\"https:\/\/culturefoodblog.de\/en\/food-photography\/\" target=\"_self\"><img decoding=\"async\" width=\"800\" height=\"600\" src=\"https:\/\/culturefoodblog.de\/wp-content\/uploads\/2025\/04\/cf_topslider7.jpg\" class=\"attachment-full size-full lazyload\" alt=\"\" srcset=\"data:image\/svg+xml,%3Csvg%20xmlns%3D%27http%3A%2F%2Fwww.w3.org%2F2000%2Fsvg%27%20width%3D%27800%27%20height%3D%27600%27%20viewBox%3D%270%200%20800%20600%27%3E%3Crect%20width%3D%27800%27%20height%3D%27600%27%20fill-opacity%3D%220%22%2F%3E%3C%2Fsvg%3E\" data-orig-src=\"https:\/\/culturefoodblog.de\/wp-content\/uploads\/2025\/04\/cf_topslider7.jpg\" data-srcset=\"https:\/\/culturefoodblog.de\/wp-content\/uploads\/2025\/04\/cf_topslider7-200x150.jpg 200w, https:\/\/culturefoodblog.de\/wp-content\/uploads\/2025\/04\/cf_topslider7-400x300.jpg 400w, https:\/\/culturefoodblog.de\/wp-content\/uploads\/2025\/04\/cf_topslider7-600x450.jpg 600w, https:\/\/culturefoodblog.de\/wp-content\/uploads\/2025\/04\/cf_topslider7.jpg 800w\" data-sizes=\"auto\" \/><\/a><\/div><div class=\"awb-imageframe-caption-container\" style=\"text-align:center;\"><div class=\"awb-imageframe-caption\"><div class=\"awb-imageframe-caption-title\">Food Fotografie<\/div><p class=\"awb-imageframe-caption-text\">Eine Auswahl unserer sch\u00f6nsten Food-Fotos<\/p><\/div><\/div><\/div><\/div><div class=\"swiper-slide\"><div class=\"fusion-carousel-item-wrapper\"><div class=\"fusion-image-wrapper hover-type-zoomin\"><a data-rel=\"iLightbox[image_carousel_1]\" data-title=\"cf_topslider8\" aria-label=\"cf_topslider8\" href=\"https:\/\/www.foodandwineculture.com\" target=\"_blank\" rel=\"noopener noreferrer\"><img decoding=\"async\" width=\"800\" height=\"600\" src=\"https:\/\/culturefoodblog.de\/wp-content\/uploads\/2025\/04\/cf_topslider8.jpg\" class=\"attachment-full size-full lazyload\" alt=\"\" srcset=\"data:image\/svg+xml,%3Csvg%20xmlns%3D%27http%3A%2F%2Fwww.w3.org%2F2000%2Fsvg%27%20width%3D%27800%27%20height%3D%27600%27%20viewBox%3D%270%200%20800%20600%27%3E%3Crect%20width%3D%27800%27%20height%3D%27600%27%20fill-opacity%3D%220%22%2F%3E%3C%2Fsvg%3E\" data-orig-src=\"https:\/\/culturefoodblog.de\/wp-content\/uploads\/2025\/04\/cf_topslider8.jpg\" data-srcset=\"https:\/\/culturefoodblog.de\/wp-content\/uploads\/2025\/04\/cf_topslider8-200x150.jpg 200w, https:\/\/culturefoodblog.de\/wp-content\/uploads\/2025\/04\/cf_topslider8-400x300.jpg 400w, https:\/\/culturefoodblog.de\/wp-content\/uploads\/2025\/04\/cf_topslider8-600x450.jpg 600w, https:\/\/culturefoodblog.de\/wp-content\/uploads\/2025\/04\/cf_topslider8.jpg 800w\" data-sizes=\"auto\" \/><\/a><\/div><div class=\"awb-imageframe-caption-container\" style=\"text-align:center;\"><div class=\"awb-imageframe-caption\"><div class=\"awb-imageframe-caption-title\">Food and Wine Culture<\/div><p class=\"awb-imageframe-caption-text\">Food Consulting \/ Beratung f\u00fcr die Lebensmittelindustrie<\/p><\/div><\/div><\/div><\/div><\/div><div class=\"awb-swiper-button awb-swiper-button-prev\"><i class=\"awb-icon-angle-left\" aria-hidden=\"true\"><\/i><\/div><div class=\"awb-swiper-button awb-swiper-button-next\"><i class=\"awb-icon-angle-right\" aria-hidden=\"true\"><\/i><\/div><\/div><\/div><div class=\"fusion-separator fusion-full-width-sep\" style=\"align-self: center;margin-left: auto;margin-right: auto;margin-top:30px;width:100%;\"><\/div><\/div><\/div><\/div><\/div>\n<div class=\"fusion-fullwidth fullwidth-box fusion-builder-row-2 fusion-flex-container has-pattern-background has-mask-background nonhundred-percent-fullwidth non-hundred-percent-height-scrolling fusion-no-small-visibility\" style=\"--awb-background-position:left top;--awb-background-repeat:repeat;--awb-border-sizes-top:0px;--awb-border-sizes-bottom:0px;--awb-border-sizes-left:0px;--awb-border-sizes-right:0px;--awb-border-radius-top-left:0px;--awb-border-radius-top-right:0px;--awb-border-radius-bottom-right:0px;--awb-border-radius-bottom-left:0px;--awb-flex-wrap:wrap;\" ><div class=\"fusion-builder-row fusion-row fusion-flex-align-items-flex-start fusion-flex-content-wrap\" style=\"max-width:calc( 1200px + 0px );margin-left: calc(-0px \/ 2 );margin-right: calc(-0px \/ 2 );\"><div class=\"fusion-layout-column fusion_builder_column fusion-builder-column-1 fusion_builder_column_1_1 1_1 fusion-flex-column\" style=\"--awb-padding-top:1px;--awb-padding-right:40px;--awb-padding-left:40px;--awb-bg-color:var(--awb-color1);--awb-bg-color-hover:var(--awb-color1);--awb-bg-size:cover;--awb-box-shadow:6px 0px 30px 0px hsla(var(--awb-color8-h),var(--awb-color8-s),calc( var(--awb-color8-l) - 9% ),calc( var(--awb-color8-a) - 95% ));;--awb-border-color:var(--awb-color5);--awb-border-top:0px;--awb-border-style:solid;--awb-width-large:100%;--awb-margin-top-large:-75px;--awb-spacing-right-large:0px;--awb-margin-bottom-large:10px;--awb-spacing-left-large:0px;--awb-width-medium:100%;--awb-spacing-right-medium:0px;--awb-spacing-left-medium:0px;--awb-width-small:100%;--awb-spacing-right-small:0px;--awb-spacing-left-small:0px;\"><div class=\"fusion-column-wrapper fusion-column-has-shadow fusion-flex-justify-content-flex-start fusion-content-layout-column\"><div class=\"fusion-text fusion-text-2\" style=\"--awb-text-transform:uppercase;\"><h1 style=\"text-align: center;\">In diesem Monat<\/h1>\n<\/div><div class=\"fusion-post-cards fusion-post-cards-1 fusion-grid-archive fusion-grid-columns-3\" style=\"--awb-dots-align:center;--awb-columns:3;--awb-filters-color:var(--awb-color7);--awb-active-filter-border-size:3px;--awb-filters-height:36px;--awb-row-spacing:20px;--awb-margin-top:8px;\"><ul class=\"fusion-grid fusion-grid-3 fusion-flex-align-items-stretch fusion-grid-posts-cards\"><li class=\"fusion-layout-column fusion_builder_column fusion-builder-column-2 fusion-flex-column post-card fusion-grid-column fusion-post-cards-grid-column\" style=\"--awb-bg-blend:overlay;--awb-bg-size:cover;\"><div class=\"fusion-column-wrapper fusion-flex-justify-content-flex-start fusion-content-layout-column\"><div class=\"fusion-classic-product-image-wrapper fusion-woo-product-image fusion-post-card-image fusion-post-card-image-1\" data-layout=\"static\"><div  class=\"fusion-image-wrapper\" aria-haspopup=\"true\">\n\t\t\t\t\t\t\t<a href=\"https:\/\/culturefoodblog.de\/en\/amalfi-zitronen-carpaccio\/\" aria-label=\"Zitronen-Carpaccio\">\n\t\t\t\t\t\t\t<img decoding=\"async\" width=\"1500\" height=\"1023\" src=\"https:\/\/culturefoodblog.de\/wp-content\/uploads\/2022\/08\/amalfi.jpg\" class=\"attachment-full size-full lazyload wp-post-image\" alt=\"\" srcset=\"data:image\/svg+xml,%3Csvg%20xmlns%3D%27http%3A%2F%2Fwww.w3.org%2F2000%2Fsvg%27%20width%3D%271500%27%20height%3D%271023%27%20viewBox%3D%270%200%201500%201023%27%3E%3Crect%20width%3D%271500%27%20height%3D%271023%27%20fill-opacity%3D%220%22%2F%3E%3C%2Fsvg%3E\" data-orig-src=\"https:\/\/culturefoodblog.de\/wp-content\/uploads\/2022\/08\/amalfi.jpg\" data-srcset=\"https:\/\/culturefoodblog.de\/wp-content\/uploads\/2022\/08\/amalfi-600x409.jpg 600w, https:\/\/culturefoodblog.de\/wp-content\/uploads\/2022\/08\/amalfi.jpg 1500w\" data-sizes=\"auto\" \/>\t\t\t<\/a>\n\t\t\t\t\t\t\t<\/div>\n<\/div><\/div><\/li>\n<li class=\"fusion-layout-column fusion_builder_column fusion-builder-column-3 fusion-flex-column post-card fusion-grid-column fusion-post-cards-grid-column\" style=\"--awb-bg-blend:overlay;--awb-bg-size:cover;\"><div class=\"fusion-column-wrapper fusion-flex-justify-content-flex-start fusion-content-layout-column\"><div class=\"fusion-classic-product-image-wrapper fusion-woo-product-image fusion-post-card-image fusion-post-card-image-1\" data-layout=\"static\"><div  class=\"fusion-image-wrapper\" aria-haspopup=\"true\">\n\t\t\t\t\t\t\t<a href=\"https:\/\/culturefoodblog.de\/en\/helden-des-monats-april\/\" aria-label=\"Helden des Monats April\">\n\t\t\t\t\t\t\t<img decoding=\"async\" width=\"1200\" height=\"901\" src=\"https:\/\/culturefoodblog.de\/wp-content\/uploads\/2025\/04\/spargel-teaser-cf.jpg\" class=\"attachment-full size-full lazyload wp-post-image\" alt=\"\" srcset=\"data:image\/svg+xml,%3Csvg%20xmlns%3D%27http%3A%2F%2Fwww.w3.org%2F2000%2Fsvg%27%20width%3D%271200%27%20height%3D%27901%27%20viewBox%3D%270%200%201200%20901%27%3E%3Crect%20width%3D%271200%27%20height%3D%27901%27%20fill-opacity%3D%220%22%2F%3E%3C%2Fsvg%3E\" data-orig-src=\"https:\/\/culturefoodblog.de\/wp-content\/uploads\/2025\/04\/spargel-teaser-cf.jpg\" data-srcset=\"https:\/\/culturefoodblog.de\/wp-content\/uploads\/2025\/04\/spargel-teaser-cf-600x451.jpg 600w, https:\/\/culturefoodblog.de\/wp-content\/uploads\/2025\/04\/spargel-teaser-cf-800x600.jpg 800w, https:\/\/culturefoodblog.de\/wp-content\/uploads\/2025\/04\/spargel-teaser-cf.jpg 1200w\" data-sizes=\"auto\" \/>\t\t\t<\/a>\n\t\t\t\t\t\t\t<\/div>\n<\/div><\/div><\/li>\n<li class=\"fusion-layout-column fusion_builder_column fusion-builder-column-4 fusion-flex-column post-card fusion-grid-column fusion-post-cards-grid-column\" style=\"--awb-bg-blend:overlay;--awb-bg-size:cover;\"><div class=\"fusion-column-wrapper fusion-flex-justify-content-flex-start fusion-content-layout-column\"><div class=\"fusion-classic-product-image-wrapper fusion-woo-product-image fusion-post-card-image fusion-post-card-image-1\" data-layout=\"static\"><div  class=\"fusion-image-wrapper\" aria-haspopup=\"true\">\n\t\t\t\t\t\t\t<a href=\"https:\/\/culturefoodblog.de\/en\/brownies\/\" aria-label=\"Brownies\">\n\t\t\t\t\t\t\t<img decoding=\"async\" width=\"1200\" height=\"900\" src=\"https:\/\/culturefoodblog.de\/wp-content\/uploads\/2026\/03\/brownies-starter.jpg\" class=\"attachment-full size-full lazyload wp-post-image\" alt=\"\" srcset=\"data:image\/svg+xml,%3Csvg%20xmlns%3D%27http%3A%2F%2Fwww.w3.org%2F2000%2Fsvg%27%20width%3D%271200%27%20height%3D%27900%27%20viewBox%3D%270%200%201200%20900%27%3E%3Crect%20width%3D%271200%27%20height%3D%27900%27%20fill-opacity%3D%220%22%2F%3E%3C%2Fsvg%3E\" data-orig-src=\"https:\/\/culturefoodblog.de\/wp-content\/uploads\/2026\/03\/brownies-starter.jpg\" data-srcset=\"https:\/\/culturefoodblog.de\/wp-content\/uploads\/2026\/03\/brownies-starter-200x150.jpg 200w, https:\/\/culturefoodblog.de\/wp-content\/uploads\/2026\/03\/brownies-starter-400x300.jpg 400w, https:\/\/culturefoodblog.de\/wp-content\/uploads\/2026\/03\/brownies-starter-600x450.jpg 600w, https:\/\/culturefoodblog.de\/wp-content\/uploads\/2026\/03\/brownies-starter-800x600.jpg 800w, https:\/\/culturefoodblog.de\/wp-content\/uploads\/2026\/03\/brownies-starter.jpg 1200w\" data-sizes=\"auto\" \/>\t\t\t<\/a>\n\t\t\t\t\t\t\t<\/div>\n<\/div><\/div><\/li>\n<\/ul><\/div><div class=\"fusion-blog-shortcode fusion-blog-shortcode-1 fusion-blog-archive fusion-blog-layout-grid-wrapper fusion-blog-no fusion-blog-no-images fusion-blog-layout-center\"><style type=\"text\/css\">.fusion-blog-shortcode-1 .fusion-blog-layout-grid .fusion-post-grid{padding:20px;}.fusion-blog-shortcode-1 .fusion-posts-container{margin-left: -20px !important; margin-right:-20px !important;}<\/style><div class=\"fusion-posts-container fusion-posts-container-no fusion-no-meta-info fusion-blog-layout-grid fusion-blog-layout-grid-3 isotope fusion-blog-equal-heights\" data-pages=\"101\" data-grid-col-space=\"40\" style=\"margin: -20px -20px 0;min-height:500px;\"><article id=\"blog-1-post-7125\" class=\"fusion-post-grid post-7125 post type-post status-publish format-standard has-post-thumbnail hentry category-antipasti-vorspeisen category-gemuse category-inspiration category-salate category-schneller-teller-platdujour category-rezepte-07-juli category-rezepte-08-august category-rezepte-09-september tag-amalfi-zitronen tag-eingelegte-zitronen tag-zitronen-carpaccio\">\n<div class=\"fusion-post-wrapper\" style=\"background-color:var(--awb-color1);border:none;\"><div class=\"fusion-post-content-wrapper\" style=\"padding:15px 25px 15px 25px;\"><div class=\"fusion-post-content post-content\"><h6 class=\"blog-shortcode-post-title entry-title\"><a href=\"https:\/\/culturefoodblog.de\/en\/amalfi-zitronen-carpaccio\/\">Zitronen-Carpaccio<\/a><\/h6><\/div><\/div><div class=\"fusion-clearfix\"><\/div><\/div>\n<\/article>\n<article id=\"blog-1-post-1798\" class=\"fusion-post-grid post-1798 post type-post status-publish format-standard has-post-thumbnail hentry category-saisonkalender category-rezepte-04-april\">\n<div class=\"fusion-post-wrapper\" style=\"background-color:var(--awb-color1);border:none;\"><div class=\"fusion-post-content-wrapper\" style=\"padding:15px 25px 15px 25px;\"><div class=\"fusion-post-content post-content\"><h6 class=\"blog-shortcode-post-title entry-title\"><a href=\"https:\/\/culturefoodblog.de\/en\/helden-des-monats-april\/\">Helden des Monats April<\/a><\/h6><\/div><\/div><div class=\"fusion-clearfix\"><\/div><\/div>\n<\/article>\n<article id=\"blog-1-post-9401\" class=\"fusion-post-grid post-9401 post type-post status-publish format-standard has-post-thumbnail hentry category-kuchen tag-bestes-brownie-rezept tag-brownie tag-brownies tag-schoko tag-schokoladenkuchen\">\n<div class=\"fusion-post-wrapper\" style=\"background-color:var(--awb-color1);border:none;\"><div class=\"fusion-post-content-wrapper\" style=\"padding:15px 25px 15px 25px;\"><div class=\"fusion-post-content post-content\"><h6 class=\"blog-shortcode-post-title entry-title\"><a href=\"https:\/\/culturefoodblog.de\/en\/brownies\/\">Brownies<\/a><\/h6><\/div><\/div><div class=\"fusion-clearfix\"><\/div><\/div>\n<\/article>\n<div class=\"fusion-clearfix\"><\/div><\/div><\/div><\/div><\/div><\/div><\/div><div class=\"fusion-fullwidth fullwidth-box fusion-builder-row-3 fusion-flex-container has-pattern-background has-mask-background nonhundred-percent-fullwidth non-hundred-percent-height-scrolling\" style=\"--awb-border-sizes-top:0px;--awb-border-sizes-bottom:0px;--awb-border-sizes-left:0px;--awb-border-sizes-right:0px;--awb-border-style:dotted;--awb-border-radius-top-left:0px;--awb-border-radius-top-right:0px;--awb-border-radius-bottom-right:0px;--awb-border-radius-bottom-left:0px;--awb-padding-top:0px;--awb-padding-bottom:0px;--awb-background-color:rgba(255,255,255,0);--awb-flex-wrap:wrap;\" ><div class=\"fusion-builder-row fusion-row fusion-flex-align-items-flex-start fusion-flex-justify-content-center fusion-flex-content-wrap\" style=\"max-width:1248px;margin-left: calc(-4% \/ 2 );margin-right: calc(-4% \/ 2 );\"><div class=\"fusion-layout-column fusion_builder_column fusion-builder-column-5 fusion_builder_column_1_1 1_1 fusion-flex-column\" style=\"--awb-padding-bottom:25px;--awb-bg-blend:overlay;--awb-bg-size:cover;--awb-width-large:100%;--awb-margin-top-large:0px;--awb-spacing-right-large:1.92%;--awb-margin-bottom-large:0px;--awb-spacing-left-large:1.92%;--awb-width-medium:100%;--awb-order-medium:0;--awb-spacing-right-medium:1.92%;--awb-spacing-left-medium:1.92%;--awb-width-small:100%;--awb-order-small:0;--awb-spacing-right-small:1.92%;--awb-spacing-left-small:1.92%;\" data-scroll-devices=\"small-visibility,medium-visibility,large-visibility\"><div class=\"fusion-column-wrapper fusion-column-has-shadow fusion-flex-justify-content-flex-start fusion-content-layout-column\"><div class=\"fusion-text fusion-text-3\" style=\"--awb-text-transform:uppercase;\"><h1 style=\"text-align: center;\">REZEPTE F\u00dcR GENIESSER<br \/>\nZUM ST\u00d6BERN UND NACHKOCHEN<\/h1>\n<\/div><div class=\"fusion-text fusion-text-4\" style=\"--awb-content-alignment:center;--awb-font-size:var(--awb-typography4-font-size);--awb-line-height:var(--awb-typography4-line-height);--awb-letter-spacing:var(--awb-typography4-letter-spacing);--awb-text-transform:var(--awb-typography4-text-transform);--awb-margin-right:5%;--awb-margin-left:5%;--awb-text-font-family:var(--awb-typography4-font-family);--awb-text-font-weight:var(--awb-typography4-font-weight);--awb-text-font-style:var(--awb-typography4-font-style);\"><p style=\"text-align: left;\" data-start=\"171\" data-end=\"412\"><strong data-start=\"171\" data-end=\"196\">Der Culture Food Blog <\/strong>ist ein kulinarisches Tagebuch f\u00fcr Genie\u00dfer \u2013 mit saisonalen Rezepten, pers\u00f6nlichen Geschichten und einer klaren Haltung zu Qualit\u00e4t. Seit 2006 online, z\u00e4hlt er zu den \u00e4ltesten deutschsprachigen Foodblogs \u00fcberhaupt.<\/p>\n<p style=\"text-align: left;\">Im Mittelpunkt stehen Genuss, Ess- und Lebenskultur, nat\u00fcrliche K\u00fcche, ehrliches Handwerk und verantwortungsvoll produzierte Lebensmittel. Aktuell umfasst der Blog \u00fcber <strong><span class=\"sbs-count-posts\">302<\/span> Rezepte<\/strong> \u2013 erg\u00e4nzt durch fundierte Hintergrundinformationen, anschauliche Schritt-f\u00fcr-Schritt-Anleitungen und ausdrucksstarke Food-Fotografie f\u00fcr Augen und Gaumen.<\/p>\n<p style=\"text-align: left;\">Gerade heute trifft dieser Ansatz den Zeitgeist: Klassische Rezepte feiern ihr Comeback \u2013 entstaubt, authentisch, alltagstauglich. Die Fine-Dining-\u00c4ra der 18-G\u00e4nge-Men\u00fcs und seitenlangen Erkl\u00e4rungen zu <em>\u201evier verschiedenen Variationen einer regionalen Karotte&#8220;<\/em> geht zu Ende. Stattdessen w\u00e4chst die Lust auf Spontanit\u00e4t, auf Kochen mit Gef\u00fchl \u2013 und auf das Wiederentdecken bodenst\u00e4ndiger Lieblingsgerichte in neuer Interpretation. Manchmal driftet das Ganze auch ein wenig ab und wird ambitioniert \u2013 dann ist das Qu\u00e4ntchen mehr eben das Qu\u00e4ntchen mehr.<\/p>\n<p style=\"text-align: left;\" data-start=\"1109\" data-end=\"1183\"><strong data-start=\"1109\" data-end=\"1183\">In diesem Sinne: Viel Freude beim Schm\u00f6kern, Entdecken und Nachkochen!<\/strong><\/p>\n<h6 style=\"text-align: left;\"><a href=\"https:\/\/culturefoodblog.de\/en\/about_culturefood\/\">\u2192 \u00fcber diesen Blog<\/a><\/h6>\n<\/div><\/div><\/div><div class=\"fusion-layout-column fusion_builder_column fusion-builder-column-6 fusion_builder_column_1_1 1_1 fusion-flex-column\" style=\"--awb-bg-blend:overlay;--awb-bg-size:cover;--awb-box-shadow:6px 0px 30px 0px hsla(var(--awb-color8-h),var(--awb-color8-s),calc( var(--awb-color8-l) - 9% ),calc( var(--awb-color8-a) - 95% ));;--awb-border-color:var(--awb-color5);--awb-border-top:0px;--awb-border-style:solid;--awb-width-large:100%;--awb-margin-top-large:0px;--awb-spacing-right-large:1.92%;--awb-margin-bottom-large:0px;--awb-spacing-left-large:1.92%;--awb-width-medium:100%;--awb-order-medium:0;--awb-spacing-right-medium:1.92%;--awb-spacing-left-medium:1.92%;--awb-width-small:100%;--awb-order-small:0;--awb-spacing-right-small:1.92%;--awb-spacing-left-small:1.92%;\" data-scroll-devices=\"small-visibility,medium-visibility,large-visibility\"><div class=\"fusion-column-wrapper fusion-column-has-shadow fusion-flex-justify-content-flex-start fusion-content-layout-column\"><div class=\"fusion-recent-posts fusion-recent-posts-1 avada-container layout-default layout-columns-4\" style=\"--awb-margin-bottom:0px;\"><section class=\"fusion-columns columns fusion-columns-4 columns-4\"><article class=\"post fusion-column column col col-lg-3 col-md-3 col-sm-3\"><div class=\"fusion-flexslider fusion-flexslider-loading flexslider flexslider-hover-type-none\"><ul class=\"slides\"><li><a href=\"https:\/\/culturefoodblog.de\/en\/amalfi-zitronen-carpaccio\/\" aria-label=\"Zitronen-Carpaccio\" class=\"hover-type-none\"><img decoding=\"async\" width=\"647\" height=\"441\" src=\"https:\/\/culturefoodblog.de\/wp-content\/uploads\/2022\/08\/amalfi.jpg\" class=\"attachment-recent-posts size-recent-posts lazyload\" alt=\"\" srcset=\"data:image\/svg+xml,%3Csvg%20xmlns%3D%27http%3A%2F%2Fwww.w3.org%2F2000%2Fsvg%27%20width%3D%271500%27%20height%3D%271023%27%20viewBox%3D%270%200%201500%201023%27%3E%3Crect%20width%3D%271500%27%20height%3D%271023%27%20fill-opacity%3D%220%22%2F%3E%3C%2Fsvg%3E\" data-orig-src=\"https:\/\/culturefoodblog.de\/wp-content\/uploads\/2022\/08\/amalfi.jpg\" data-srcset=\"https:\/\/culturefoodblog.de\/wp-content\/uploads\/2022\/08\/amalfi-300x205.jpg 300w, https:\/\/culturefoodblog.de\/wp-content\/uploads\/2022\/08\/amalfi-600x409.jpg 600w, https:\/\/culturefoodblog.de\/wp-content\/uploads\/2022\/08\/amalfi-768x524.jpg 768w, https:\/\/culturefoodblog.de\/wp-content\/uploads\/2022\/08\/amalfi-1024x698.jpg 1024w, https:\/\/culturefoodblog.de\/wp-content\/uploads\/2022\/08\/amalfi.jpg 1500w\" data-sizes=\"auto\" \/><\/a><\/li><\/ul><\/div><div class=\"recent-posts-content\"><span class=\"vcard\" style=\"display: none;\"><span class=\"fn\"><a href=\"https:\/\/culturefoodblog.de\/en\/author\/culturefood\/\" title=\"Posts by Culture Foodblog\" rel=\"author\">Culture Foodblog<\/a><\/span><\/span><span class=\"updated\" style=\"display:none;\">2026-04-02T09:33:17+02:00<\/span><h4 class=\"entry-title\"><a href=\"https:\/\/culturefoodblog.de\/en\/amalfi-zitronen-carpaccio\/\">Zitronen-Carpaccio<\/a><\/h4><p class=\"meta\"><span class=\"vcard\" style=\"display: none;\"><span class=\"fn\"><a href=\"https:\/\/culturefoodblog.de\/en\/author\/culturefood\/\" title=\"Posts by Culture Foodblog\" rel=\"author\">Culture Foodblog<\/a><\/span><\/span><span class=\"updated\" style=\"display:none;\">2026-04-02T09:33:17+02:00<\/span><\/p><\/div><\/article><article class=\"post fusion-column column col col-lg-3 col-md-3 col-sm-3\"><div class=\"fusion-flexslider fusion-flexslider-loading flexslider flexslider-hover-type-none\"><ul class=\"slides\"><li><a href=\"https:\/\/culturefoodblog.de\/en\/helden-des-monats-april\/\" aria-label=\"Helden des Monats April\" class=\"hover-type-none\"><img decoding=\"async\" width=\"587\" height=\"441\" src=\"https:\/\/culturefoodblog.de\/wp-content\/uploads\/2025\/04\/spargel-teaser-cf.jpg\" class=\"attachment-recent-posts size-recent-posts lazyload\" alt=\"\" srcset=\"data:image\/svg+xml,%3Csvg%20xmlns%3D%27http%3A%2F%2Fwww.w3.org%2F2000%2Fsvg%27%20width%3D%271200%27%20height%3D%27901%27%20viewBox%3D%270%200%201200%20901%27%3E%3Crect%20width%3D%271200%27%20height%3D%27901%27%20fill-opacity%3D%220%22%2F%3E%3C%2Fsvg%3E\" data-orig-src=\"https:\/\/culturefoodblog.de\/wp-content\/uploads\/2025\/04\/spargel-teaser-cf.jpg\" data-srcset=\"https:\/\/culturefoodblog.de\/wp-content\/uploads\/2025\/04\/spargel-teaser-cf-300x225.jpg 300w, https:\/\/culturefoodblog.de\/wp-content\/uploads\/2025\/04\/spargel-teaser-cf-600x451.jpg 600w, https:\/\/culturefoodblog.de\/wp-content\/uploads\/2025\/04\/spargel-teaser-cf-768x577.jpg 768w, https:\/\/culturefoodblog.de\/wp-content\/uploads\/2025\/04\/spargel-teaser-cf-800x600.jpg 800w, https:\/\/culturefoodblog.de\/wp-content\/uploads\/2025\/04\/spargel-teaser-cf-1024x769.jpg 1024w, https:\/\/culturefoodblog.de\/wp-content\/uploads\/2025\/04\/spargel-teaser-cf.jpg 1200w\" data-sizes=\"auto\" \/><\/a><\/li><\/ul><\/div><div class=\"recent-posts-content\"><span class=\"vcard\" style=\"display: none;\"><span class=\"fn\"><a href=\"https:\/\/culturefoodblog.de\/en\/author\/culturefood\/\" title=\"Posts by Culture Foodblog\" rel=\"author\">Culture Foodblog<\/a><\/span><\/span><span class=\"updated\" style=\"display:none;\">2026-04-02T09:30:54+02:00<\/span><h4 class=\"entry-title\"><a href=\"https:\/\/culturefoodblog.de\/en\/helden-des-monats-april\/\">Helden des Monats April<\/a><\/h4><p class=\"meta\"><span class=\"vcard\" style=\"display: none;\"><span class=\"fn\"><a href=\"https:\/\/culturefoodblog.de\/en\/author\/culturefood\/\" title=\"Posts by Culture Foodblog\" rel=\"author\">Culture Foodblog<\/a><\/span><\/span><span class=\"updated\" style=\"display:none;\">2026-04-02T09:30:54+02:00<\/span><\/p><\/div><\/article><article class=\"post fusion-column column col col-lg-3 col-md-3 col-sm-3\"><div class=\"fusion-flexslider fusion-flexslider-loading flexslider flexslider-hover-type-none\"><ul class=\"slides\"><li><a href=\"https:\/\/culturefoodblog.de\/en\/brownies\/\" aria-label=\"Brownies\" class=\"hover-type-none\"><img decoding=\"async\" width=\"700\" height=\"441\" src=\"https:\/\/culturefoodblog.de\/wp-content\/uploads\/2026\/03\/brownies-starter-700x441.jpg\" class=\"attachment-recent-posts size-recent-posts lazyload\" alt=\"\" srcset=\"data:image\/svg+xml,%3Csvg%20xmlns%3D%27http%3A%2F%2Fwww.w3.org%2F2000%2Fsvg%27%20width%3D%271200%27%20height%3D%27900%27%20viewBox%3D%270%200%201200%20900%27%3E%3Crect%20width%3D%271200%27%20height%3D%27900%27%20fill-opacity%3D%220%22%2F%3E%3C%2Fsvg%3E\" data-orig-src=\"https:\/\/culturefoodblog.de\/wp-content\/uploads\/2026\/03\/brownies-starter-700x441.jpg\" data-srcset=\"https:\/\/culturefoodblog.de\/wp-content\/uploads\/2026\/03\/brownies-starter-320x202.jpg 320w, https:\/\/culturefoodblog.de\/wp-content\/uploads\/2026\/03\/brownies-starter-700x441.jpg 700w\" data-sizes=\"auto\" \/><\/a><\/li><\/ul><\/div><div class=\"recent-posts-content\"><span class=\"vcard\" style=\"display: none;\"><span class=\"fn\"><a href=\"https:\/\/culturefoodblog.de\/en\/author\/culturefood\/\" title=\"Posts by Culture Foodblog\" rel=\"author\">Culture Foodblog<\/a><\/span><\/span><span class=\"updated\" style=\"display:none;\">2026-03-27T16:49:11+01:00<\/span><h4 class=\"entry-title\"><a href=\"https:\/\/culturefoodblog.de\/en\/brownies\/\">Brownies<\/a><\/h4><p class=\"meta\"><span class=\"vcard\" style=\"display: none;\"><span class=\"fn\"><a href=\"https:\/\/culturefoodblog.de\/en\/author\/culturefood\/\" title=\"Posts by Culture Foodblog\" rel=\"author\">Culture Foodblog<\/a><\/span><\/span><span class=\"updated\" style=\"display:none;\">2026-03-27T16:49:11+01:00<\/span><\/p><\/div><\/article><article class=\"post fusion-column column col col-lg-3 col-md-3 col-sm-3\"><div class=\"fusion-flexslider fusion-flexslider-loading flexslider flexslider-hover-type-none\"><ul class=\"slides\"><li><a href=\"https:\/\/culturefoodblog.de\/en\/helden-des-monats-maerz\/\" aria-label=\"Helden des Monats M\u00e4rz\" class=\"hover-type-none\"><img decoding=\"async\" width=\"578\" height=\"394\" src=\"https:\/\/culturefoodblog.de\/wp-content\/uploads\/2017\/02\/img_4695.jpg\" class=\"attachment-recent-posts size-recent-posts lazyload\" alt=\"\" srcset=\"data:image\/svg+xml,%3Csvg%20xmlns%3D%27http%3A%2F%2Fwww.w3.org%2F2000%2Fsvg%27%20width%3D%27578%27%20height%3D%27394%27%20viewBox%3D%270%200%20578%20394%27%3E%3Crect%20width%3D%27578%27%20height%3D%27394%27%20fill-opacity%3D%220%22%2F%3E%3C%2Fsvg%3E\" data-orig-src=\"https:\/\/culturefoodblog.de\/wp-content\/uploads\/2017\/02\/img_4695.jpg\" data-srcset=\"https:\/\/culturefoodblog.de\/wp-content\/uploads\/2017\/02\/img_4695-300x204.jpg 300w, https:\/\/culturefoodblog.de\/wp-content\/uploads\/2017\/02\/img_4695.jpg 578w\" data-sizes=\"auto\" \/><\/a><\/li><\/ul><\/div><div class=\"recent-posts-content\"><span class=\"vcard\" style=\"display: none;\"><span class=\"fn\"><a href=\"https:\/\/culturefoodblog.de\/en\/author\/culturefood\/\" title=\"Posts by Culture Foodblog\" rel=\"author\">Culture Foodblog<\/a><\/span><\/span><span class=\"updated\" style=\"display:none;\">2026-03-24T13:28:40+01:00<\/span><h4 class=\"entry-title\"><a href=\"https:\/\/culturefoodblog.de\/en\/helden-des-monats-maerz\/\">Helden des Monats M\u00e4rz<\/a><\/h4><p class=\"meta\"><span class=\"vcard\" style=\"display: none;\"><span class=\"fn\"><a href=\"https:\/\/culturefoodblog.de\/en\/author\/culturefood\/\" title=\"Posts by Culture Foodblog\" rel=\"author\">Culture Foodblog<\/a><\/span><\/span><span class=\"updated\" style=\"display:none;\">2026-03-24T13:28:40+01:00<\/span><\/p><\/div><\/article><article class=\"post fusion-column column col col-lg-3 col-md-3 col-sm-3\"><div class=\"fusion-flexslider fusion-flexslider-loading flexslider flexslider-hover-type-none\"><ul class=\"slides\"><li><a href=\"https:\/\/culturefoodblog.de\/en\/gougeres_windbeutel\/\" aria-label=\"Les Goug\u00e8res &#8211; Mini K\u00e4sewindbeutel\" class=\"hover-type-none\"><img decoding=\"async\" width=\"619\" height=\"441\" src=\"https:\/\/culturefoodblog.de\/wp-content\/uploads\/2021\/03\/gougeres_titel.jpg\" class=\"attachment-recent-posts size-recent-posts lazyload\" alt=\"\" srcset=\"data:image\/svg+xml,%3Csvg%20xmlns%3D%27http%3A%2F%2Fwww.w3.org%2F2000%2Fsvg%27%20width%3D%27800%27%20height%3D%27570%27%20viewBox%3D%270%200%20800%20570%27%3E%3Crect%20width%3D%27800%27%20height%3D%27570%27%20fill-opacity%3D%220%22%2F%3E%3C%2Fsvg%3E\" data-orig-src=\"https:\/\/culturefoodblog.de\/wp-content\/uploads\/2021\/03\/gougeres_titel.jpg\" data-srcset=\"https:\/\/culturefoodblog.de\/wp-content\/uploads\/2021\/03\/gougeres_titel-300x214.jpg 300w, https:\/\/culturefoodblog.de\/wp-content\/uploads\/2021\/03\/gougeres_titel-600x428.jpg 600w, https:\/\/culturefoodblog.de\/wp-content\/uploads\/2021\/03\/gougeres_titel-768x547.jpg 768w, https:\/\/culturefoodblog.de\/wp-content\/uploads\/2021\/03\/gougeres_titel.jpg 800w\" data-sizes=\"auto\" \/><\/a><\/li><\/ul><\/div><div class=\"recent-posts-content\"><span class=\"vcard\" style=\"display: none;\"><span class=\"fn\"><a href=\"https:\/\/culturefoodblog.de\/en\/author\/culturefood\/\" title=\"Posts by Culture Foodblog\" rel=\"author\">Culture Foodblog<\/a><\/span><\/span><span class=\"updated\" style=\"display:none;\">2026-02-06T15:24:34+01:00<\/span><h4 class=\"entry-title\"><a href=\"https:\/\/culturefoodblog.de\/en\/gougeres_windbeutel\/\">Les Goug\u00e8res &#8211; Mini K\u00e4sewindbeutel<\/a><\/h4><p class=\"meta\"><span class=\"vcard\" style=\"display: none;\"><span class=\"fn\"><a href=\"https:\/\/culturefoodblog.de\/en\/author\/culturefood\/\" title=\"Posts by Culture Foodblog\" rel=\"author\">Culture Foodblog<\/a><\/span><\/span><span class=\"updated\" style=\"display:none;\">2026-02-06T15:24:34+01:00<\/span><\/p><\/div><\/article><article class=\"post fusion-column column col col-lg-3 col-md-3 col-sm-3\"><div class=\"fusion-flexslider fusion-flexslider-loading flexslider flexslider-hover-type-none\"><ul class=\"slides\"><li><a href=\"https:\/\/culturefoodblog.de\/en\/helden-des-monats-februar\/\" aria-label=\"Helden des Monats Februar\" class=\"hover-type-none\"><img decoding=\"async\" width=\"578\" height=\"394\" src=\"https:\/\/culturefoodblog.de\/wp-content\/uploads\/2017\/02\/februar_saisonkalender_culturefood.jpg\" class=\"attachment-recent-posts size-recent-posts lazyload\" alt=\"\" srcset=\"data:image\/svg+xml,%3Csvg%20xmlns%3D%27http%3A%2F%2Fwww.w3.org%2F2000%2Fsvg%27%20width%3D%27578%27%20height%3D%27394%27%20viewBox%3D%270%200%20578%20394%27%3E%3Crect%20width%3D%27578%27%20height%3D%27394%27%20fill-opacity%3D%220%22%2F%3E%3C%2Fsvg%3E\" data-orig-src=\"https:\/\/culturefoodblog.de\/wp-content\/uploads\/2017\/02\/februar_saisonkalender_culturefood.jpg\" data-srcset=\"https:\/\/culturefoodblog.de\/wp-content\/uploads\/2017\/02\/februar_saisonkalender_culturefood-300x204.jpg 300w, https:\/\/culturefoodblog.de\/wp-content\/uploads\/2017\/02\/februar_saisonkalender_culturefood.jpg 578w\" data-sizes=\"auto\" \/><\/a><\/li><\/ul><\/div><div class=\"recent-posts-content\"><span class=\"vcard\" style=\"display: none;\"><span class=\"fn\"><a href=\"https:\/\/culturefoodblog.de\/en\/author\/culturefood\/\" title=\"Posts by Culture Foodblog\" rel=\"author\">Culture Foodblog<\/a><\/span><\/span><span class=\"updated\" style=\"display:none;\">2026-02-06T15:25:21+01:00<\/span><h4 class=\"entry-title\"><a href=\"https:\/\/culturefoodblog.de\/en\/helden-des-monats-februar\/\">Helden des Monats Februar<\/a><\/h4><p class=\"meta\"><span class=\"vcard\" style=\"display: none;\"><span class=\"fn\"><a href=\"https:\/\/culturefoodblog.de\/en\/author\/culturefood\/\" title=\"Posts by Culture Foodblog\" rel=\"author\">Culture Foodblog<\/a><\/span><\/span><span class=\"updated\" style=\"display:none;\">2026-02-06T15:25:21+01:00<\/span><\/p><\/div><\/article><article class=\"post fusion-column column col col-lg-3 col-md-3 col-sm-3\"><div class=\"fusion-flexslider fusion-flexslider-loading flexslider flexslider-hover-type-none\"><ul class=\"slides\"><li><a href=\"https:\/\/culturefoodblog.de\/en\/zwiebelsuppe-ohne-tranen\/\" aria-label=\"Gratinierte Zwiebelsuppe\" class=\"hover-type-none\"><img decoding=\"async\" width=\"650\" height=\"441\" src=\"https:\/\/culturefoodblog.de\/wp-content\/uploads\/2012\/11\/zwiebelsuppe_titel.jpg\" class=\"attachment-recent-posts size-recent-posts lazyload\" alt=\"\" srcset=\"data:image\/svg+xml,%3Csvg%20xmlns%3D%27http%3A%2F%2Fwww.w3.org%2F2000%2Fsvg%27%20width%3D%27700%27%20height%3D%27475%27%20viewBox%3D%270%200%20700%20475%27%3E%3Crect%20width%3D%27700%27%20height%3D%27475%27%20fill-opacity%3D%220%22%2F%3E%3C%2Fsvg%3E\" data-orig-src=\"https:\/\/culturefoodblog.de\/wp-content\/uploads\/2012\/11\/zwiebelsuppe_titel.jpg\" data-srcset=\"https:\/\/culturefoodblog.de\/wp-content\/uploads\/2012\/11\/zwiebelsuppe_titel-300x204.jpg 300w, https:\/\/culturefoodblog.de\/wp-content\/uploads\/2012\/11\/zwiebelsuppe_titel-600x407.jpg 600w, https:\/\/culturefoodblog.de\/wp-content\/uploads\/2012\/11\/zwiebelsuppe_titel.jpg 700w\" data-sizes=\"auto\" \/><\/a><\/li><\/ul><\/div><div class=\"recent-posts-content\"><span class=\"vcard\" style=\"display: none;\"><span class=\"fn\"><a href=\"https:\/\/culturefoodblog.de\/en\/author\/culturefood\/\" title=\"Posts by Culture Foodblog\" rel=\"author\">Culture Foodblog<\/a><\/span><\/span><span class=\"updated\" style=\"display:none;\">2026-02-06T15:24:52+01:00<\/span><h4 class=\"entry-title\"><a href=\"https:\/\/culturefoodblog.de\/en\/zwiebelsuppe-ohne-tranen\/\">Gratinierte Zwiebelsuppe<\/a><\/h4><p class=\"meta\"><span class=\"vcard\" style=\"display: none;\"><span class=\"fn\"><a href=\"https:\/\/culturefoodblog.de\/en\/author\/culturefood\/\" title=\"Posts by Culture Foodblog\" rel=\"author\">Culture Foodblog<\/a><\/span><\/span><span class=\"updated\" style=\"display:none;\">2026-02-06T15:24:52+01:00<\/span><\/p><\/div><\/article><article class=\"post fusion-column column col col-lg-3 col-md-3 col-sm-3\"><div class=\"fusion-flexslider fusion-flexslider-loading flexslider flexslider-hover-type-none\"><ul class=\"slides\"><li><a href=\"https:\/\/culturefoodblog.de\/en\/fastenbrechen_aufbautage\/\" aria-label=\"Fastenbrechen leicht gemacht 1\" class=\"hover-type-none\"><img decoding=\"async\" width=\"664\" height=\"441\" src=\"https:\/\/culturefoodblog.de\/wp-content\/uploads\/2021\/06\/fastenaufbau_titel.jpg\" class=\"attachment-recent-posts size-recent-posts lazyload\" alt=\"\" srcset=\"data:image\/svg+xml,%3Csvg%20xmlns%3D%27http%3A%2F%2Fwww.w3.org%2F2000%2Fsvg%27%20width%3D%27750%27%20height%3D%27498%27%20viewBox%3D%270%200%20750%20498%27%3E%3Crect%20width%3D%27750%27%20height%3D%27498%27%20fill-opacity%3D%220%22%2F%3E%3C%2Fsvg%3E\" data-orig-src=\"https:\/\/culturefoodblog.de\/wp-content\/uploads\/2021\/06\/fastenaufbau_titel.jpg\" data-srcset=\"https:\/\/culturefoodblog.de\/wp-content\/uploads\/2021\/06\/fastenaufbau_titel-300x199.jpg 300w, https:\/\/culturefoodblog.de\/wp-content\/uploads\/2021\/06\/fastenaufbau_titel-600x398.jpg 600w, https:\/\/culturefoodblog.de\/wp-content\/uploads\/2021\/06\/fastenaufbau_titel.jpg 750w\" data-sizes=\"auto\" \/><\/a><\/li><\/ul><\/div><div class=\"recent-posts-content\"><span class=\"vcard\" style=\"display: none;\"><span class=\"fn\"><a href=\"https:\/\/culturefoodblog.de\/en\/author\/culturefood\/\" title=\"Posts by Culture Foodblog\" rel=\"author\">Culture Foodblog<\/a><\/span><\/span><span class=\"updated\" style=\"display:none;\">2026-01-29T10:10:54+01:00<\/span><h4 class=\"entry-title\"><a href=\"https:\/\/culturefoodblog.de\/en\/fastenbrechen_aufbautage\/\">Fastenbrechen leicht gemacht 1<\/a><\/h4><p class=\"meta\"><span class=\"vcard\" style=\"display: none;\"><span class=\"fn\"><a href=\"https:\/\/culturefoodblog.de\/en\/author\/culturefood\/\" title=\"Posts by Culture Foodblog\" rel=\"author\">Culture Foodblog<\/a><\/span><\/span><span class=\"updated\" style=\"display:none;\">2026-01-29T10:10:54+01:00<\/span><\/p><\/div><\/article><\/section><\/div><div class=\"fusion-text fusion-text-5\" style=\"--awb-content-alignment:center;--awb-font-size:var(--awb-typography4-font-size);--awb-line-height:var(--awb-typography4-line-height);--awb-letter-spacing:var(--awb-typography4-letter-spacing);--awb-text-transform:var(--awb-typography4-text-transform);--awb-margin-top:0px;--awb-margin-right:5%;--awb-margin-left:5%;--awb-text-font-family:var(--awb-typography4-font-family);--awb-text-font-weight:var(--awb-typography4-font-weight);--awb-text-font-style:var(--awb-typography4-font-style);\"><h6 style=\"text-align: right;\"><a href=\"https:\/\/culturefoodblog.de\/en\/all-recipes\/\">\u2192 mehr Rezepte&#8230;<\/a><br \/>\noder <a href=\"https:\/\/culturefoodblog.de\/en\/rezeptsuche\/\">\u2192 Suche nach Kategorien<\/a><\/h6>\n<\/div><\/div><\/div><\/div><\/div><div class=\"fusion-fullwidth fullwidth-box fusion-builder-row-4 fusion-flex-container nonhundred-percent-fullwidth non-hundred-percent-height-scrolling\" style=\"--awb-border-radius-top-left:0px;--awb-border-radius-top-right:0px;--awb-border-radius-bottom-right:0px;--awb-border-radius-bottom-left:0px;--awb-padding-top:5%;--awb-margin-bottom:25px;--awb-flex-wrap:wrap;\" ><div class=\"fusion-builder-row fusion-row fusion-flex-align-items-flex-start fusion-flex-content-wrap\" style=\"max-width:1248px;margin-left: calc(-4% \/ 2 );margin-right: calc(-4% \/ 2 );\"><div class=\"fusion-layout-column fusion_builder_column fusion-builder-column-7 fusion_builder_column_2_3 2_3 fusion-flex-column\" style=\"--awb-bg-blend:overlay;--awb-bg-size:cover;--awb-width-large:66.666666666667%;--awb-margin-top-large:-60px;--awb-spacing-right-large:4.8%;--awb-margin-bottom-large:0px;--awb-spacing-left-large:2.88%;--awb-width-medium:100%;--awb-order-medium:0;--awb-spacing-right-medium:1.92%;--awb-margin-bottom-medium:64px;--awb-spacing-left-medium:1.92%;--awb-width-small:100%;--awb-order-small:0;--awb-spacing-right-small:1.92%;--awb-spacing-left-small:1.92%;\" data-scroll-devices=\"small-visibility,medium-visibility,large-visibility\"><div class=\"fusion-column-wrapper fusion-column-has-shadow fusion-flex-justify-content-flex-start fusion-content-layout-column\"><div class=\"fusion-text fusion-text-6\" style=\"--awb-text-transform:uppercase;--awb-margin-top:0px;\"><h1 style=\"text-align: left;\">SCHNELLER TELLER \/ PLAT DU JOUR<\/h1>\n<\/div><div class=\"fusion-text fusion-text-7\"><p style=\"text-align: left;\">In dieser Kategorie werden einfache und schnelle Kochideen vorgestellt. Die Rezepte enthalten weder detaillierte Arbeitsschritte noch genaue Mengenangaben; stattdessen dienen die Food-Fotografien als Inspiration und Anregung zum Ausprobieren.<\/p>\n<\/div><div class=\"fusion-blog-shortcode fusion-blog-shortcode-2 fusion-blog-archive fusion-blog-layout-grid-wrapper fusion-blog-no\"><style type=\"text\/css\">.fusion-blog-shortcode-2 .fusion-blog-layout-grid .fusion-post-grid{padding:15px;}.fusion-blog-shortcode-2 .fusion-posts-container{margin-left: -15px !important; margin-right:-15px !important;}<\/style><div class=\"fusion-posts-container fusion-posts-container-no fusion-no-meta-info fusion-blog-rollover fusion-blog-layout-grid fusion-blog-layout-grid-2 isotope\" data-pages=\"10\" data-grid-col-space=\"30\" style=\"margin: -15px -15px 0;min-height:500px;\"><article id=\"blog-2-post-7125\" class=\"fusion-post-grid post-7125 post type-post status-publish format-standard has-post-thumbnail hentry category-antipasti-vorspeisen category-gemuse category-inspiration category-salate category-schneller-teller-platdujour category-rezepte-07-juli category-rezepte-08-august category-rezepte-09-september tag-amalfi-zitronen tag-eingelegte-zitronen tag-zitronen-carpaccio\">\n<div class=\"fusion-post-wrapper\" style=\"background-color:var(--awb-color1);border:none;\">\n\n\t\t\t<div class=\"fusion-flexslider flexslider fusion-flexslider-loading fusion-post-slideshow\" style=\"border-color:rgba(255,255,255,0);\">\n\t\t<ul class=\"slides\">\n\t\t\t\n\t\t\t\t\t\t\t\t\t\t\t\t\t\t<li><div  class=\"fusion-image-wrapper\" aria-haspopup=\"true\">\n\t\t\t\t<img decoding=\"async\" width=\"1500\" height=\"1023\" src=\"https:\/\/culturefoodblog.de\/wp-content\/uploads\/2022\/08\/amalfi.jpg\" class=\"attachment-full size-full lazyload wp-post-image\" alt=\"\" srcset=\"data:image\/svg+xml,%3Csvg%20xmlns%3D%27http%3A%2F%2Fwww.w3.org%2F2000%2Fsvg%27%20width%3D%271500%27%20height%3D%271023%27%20viewBox%3D%270%200%201500%201023%27%3E%3Crect%20width%3D%271500%27%20height%3D%271023%27%20fill-opacity%3D%220%22%2F%3E%3C%2Fsvg%3E\" data-orig-src=\"https:\/\/culturefoodblog.de\/wp-content\/uploads\/2022\/08\/amalfi.jpg\" data-srcset=\"https:\/\/culturefoodblog.de\/wp-content\/uploads\/2022\/08\/amalfi-600x409.jpg 600w, https:\/\/culturefoodblog.de\/wp-content\/uploads\/2022\/08\/amalfi.jpg 1500w\" data-sizes=\"auto\" \/><div class=\"fusion-rollover\">\n\t<div class=\"fusion-rollover-content\">\n\n\t\t\t\t\t\t\t\t\t\t\t\t\t\t<a class=\"fusion-rollover-link\" href=\"https:\/\/culturefoodblog.de\/en\/amalfi-zitronen-carpaccio\/\">Zitronen-Carpaccio<\/a>\n\t\t\t\n\t\t\t\t\t\t\t\t\n\t\t\n\t\t\t\t\t\t\t\t\t\t\t\t<h4 class=\"fusion-rollover-title\">\n\t\t\t\t\t<a class=\"fusion-rollover-title-link\" href=\"https:\/\/culturefoodblog.de\/en\/amalfi-zitronen-carpaccio\/\">\n\t\t\t\t\t\tZitronen-Carpaccio\t\t\t\t\t<\/a>\n\t\t\t\t<\/h4>\n\t\t\t\n\t\t\t\t\t\t\t\t\n\t\t\n\t\t\t\t\t\t<a class=\"fusion-link-wrapper\" href=\"https:\/\/culturefoodblog.de\/en\/amalfi-zitronen-carpaccio\/\" aria-label=\"Zitronen-Carpaccio\"><\/a>\n\t<\/div>\n<\/div>\n<\/div>\n<\/li>\n\t\t\t\n\t\t\t\n\t\t\t\t\t\t\t\t\t\t\t\t\t\t\t\t\t\t\t\t\t\t\t\t\t\t\t\t\t\t\t\t\t\t\t\t\t\t\t\t\t\t\t\t\t\t\t\t\t\t\t\t\t\t\t\t\t\t\t\t\t\t\t\t\t\t\t\t<\/ul>\n\t<\/div>\n\t<div class=\"fusion-post-content-wrapper\" style=\"padding:15px 25px 15px 25px;\"><div class=\"fusion-post-content post-content\"><h2 class=\"blog-shortcode-post-title entry-title\"><a href=\"https:\/\/culturefoodblog.de\/en\/amalfi-zitronen-carpaccio\/\">Zitronen-Carpaccio<\/a><\/h2><\/div><\/div><div class=\"fusion-clearfix\"><\/div><\/div>\n<\/article>\n<article id=\"blog-2-post-9346\" class=\"fusion-post-grid post-9346 post type-post status-publish format-standard has-post-thumbnail hentry category-geflugel category-schneller-teller-platdujour tag-ente tag-entenbrust tag-guacamole tag-ofenkartoffeln\">\n<div class=\"fusion-post-wrapper\" style=\"background-color:var(--awb-color1);border:none;\">\n\n\t\t\t<div class=\"fusion-flexslider flexslider fusion-flexslider-loading fusion-post-slideshow\" style=\"border-color:rgba(255,255,255,0);\">\n\t\t<ul class=\"slides\">\n\t\t\t\n\t\t\t\t\t\t\t\t\t\t\t\t\t\t<li><div  class=\"fusion-image-wrapper\" aria-haspopup=\"true\">\n\t\t\t\t<img decoding=\"async\" width=\"2000\" height=\"1500\" src=\"https:\/\/culturefoodblog.de\/wp-content\/uploads\/2025\/12\/entenbrust1_culturefoodblog.jpg\" class=\"attachment-full size-full lazyload wp-post-image\" alt=\"\" srcset=\"data:image\/svg+xml,%3Csvg%20xmlns%3D%27http%3A%2F%2Fwww.w3.org%2F2000%2Fsvg%27%20width%3D%272000%27%20height%3D%271500%27%20viewBox%3D%270%200%202000%201500%27%3E%3Crect%20width%3D%272000%27%20height%3D%271500%27%20fill-opacity%3D%220%22%2F%3E%3C%2Fsvg%3E\" data-orig-src=\"https:\/\/culturefoodblog.de\/wp-content\/uploads\/2025\/12\/entenbrust1_culturefoodblog.jpg\" data-srcset=\"https:\/\/culturefoodblog.de\/wp-content\/uploads\/2025\/12\/entenbrust1_culturefoodblog-200x150.jpg 200w, https:\/\/culturefoodblog.de\/wp-content\/uploads\/2025\/12\/entenbrust1_culturefoodblog-400x300.jpg 400w, https:\/\/culturefoodblog.de\/wp-content\/uploads\/2025\/12\/entenbrust1_culturefoodblog-600x450.jpg 600w, https:\/\/culturefoodblog.de\/wp-content\/uploads\/2025\/12\/entenbrust1_culturefoodblog-800x600.jpg 800w, https:\/\/culturefoodblog.de\/wp-content\/uploads\/2025\/12\/entenbrust1_culturefoodblog-1200x900.jpg 1200w, https:\/\/culturefoodblog.de\/wp-content\/uploads\/2025\/12\/entenbrust1_culturefoodblog.jpg 2000w\" data-sizes=\"auto\" \/><div class=\"fusion-rollover\">\n\t<div class=\"fusion-rollover-content\">\n\n\t\t\t\t\t\t\t\t\t\t\t\t\t\t<a class=\"fusion-rollover-link\" href=\"https:\/\/culturefoodblog.de\/en\/rezept-entenbrust-mit-ofenkartoffeln-magret-de-canard\/\">EntenbrustMagret de Canard<\/a>\n\t\t\t\n\t\t\t\t\t\t\t\t\n\t\t\n\t\t\t\t\t\t\t\t\t\t\t\t<h4 class=\"fusion-rollover-title\">\n\t\t\t\t\t<a class=\"fusion-rollover-title-link\" href=\"https:\/\/culturefoodblog.de\/en\/rezept-entenbrust-mit-ofenkartoffeln-magret-de-canard\/\">\n\t\t\t\t\t\tEntenbrust<br>Magret de Canard\t\t\t\t\t<\/a>\n\t\t\t\t<\/h4>\n\t\t\t\n\t\t\t\t\t\t\t\t\n\t\t\n\t\t\t\t\t\t<a class=\"fusion-link-wrapper\" href=\"https:\/\/culturefoodblog.de\/en\/rezept-entenbrust-mit-ofenkartoffeln-magret-de-canard\/\" aria-label=\"Entenbrust&lt;br&gt;Magret de Canard\"><\/a>\n\t<\/div>\n<\/div>\n<\/div>\n<\/li>\n\t\t\t\n\t\t\t\n\t\t\t\t\t\t\t\t\t\t\t\t\t\t\t\t\t\t\t\t\t\t\t\t\t\t\t\t\t\t\t\t\t\t\t\t\t\t\t\t\t\t\t\t\t\t\t\t\t\t\t\t\t\t\t\t\t\t\t\t\t\t\t\t\t\t\t\t<\/ul>\n\t<\/div>\n\t<div class=\"fusion-post-content-wrapper\" style=\"padding:15px 25px 15px 25px;\"><div class=\"fusion-post-content post-content\"><h2 class=\"blog-shortcode-post-title entry-title\"><a href=\"https:\/\/culturefoodblog.de\/en\/rezept-entenbrust-mit-ofenkartoffeln-magret-de-canard\/\">Entenbrust<br>Magret de Canard<\/a><\/h2><\/div><\/div><div class=\"fusion-clearfix\"><\/div><\/div>\n<\/article>\n<article id=\"blog-2-post-9327\" class=\"fusion-post-grid post-9327 post type-post status-publish format-standard has-post-thumbnail hentry category-allgemein category-eierspeisen category-gemuse category-schneller-teller-platdujour category-rezepte-09-september category-rezepte-10-oktober category-rezepte-11-november category-rezepte-12-dezember tag-ruehrei-mit-trueffeln tag-truffel tag-trueffelbrot tag-trueffelei\">\n<div class=\"fusion-post-wrapper\" style=\"background-color:var(--awb-color1);border:none;\">\n\n\t\t\t<div class=\"fusion-flexslider flexslider fusion-flexslider-loading fusion-post-slideshow\" style=\"border-color:rgba(255,255,255,0);\">\n\t\t<ul class=\"slides\">\n\t\t\t\n\t\t\t\t\t\t\t\t\t\t\t\t\t\t<li><div  class=\"fusion-image-wrapper\" aria-haspopup=\"true\">\n\t\t\t\t<img decoding=\"async\" width=\"2000\" height=\"1500\" src=\"https:\/\/culturefoodblog.de\/wp-content\/uploads\/2025\/11\/trueffel-culturefoodblog.jpg\" class=\"attachment-full size-full lazyload wp-post-image\" alt=\"\" srcset=\"data:image\/svg+xml,%3Csvg%20xmlns%3D%27http%3A%2F%2Fwww.w3.org%2F2000%2Fsvg%27%20width%3D%272000%27%20height%3D%271500%27%20viewBox%3D%270%200%202000%201500%27%3E%3Crect%20width%3D%272000%27%20height%3D%271500%27%20fill-opacity%3D%220%22%2F%3E%3C%2Fsvg%3E\" data-orig-src=\"https:\/\/culturefoodblog.de\/wp-content\/uploads\/2025\/11\/trueffel-culturefoodblog.jpg\" data-srcset=\"https:\/\/culturefoodblog.de\/wp-content\/uploads\/2025\/11\/trueffel-culturefoodblog-200x150.jpg 200w, https:\/\/culturefoodblog.de\/wp-content\/uploads\/2025\/11\/trueffel-culturefoodblog-400x300.jpg 400w, https:\/\/culturefoodblog.de\/wp-content\/uploads\/2025\/11\/trueffel-culturefoodblog-600x450.jpg 600w, https:\/\/culturefoodblog.de\/wp-content\/uploads\/2025\/11\/trueffel-culturefoodblog-800x600.jpg 800w, https:\/\/culturefoodblog.de\/wp-content\/uploads\/2025\/11\/trueffel-culturefoodblog-1200x900.jpg 1200w, https:\/\/culturefoodblog.de\/wp-content\/uploads\/2025\/11\/trueffel-culturefoodblog.jpg 2000w\" data-sizes=\"auto\" \/><div class=\"fusion-rollover\">\n\t<div class=\"fusion-rollover-content\">\n\n\t\t\t\t\t\t\t\t\t\t\t\t\t\t<a class=\"fusion-rollover-link\" href=\"https:\/\/culturefoodblog.de\/en\/trueffel\/\">Tr\u00fcffel &#8211; Diamanten der K\u00fcche<\/a>\n\t\t\t\n\t\t\t\t\t\t\t\t\n\t\t\n\t\t\t\t\t\t\t\t\t\t\t\t<h4 class=\"fusion-rollover-title\">\n\t\t\t\t\t<a class=\"fusion-rollover-title-link\" href=\"https:\/\/culturefoodblog.de\/en\/trueffel\/\">\n\t\t\t\t\t\tTr\u00fcffel &#8211; Diamanten der K\u00fcche\t\t\t\t\t<\/a>\n\t\t\t\t<\/h4>\n\t\t\t\n\t\t\t\t\t\t\t\t\n\t\t\n\t\t\t\t\t\t<a class=\"fusion-link-wrapper\" href=\"https:\/\/culturefoodblog.de\/en\/trueffel\/\" aria-label=\"Tr\u00fcffel &#8211; Diamanten der K\u00fcche\"><\/a>\n\t<\/div>\n<\/div>\n<\/div>\n<\/li>\n\t\t\t\n\t\t\t\n\t\t\t\t\t\t\t\t\t\t\t\t\t\t\t\t\t\t\t\t\t\t\t\t\t\t\t\t\t\t\t\t\t\t\t\t\t\t\t\t\t\t\t\t\t\t\t\t\t\t\t\t\t\t\t\t\t\t\t\t\t\t\t\t\t\t\t\t<\/ul>\n\t<\/div>\n\t<div class=\"fusion-post-content-wrapper\" style=\"padding:15px 25px 15px 25px;\"><div class=\"fusion-post-content post-content\"><h2 class=\"blog-shortcode-post-title entry-title\"><a href=\"https:\/\/culturefoodblog.de\/en\/trueffel\/\">Tr\u00fcffel &#8211; Diamanten der K\u00fcche<\/a><\/h2><\/div><\/div><div class=\"fusion-clearfix\"><\/div><\/div>\n<\/article>\n<article id=\"blog-2-post-9313\" class=\"fusion-post-grid post-9313 post type-post status-publish format-standard has-post-thumbnail hentry category-kase category-schneller-teller-platdujour category-rezepte-09-september category-rezepte-10-oktober category-rezepte-11-november tag-herbstkaese tag-kase-2 tag-kaese-im-herbst\">\n<div class=\"fusion-post-wrapper\" style=\"background-color:var(--awb-color1);border:none;\">\n\n\t\t\t<div class=\"fusion-flexslider flexslider fusion-flexslider-loading fusion-post-slideshow\" style=\"border-color:rgba(255,255,255,0);\">\n\t\t<ul class=\"slides\">\n\t\t\t\n\t\t\t\t\t\t\t\t\t\t\t\t\t\t<li><div  class=\"fusion-image-wrapper\" aria-haspopup=\"true\">\n\t\t\t\t<img decoding=\"async\" width=\"2000\" height=\"1500\" src=\"https:\/\/culturefoodblog.de\/wp-content\/uploads\/2025\/10\/herbst-gruyere.jpg\" class=\"attachment-full size-full lazyload wp-post-image\" alt=\"\" srcset=\"data:image\/svg+xml,%3Csvg%20xmlns%3D%27http%3A%2F%2Fwww.w3.org%2F2000%2Fsvg%27%20width%3D%272000%27%20height%3D%271500%27%20viewBox%3D%270%200%202000%201500%27%3E%3Crect%20width%3D%272000%27%20height%3D%271500%27%20fill-opacity%3D%220%22%2F%3E%3C%2Fsvg%3E\" data-orig-src=\"https:\/\/culturefoodblog.de\/wp-content\/uploads\/2025\/10\/herbst-gruyere.jpg\" data-srcset=\"https:\/\/culturefoodblog.de\/wp-content\/uploads\/2025\/10\/herbst-gruyere-200x150.jpg 200w, https:\/\/culturefoodblog.de\/wp-content\/uploads\/2025\/10\/herbst-gruyere-400x300.jpg 400w, https:\/\/culturefoodblog.de\/wp-content\/uploads\/2025\/10\/herbst-gruyere-600x450.jpg 600w, https:\/\/culturefoodblog.de\/wp-content\/uploads\/2025\/10\/herbst-gruyere-800x600.jpg 800w, https:\/\/culturefoodblog.de\/wp-content\/uploads\/2025\/10\/herbst-gruyere-1200x900.jpg 1200w, https:\/\/culturefoodblog.de\/wp-content\/uploads\/2025\/10\/herbst-gruyere.jpg 2000w\" data-sizes=\"auto\" \/><div class=\"fusion-rollover\">\n\t<div class=\"fusion-rollover-content\">\n\n\t\t\t\t\t\t\t\t\t\t\t\t\t\t<a class=\"fusion-rollover-link\" href=\"https:\/\/culturefoodblog.de\/en\/herbst\/\">Herbst, K\u00e4se und Tr\u00fcffelpizza<\/a>\n\t\t\t\n\t\t\t\t\t\t\t\t\n\t\t\n\t\t\t\t\t\t\t\t\t\t\t\t<h4 class=\"fusion-rollover-title\">\n\t\t\t\t\t<a class=\"fusion-rollover-title-link\" href=\"https:\/\/culturefoodblog.de\/en\/herbst\/\">\n\t\t\t\t\t\tHerbst, K\u00e4se und Tr\u00fcffelpizza\t\t\t\t\t<\/a>\n\t\t\t\t<\/h4>\n\t\t\t\n\t\t\t\t\t\t\t\t\n\t\t\n\t\t\t\t\t\t<a class=\"fusion-link-wrapper\" href=\"https:\/\/culturefoodblog.de\/en\/herbst\/\" aria-label=\"Herbst, K\u00e4se und Tr\u00fcffelpizza\"><\/a>\n\t<\/div>\n<\/div>\n<\/div>\n<\/li>\n\t\t\t\n\t\t\t\n\t\t\t\t\t\t\t\t\t\t\t\t\t\t\t\t\t\t\t\t\t\t\t\t\t\t\t\t\t\t\t\t\t\t\t\t\t\t\t\t\t\t\t\t\t\t\t\t\t\t\t\t\t\t\t\t\t\t\t\t\t\t\t\t\t\t\t\t<\/ul>\n\t<\/div>\n\t<div class=\"fusion-post-content-wrapper\" style=\"padding:15px 25px 15px 25px;\"><div class=\"fusion-post-content post-content\"><h2 class=\"blog-shortcode-post-title entry-title\"><a href=\"https:\/\/culturefoodblog.de\/en\/herbst\/\">Herbst, K\u00e4se und Tr\u00fcffelpizza<\/a><\/h2><\/div><\/div><div class=\"fusion-clearfix\"><\/div><\/div>\n<\/article>\n<article id=\"blog-2-post-9289\" class=\"fusion-post-grid post-9289 post type-post status-publish format-standard has-post-thumbnail hentry category-pasta category-schneller-teller-platdujour tag-amatriciana tag-spagetti tag-spagetti-tomatensosse tag-spaghetti-allamatriciana\">\n<div class=\"fusion-post-wrapper\" style=\"background-color:var(--awb-color1);border:none;\">\n\n\t\t\t<div class=\"fusion-flexslider flexslider fusion-flexslider-loading fusion-post-slideshow\" style=\"border-color:rgba(255,255,255,0);\">\n\t\t<ul class=\"slides\">\n\t\t\t\n\t\t\t\t\t\t\t\t\t\t\t\t\t\t<li><div  class=\"fusion-image-wrapper\" aria-haspopup=\"true\">\n\t\t\t\t<img decoding=\"async\" width=\"2000\" height=\"1500\" src=\"https:\/\/culturefoodblog.de\/wp-content\/uploads\/2025\/10\/spaghetti_amatriciana_cf1.jpg\" class=\"attachment-full size-full lazyload wp-post-image\" alt=\"\" srcset=\"data:image\/svg+xml,%3Csvg%20xmlns%3D%27http%3A%2F%2Fwww.w3.org%2F2000%2Fsvg%27%20width%3D%272000%27%20height%3D%271500%27%20viewBox%3D%270%200%202000%201500%27%3E%3Crect%20width%3D%272000%27%20height%3D%271500%27%20fill-opacity%3D%220%22%2F%3E%3C%2Fsvg%3E\" data-orig-src=\"https:\/\/culturefoodblog.de\/wp-content\/uploads\/2025\/10\/spaghetti_amatriciana_cf1.jpg\" data-srcset=\"https:\/\/culturefoodblog.de\/wp-content\/uploads\/2025\/10\/spaghetti_amatriciana_cf1-200x150.jpg 200w, https:\/\/culturefoodblog.de\/wp-content\/uploads\/2025\/10\/spaghetti_amatriciana_cf1-400x300.jpg 400w, https:\/\/culturefoodblog.de\/wp-content\/uploads\/2025\/10\/spaghetti_amatriciana_cf1-600x450.jpg 600w, https:\/\/culturefoodblog.de\/wp-content\/uploads\/2025\/10\/spaghetti_amatriciana_cf1-800x600.jpg 800w, https:\/\/culturefoodblog.de\/wp-content\/uploads\/2025\/10\/spaghetti_amatriciana_cf1-1200x900.jpg 1200w, https:\/\/culturefoodblog.de\/wp-content\/uploads\/2025\/10\/spaghetti_amatriciana_cf1.jpg 2000w\" data-sizes=\"auto\" \/><div class=\"fusion-rollover\">\n\t<div class=\"fusion-rollover-content\">\n\n\t\t\t\t\t\t\t\t\t\t\t\t\t\t<a class=\"fusion-rollover-link\" href=\"https:\/\/culturefoodblog.de\/en\/spaghetti-allamatriciana\/\">Spaghetti all\u2019 Amatriciana<\/a>\n\t\t\t\n\t\t\t\t\t\t\t\t\n\t\t\n\t\t\t\t\t\t\t\t\t\t\t\t<h4 class=\"fusion-rollover-title\">\n\t\t\t\t\t<a class=\"fusion-rollover-title-link\" href=\"https:\/\/culturefoodblog.de\/en\/spaghetti-allamatriciana\/\">\n\t\t\t\t\t\tSpaghetti all\u2019 Amatriciana\t\t\t\t\t<\/a>\n\t\t\t\t<\/h4>\n\t\t\t\n\t\t\t\t\t\t\t\t\n\t\t\n\t\t\t\t\t\t<a class=\"fusion-link-wrapper\" href=\"https:\/\/culturefoodblog.de\/en\/spaghetti-allamatriciana\/\" aria-label=\"Spaghetti all\u2019 Amatriciana\"><\/a>\n\t<\/div>\n<\/div>\n<\/div>\n<\/li>\n\t\t\t\n\t\t\t\n\t\t\t\t\t\t\t\t\t\t\t\t\t\t\t\t\t\t\t\t\t\t\t\t\t\t\t\t\t\t\t\t\t\t\t\t\t\t\t\t\t\t\t\t\t\t\t\t\t\t\t\t\t\t\t\t\t\t\t\t\t\t\t\t\t\t\t\t<\/ul>\n\t<\/div>\n\t<div class=\"fusion-post-content-wrapper\" style=\"padding:15px 25px 15px 25px;\"><div class=\"fusion-post-content post-content\"><h2 class=\"blog-shortcode-post-title entry-title\"><a href=\"https:\/\/culturefoodblog.de\/en\/spaghetti-allamatriciana\/\">Spaghetti all\u2019 Amatriciana<\/a><\/h2><\/div><\/div><div class=\"fusion-clearfix\"><\/div><\/div>\n<\/article>\n<article id=\"blog-2-post-9225\" class=\"fusion-post-grid post-9225 post type-post status-publish format-standard has-post-thumbnail hentry category-fleischgerichte-steaks category-pasta category-schneller-teller-platdujour category-rezepte-08-august category-rezepte-09-september category-rezepte-10-oktober tag-kalbfleisch tag-kalbsschnitzel tag-pfifferlinge\">\n<div class=\"fusion-post-wrapper\" style=\"background-color:var(--awb-color1);border:none;\">\n\n\t\t\t<div class=\"fusion-flexslider flexslider fusion-flexslider-loading fusion-post-slideshow\" style=\"border-color:rgba(255,255,255,0);\">\n\t\t<ul class=\"slides\">\n\t\t\t\n\t\t\t\t\t\t\t\t\t\t\t\t\t\t<li><div  class=\"fusion-image-wrapper\" aria-haspopup=\"true\">\n\t\t\t\t<img decoding=\"async\" width=\"2000\" height=\"1500\" src=\"https:\/\/culturefoodblog.de\/wp-content\/uploads\/2025\/09\/cf_kalbsschnitzel1.jpg\" class=\"attachment-full size-full lazyload wp-post-image\" alt=\"\" srcset=\"data:image\/svg+xml,%3Csvg%20xmlns%3D%27http%3A%2F%2Fwww.w3.org%2F2000%2Fsvg%27%20width%3D%272000%27%20height%3D%271500%27%20viewBox%3D%270%200%202000%201500%27%3E%3Crect%20width%3D%272000%27%20height%3D%271500%27%20fill-opacity%3D%220%22%2F%3E%3C%2Fsvg%3E\" data-orig-src=\"https:\/\/culturefoodblog.de\/wp-content\/uploads\/2025\/09\/cf_kalbsschnitzel1.jpg\" data-srcset=\"https:\/\/culturefoodblog.de\/wp-content\/uploads\/2025\/09\/cf_kalbsschnitzel1-200x150.jpg 200w, https:\/\/culturefoodblog.de\/wp-content\/uploads\/2025\/09\/cf_kalbsschnitzel1-400x300.jpg 400w, https:\/\/culturefoodblog.de\/wp-content\/uploads\/2025\/09\/cf_kalbsschnitzel1-600x450.jpg 600w, https:\/\/culturefoodblog.de\/wp-content\/uploads\/2025\/09\/cf_kalbsschnitzel1-800x600.jpg 800w, https:\/\/culturefoodblog.de\/wp-content\/uploads\/2025\/09\/cf_kalbsschnitzel1-1200x900.jpg 1200w, https:\/\/culturefoodblog.de\/wp-content\/uploads\/2025\/09\/cf_kalbsschnitzel1.jpg 2000w\" data-sizes=\"auto\" \/><div class=\"fusion-rollover\">\n\t<div class=\"fusion-rollover-content\">\n\n\t\t\t\t\t\t\t\t\t\t\t\t\t\t<a class=\"fusion-rollover-link\" href=\"https:\/\/culturefoodblog.de\/en\/kalbsschnitzelchen\/\">Kalbsschnitzelchenmit Zitronen-Mascarpone-So\u00dfe<\/a>\n\t\t\t\n\t\t\t\t\t\t\t\t\n\t\t\n\t\t\t\t\t\t\t\t\t\t\t\t<h4 class=\"fusion-rollover-title\">\n\t\t\t\t\t<a class=\"fusion-rollover-title-link\" href=\"https:\/\/culturefoodblog.de\/en\/kalbsschnitzelchen\/\">\n\t\t\t\t\t\tKalbsschnitzelchen<br>mit Zitronen-Mascarpone-So\u00dfe\t\t\t\t\t<\/a>\n\t\t\t\t<\/h4>\n\t\t\t\n\t\t\t\t\t\t\t\t\n\t\t\n\t\t\t\t\t\t<a class=\"fusion-link-wrapper\" href=\"https:\/\/culturefoodblog.de\/en\/kalbsschnitzelchen\/\" aria-label=\"Kalbsschnitzelchen&lt;br&gt;mit Zitronen-Mascarpone-So&szlig;e\"><\/a>\n\t<\/div>\n<\/div>\n<\/div>\n<\/li>\n\t\t\t\n\t\t\t\n\t\t\t\t\t\t\t\t\t\t\t\t\t\t\t\t\t\t\t\t\t\t\t\t\t\t\t\t\t\t\t\t\t\t\t\t\t\t\t\t\t\t\t\t\t\t\t\t\t\t\t\t\t\t\t\t\t\t\t\t\t\t\t\t\t\t\t\t<\/ul>\n\t<\/div>\n\t<div class=\"fusion-post-content-wrapper\" style=\"padding:15px 25px 15px 25px;\"><div class=\"fusion-post-content post-content\"><h2 class=\"blog-shortcode-post-title entry-title\"><a href=\"https:\/\/culturefoodblog.de\/en\/kalbsschnitzelchen\/\">Kalbsschnitzelchen<br>mit Zitronen-Mascarpone-So\u00dfe<\/a><\/h2><\/div><\/div><div class=\"fusion-clearfix\"><\/div><\/div>\n<\/article>\n<div class=\"fusion-clearfix\"><\/div><\/div><\/div><div class=\"fusion-text fusion-text-8\" style=\"--awb-content-alignment:center;--awb-font-size:var(--awb-typography4-font-size);--awb-line-height:var(--awb-typography4-line-height);--awb-letter-spacing:var(--awb-typography4-letter-spacing);--awb-text-transform:var(--awb-typography4-text-transform);--awb-margin-top:0px;--awb-margin-right:5%;--awb-margin-left:5%;--awb-text-font-family:var(--awb-typography4-font-family);--awb-text-font-weight:var(--awb-typography4-font-weight);--awb-text-font-style:var(--awb-typography4-font-style);\"><h6 style=\"text-align: right;\"><a href=\"https:\/\/culturefoodblog.de\/en\/category\/schneller-teller-platdujour\/\">\u2192 mehr schnelle Teller&#8230; <\/a><\/h6>\n<\/div><\/div><\/div><div class=\"fusion-layout-column fusion_builder_column fusion-builder-column-8 fusion-flex-column\" style=\"--awb-bg-size:cover;--awb-width-large:8%;--awb-margin-top-large:10px;--awb-spacing-right-large:24%;--awb-margin-bottom-large:10px;--awb-spacing-left-large:24%;--awb-width-medium:100%;--awb-order-medium:0;--awb-spacing-right-medium:1.92%;--awb-spacing-left-medium:1.92%;--awb-width-small:100%;--awb-order-small:0;--awb-spacing-right-small:1.92%;--awb-spacing-left-small:1.92%;\" data-scroll-devices=\"small-visibility,medium-visibility,large-visibility\"><div class=\"fusion-column-wrapper fusion-column-has-shadow fusion-flex-justify-content-flex-start fusion-content-layout-column\"><\/div><\/div><div class=\"fusion-layout-column fusion_builder_column fusion-builder-column-9 fusion_builder_column_1_4 1_4 fusion-flex-column\" style=\"--awb-bg-blend:overlay;--awb-bg-size:cover;--awb-width-large:25%;--awb-margin-top-large:0px;--awb-spacing-right-large:7.68%;--awb-margin-bottom-large:0px;--awb-spacing-left-large:6.4%;--awb-width-medium:100%;--awb-order-medium:0;--awb-spacing-right-medium:1.92%;--awb-spacing-left-medium:1.92%;--awb-width-small:100%;--awb-order-small:0;--awb-spacing-right-small:1.92%;--awb-spacing-left-small:1.92%;\" data-scroll-devices=\"small-visibility,medium-visibility,large-visibility\"><div class=\"fusion-column-wrapper fusion-column-has-shadow fusion-flex-justify-content-flex-start fusion-content-layout-column\"><div class=\"fusion-separator fusion-full-width-sep\" style=\"align-self: center;margin-left: auto;margin-right: auto;margin-top:20px;width:100%;\"><\/div><div class=\"fusion-text fusion-text-9\" style=\"--awb-text-transform:uppercase;--awb-margin-top:0px;\"><h4 style=\"text-align: center;\">CULTURE FOOD BLOG<\/h4>\n<\/div><div class=\"fusion-widget fusion-widget-element fusion-widget-area fusion-content-widget-area wpWidget-1 wp_widget_categories\" style=\"--awb-margin-bottom:0px;--awb-fusion-border-size:0px;--awb-fusion-border-style:solid;\"><div class=\"widget widget_categories\"><div class=\"heading\"><h4 class=\"widget-title\">Suche nach Kategorien:<\/h4><\/div><form action=\"https:\/\/culturefoodblog.de\/en\/\" method=\"get\" data-trp-original-action=\"https:\/\/culturefoodblog.de\/en\"><label class=\"screen-reader-text\" for=\"cat\">Suche nach Kategorien:<\/label><select  name='cat' id='cat' class='postform'>\n\t<option value='-1'>Select Category<\/option>\n\t<option class=\"level-0\" value=\"1\">Allgemein<\/option>\n\t<option class=\"level-0\" value=\"821\">Antipasti \/ Vorspeisen<\/option>\n\t<option class=\"level-0\" value=\"857\">Aufl\u00e4ufe \/ Gratins \/ Casseroles<\/option>\n\t<option class=\"level-0\" value=\"70\">Basics \/ Grundwissen<\/option>\n\t<option class=\"level-0\" value=\"71\">Brot \/ Teig \/ Grundteige<\/option>\n\t<option class=\"level-0\" value=\"1034\">Chef&#8217;s Table &#8211; Tisch &amp; Tafel<\/option>\n\t<option class=\"level-0\" value=\"867\">Eierspeisen<\/option>\n\t<option class=\"level-0\" value=\"72\">Fisch \/ Meeresfr\u00fcchte<\/option>\n\t<option class=\"level-0\" value=\"73\">Fleisch \/ Steaks<\/option>\n\t<option class=\"level-0\" value=\"74\">Gefl\u00fcgel<\/option>\n\t<option class=\"level-0\" value=\"75\">Gem\u00fcse \/ Obst<\/option>\n\t<option class=\"level-0\" value=\"76\">Gew\u00fcrze \/ Kr\u00e4uter \/ Essig \/ \u00d6l<\/option>\n\t<option class=\"level-0\" value=\"676\">Inspiration<\/option>\n\t<option class=\"level-0\" value=\"77\">K\u00e4se<\/option>\n\t<option class=\"level-0\" value=\"941\">Kuchen \/ Geb\u00e4ck<\/option>\n\t<option class=\"level-0\" value=\"78\">Marmeladen \/ Chutneys<\/option>\n\t<option class=\"level-0\" value=\"79\">Pasta \/ Nudeln<\/option>\n\t<option class=\"level-0\" value=\"932\">Pasteten \/ Terrinen<\/option>\n\t<option class=\"level-0\" value=\"80\">Quiches \/ Tartes \/ Pizza \/ Teigtaschen<\/option>\n\t<option class=\"level-0\" value=\"81\">Reis<\/option>\n\t<option class=\"level-0\" value=\"84\">Salate<\/option>\n\t<option class=\"level-0\" value=\"85\">Saucen \/ Dips \/ Marinaden \/ Pesto<\/option>\n\t<option class=\"level-0\" value=\"87\">Schneller Teller \/ Plat du Jour<\/option>\n\t<option class=\"level-0\" value=\"88\">Suppen \/ Eint\u00f6pfe<\/option>\n\t<option class=\"level-0\" value=\"89\">S\u00fc\u00dfspeisen \/ Desserts<\/option>\n\t<option class=\"level-0\" value=\"69\">Themen\u00fcbersicht<\/option>\n\t<option class=\"level-0\" value=\"95\">Vegetarisch<\/option>\n\t<option class=\"level-0\" value=\"97\">Weinnotizen<\/option>\n\t<option class=\"level-0\" value=\"528\">Weinnotizen II &#8211; Heute im Glas<\/option>\n\t<option class=\"level-0\" value=\"1003\">Wurst &amp; Schinken<\/option>\n\t<option class=\"level-0\" value=\"98\">\u2192 Editorial<\/option>\n\t<option class=\"level-0\" value=\"100\">\u2192 Festliche Men\u00fcs \/ Vorschl\u00e4ge<\/option>\n\t<option class=\"level-0\" value=\"101\">\u2192 In eigener Sache<\/option>\n\t<option class=\"level-0\" value=\"627\">\u2192 Promotion \/ Advertorials<\/option>\n\t<option class=\"level-0\" value=\"83\">\u2192 Saison-Kalender<\/option>\n\t<option class=\"level-0\" value=\"102\">\u2192 Saisonale Rezepte: 01 &#8211; Januar<\/option>\n\t<option class=\"level-0\" value=\"103\">\u2192 Saisonale Rezepte: 02 &#8211; Februar<\/option>\n\t<option class=\"level-0\" value=\"104\">\u2192 Saisonale Rezepte: 03 &#8211; M\u00e4rz<\/option>\n\t<option class=\"level-0\" value=\"105\">\u2192 Saisonale Rezepte: 04 &#8211; April<\/option>\n\t<option class=\"level-0\" value=\"106\">\u2192 Saisonale Rezepte: 05 &#8211; Mai<\/option>\n\t<option class=\"level-0\" value=\"107\">\u2192 Saisonale Rezepte: 06 &#8211; Juni<\/option>\n\t<option class=\"level-0\" value=\"108\">\u2192 Saisonale Rezepte: 07 &#8211; Juli<\/option>\n\t<option class=\"level-0\" value=\"109\">\u2192 Saisonale Rezepte: 08 &#8211; August<\/option>\n\t<option class=\"level-0\" value=\"110\">\u2192 Saisonale Rezepte: 09 &#8211; September<\/option>\n\t<option class=\"level-0\" value=\"111\">\u2192 Saisonale Rezepte: 10 &#8211; Oktober<\/option>\n\t<option class=\"level-0\" value=\"112\">\u2192 Saisonale Rezepte: 11 &#8211; November<\/option>\n\t<option class=\"level-0\" value=\"113\">\u2192 Saisonale Rezepte: 12 &#8211; Dezember<\/option>\n\t<option class=\"level-0\" value=\"908\">\u2192 Sonntagsrezepte aus meiner Landhausk\u00fcche<\/option>\n\t<option class=\"level-0\" value=\"91\">\u2192 Testberichte: B\u00fccher \/ Artikel \/ Lesetipps<\/option>\n\t<option class=\"level-0\" value=\"92\">\u2192 Testberichte: Hotels \/ Reiseberichte \/ Reisetipps<\/option>\n\t<option class=\"level-0\" value=\"93\">\u2192 Testberichte: Lebensmittel \/ Produkte f\u00fcr Tisch und K\u00fcche<\/option>\n<\/select>\n<input type=\"hidden\" name=\"trp-form-language\" value=\"en\"\/><\/form><script type=\"text\/javascript\">\n\/* <![CDATA[ *\/\n\n(function() {\n\tvar dropdown = document.getElementById( \"cat\" );\n\tfunction onCatChange() {\n\t\tif ( dropdown.options[ dropdown.selectedIndex ].value > 0 ) {\n\t\t\tdropdown.parentNode.submit();\n\t\t}\n\t}\n\tdropdown.onchange = onCatChange;\n})();\n\n\/* ]]> *\/\n<\/script>\n<\/div><\/div><div class=\"fusion-widget fusion-widget-element fusion-widget-area fusion-content-widget-area wpWidget-2 wp_widget_search\" style=\"--awb-margin-bottom:0px;--awb-fusion-border-size:0px;--awb-fusion-border-style:solid;\"><div class=\"widget widget_search\"><div class=\"heading\"><h4 class=\"widget-title\">Volltextsuche:<\/h4><\/div>\t\t<form role=\"search\" class=\"searchform fusion-search-form  fusion-live-search fusion-search-form-clean\" method=\"get\" action=\"https:\/\/culturefoodblog.de\/en\/\" data-trp-original-action=\"https:\/\/culturefoodblog.de\/en\/\">\n\t\t\t<div class=\"fusion-search-form-content\">\n\n\t\t\t\t\n\t\t\t\t<div class=\"fusion-search-field search-field\">\n\t\t\t\t\t<label><span class=\"screen-reader-text\">Search for:<\/span>\n\t\t\t\t\t\t\t\t\t\t\t\t\t<input type=\"search\" class=\"s fusion-live-search-input\" name=\"s\" id=\"fusion-live-search-input-0\" autocomplete=\"off\" placeholder=\"Search...\" required aria-required=\"true\" aria-label=\"Search...\"\/>\n\t\t\t\t\t\t\t\t\t\t\t<\/label>\n\t\t\t\t<\/div>\n\t\t\t\t<div class=\"fusion-search-button search-button\">\n\t\t\t\t\t<input type=\"submit\" class=\"fusion-search-submit searchsubmit\" aria-label=\"Search\" value=\"&#xf002;\" \/>\n\t\t\t\t\t\t\t\t\t\t<div class=\"fusion-slider-loading\"><\/div>\n\t\t\t\t\t\t\t\t\t<\/div>\n\n\t\t\t\t\n\t\t\t<\/div>\n\n\n\t\t\t\t\t\t\t<div class=\"fusion-search-results-wrapper\"><div class=\"fusion-search-results\"><\/div><\/div>\n\t\t\t\n\t\t<input type=\"hidden\" name=\"trp-form-language\" value=\"en\"\/><\/form>\n\t\t<\/div><\/div><div class=\"fusion-widget fusion-widget-element fusion-widget-area fusion-content-widget-area wpWidget-3 wp_widget_archives\" style=\"--awb-margin-bottom:40px;--awb-fusion-border-size:0px;--awb-fusion-border-style:solid;\"><div class=\"widget widget_archive\"><div class=\"heading\"><h4 class=\"widget-title\">Suche im Archiv:<\/h4><\/div>\t\t<label class=\"screen-reader-text\" for=\"archives-dropdown--1\">Suche im Archiv:<\/label>\n\t\t<select id=\"archives-dropdown--1\" name=\"archive-dropdown\">\n\t\t\t\n\t\t\t<option value=\"\">Select Month<\/option>\n\t\t\t\t<option value='https:\/\/culturefoodblog.de\/en\/2026\/04\/'> April 2026 <\/option>\n\t<option value='https:\/\/culturefoodblog.de\/en\/2026\/03\/'> March 2026 <\/option>\n\t<option value='https:\/\/culturefoodblog.de\/en\/2026\/02\/'> February 2026 <\/option>\n\t<option value='https:\/\/culturefoodblog.de\/en\/2026\/01\/'> January 2026 <\/option>\n\t<option value='https:\/\/culturefoodblog.de\/en\/2025\/12\/'> December 2025 <\/option>\n\t<option value='https:\/\/culturefoodblog.de\/en\/2025\/11\/'> November 2025 <\/option>\n\t<option value='https:\/\/culturefoodblog.de\/en\/2025\/10\/'> October 2025 <\/option>\n\t<option value='https:\/\/culturefoodblog.de\/en\/2025\/09\/'> September 2025 <\/option>\n\t<option value='https:\/\/culturefoodblog.de\/en\/2025\/08\/'> August 2025 <\/option>\n\t<option value='https:\/\/culturefoodblog.de\/en\/2025\/07\/'> July 2025 <\/option>\n\t<option value='https:\/\/culturefoodblog.de\/en\/2025\/06\/'> June 2025 <\/option>\n\t<option value='https:\/\/culturefoodblog.de\/en\/2025\/05\/'> May 2025 <\/option>\n\t<option value='https:\/\/culturefoodblog.de\/en\/2025\/04\/'> April 2025 <\/option>\n\t<option value='https:\/\/culturefoodblog.de\/en\/2025\/03\/'> March 2025 <\/option>\n\t<option value='https:\/\/culturefoodblog.de\/en\/2025\/02\/'> February 2025 <\/option>\n\t<option value='https:\/\/culturefoodblog.de\/en\/2025\/01\/'> January 2025 <\/option>\n\t<option value='https:\/\/culturefoodblog.de\/en\/2024\/12\/'> December 2024 <\/option>\n\t<option value='https:\/\/culturefoodblog.de\/en\/2024\/11\/'> November 2024 <\/option>\n\t<option value='https:\/\/culturefoodblog.de\/en\/2024\/10\/'> October 2024 <\/option>\n\t<option value='https:\/\/culturefoodblog.de\/en\/2024\/09\/'> September 2024 <\/option>\n\t<option value='https:\/\/culturefoodblog.de\/en\/2024\/07\/'> July 2024 <\/option>\n\t<option value='https:\/\/culturefoodblog.de\/en\/2024\/05\/'> May 2024 <\/option>\n\t<option value='https:\/\/culturefoodblog.de\/en\/2024\/04\/'> April 2024 <\/option>\n\t<option value='https:\/\/culturefoodblog.de\/en\/2024\/03\/'> March 2024 <\/option>\n\t<option value='https:\/\/culturefoodblog.de\/en\/2024\/01\/'> January 2024 <\/option>\n\t<option value='https:\/\/culturefoodblog.de\/en\/2023\/11\/'> November 2023 <\/option>\n\t<option value='https:\/\/culturefoodblog.de\/en\/2023\/09\/'> September 2023 <\/option>\n\t<option value='https:\/\/culturefoodblog.de\/en\/2023\/08\/'> August 2023 <\/option>\n\t<option value='https:\/\/culturefoodblog.de\/en\/2023\/07\/'> July 2023 <\/option>\n\t<option value='https:\/\/culturefoodblog.de\/en\/2023\/06\/'> June 2023 <\/option>\n\t<option value='https:\/\/culturefoodblog.de\/en\/2023\/04\/'> April 2023 <\/option>\n\t<option value='https:\/\/culturefoodblog.de\/en\/2022\/12\/'> December 2022 <\/option>\n\t<option value='https:\/\/culturefoodblog.de\/en\/2022\/08\/'> August 2022 <\/option>\n\t<option value='https:\/\/culturefoodblog.de\/en\/2022\/07\/'> July 2022 <\/option>\n\t<option value='https:\/\/culturefoodblog.de\/en\/2022\/06\/'> June 2022 <\/option>\n\t<option value='https:\/\/culturefoodblog.de\/en\/2022\/04\/'> April 2022 <\/option>\n\t<option value='https:\/\/culturefoodblog.de\/en\/2022\/02\/'> February 2022 <\/option>\n\t<option value='https:\/\/culturefoodblog.de\/en\/2021\/12\/'> December 2021 <\/option>\n\t<option value='https:\/\/culturefoodblog.de\/en\/2021\/11\/'> November 2021 <\/option>\n\t<option value='https:\/\/culturefoodblog.de\/en\/2021\/05\/'> May 2021 <\/option>\n\t<option value='https:\/\/culturefoodblog.de\/en\/2021\/04\/'> April 2021 <\/option>\n\t<option value='https:\/\/culturefoodblog.de\/en\/2021\/03\/'> March 2021 <\/option>\n\t<option value='https:\/\/culturefoodblog.de\/en\/2021\/01\/'> January 2021 <\/option>\n\t<option value='https:\/\/culturefoodblog.de\/en\/2020\/11\/'> November 2020 <\/option>\n\t<option value='https:\/\/culturefoodblog.de\/en\/2020\/08\/'> August 2020 <\/option>\n\t<option value='https:\/\/culturefoodblog.de\/en\/2020\/05\/'> May 2020 <\/option>\n\t<option value='https:\/\/culturefoodblog.de\/en\/2019\/03\/'> March 2019 <\/option>\n\t<option value='https:\/\/culturefoodblog.de\/en\/2018\/12\/'> December 2018 <\/option>\n\t<option value='https:\/\/culturefoodblog.de\/en\/2018\/04\/'> April 2018 <\/option>\n\t<option value='https:\/\/culturefoodblog.de\/en\/2018\/01\/'> January 2018 <\/option>\n\t<option value='https:\/\/culturefoodblog.de\/en\/2017\/12\/'> December 2017 <\/option>\n\t<option value='https:\/\/culturefoodblog.de\/en\/2017\/11\/'> November 2017 <\/option>\n\t<option value='https:\/\/culturefoodblog.de\/en\/2017\/10\/'> October 2017 <\/option>\n\t<option value='https:\/\/culturefoodblog.de\/en\/2017\/09\/'> September 2017 <\/option>\n\t<option value='https:\/\/culturefoodblog.de\/en\/2017\/06\/'> June 2017 <\/option>\n\t<option value='https:\/\/culturefoodblog.de\/en\/2017\/05\/'> May 2017 <\/option>\n\t<option value='https:\/\/culturefoodblog.de\/en\/2017\/04\/'> April 2017 <\/option>\n\t<option value='https:\/\/culturefoodblog.de\/en\/2017\/03\/'> March 2017 <\/option>\n\t<option value='https:\/\/culturefoodblog.de\/en\/2017\/02\/'> February 2017 <\/option>\n\t<option value='https:\/\/culturefoodblog.de\/en\/2017\/01\/'> January 2017 <\/option>\n\t<option value='https:\/\/culturefoodblog.de\/en\/2016\/12\/'> December 2016 <\/option>\n\t<option value='https:\/\/culturefoodblog.de\/en\/2016\/11\/'> November 2016 <\/option>\n\t<option value='https:\/\/culturefoodblog.de\/en\/2016\/10\/'> October 2016 <\/option>\n\t<option value='https:\/\/culturefoodblog.de\/en\/2016\/09\/'> September 2016 <\/option>\n\t<option value='https:\/\/culturefoodblog.de\/en\/2016\/08\/'> August 2016 <\/option>\n\t<option value='https:\/\/culturefoodblog.de\/en\/2016\/07\/'> July 2016 <\/option>\n\t<option value='https:\/\/culturefoodblog.de\/en\/2016\/06\/'> June 2016 <\/option>\n\t<option value='https:\/\/culturefoodblog.de\/en\/2016\/05\/'> May 2016 <\/option>\n\t<option value='https:\/\/culturefoodblog.de\/en\/2016\/04\/'> April 2016 <\/option>\n\t<option value='https:\/\/culturefoodblog.de\/en\/2016\/03\/'> March 2016 <\/option>\n\t<option value='https:\/\/culturefoodblog.de\/en\/2016\/02\/'> February 2016 <\/option>\n\t<option value='https:\/\/culturefoodblog.de\/en\/2016\/01\/'> January 2016 <\/option>\n\t<option value='https:\/\/culturefoodblog.de\/en\/2015\/12\/'> December 2015 <\/option>\n\t<option value='https:\/\/culturefoodblog.de\/en\/2015\/11\/'> November 2015 <\/option>\n\t<option value='https:\/\/culturefoodblog.de\/en\/2015\/07\/'> July 2015 <\/option>\n\t<option value='https:\/\/culturefoodblog.de\/en\/2015\/05\/'> May 2015 <\/option>\n\t<option value='https:\/\/culturefoodblog.de\/en\/2015\/04\/'> April 2015 <\/option>\n\t<option value='https:\/\/culturefoodblog.de\/en\/2015\/03\/'> March 2015 <\/option>\n\t<option value='https:\/\/culturefoodblog.de\/en\/2015\/02\/'> February 2015 <\/option>\n\t<option value='https:\/\/culturefoodblog.de\/en\/2015\/01\/'> January 2015 <\/option>\n\t<option value='https:\/\/culturefoodblog.de\/en\/2014\/12\/'> December 2014 <\/option>\n\t<option value='https:\/\/culturefoodblog.de\/en\/2014\/05\/'> May 2014 <\/option>\n\t<option value='https:\/\/culturefoodblog.de\/en\/2014\/04\/'> April 2014 <\/option>\n\t<option value='https:\/\/culturefoodblog.de\/en\/2014\/01\/'> January 2014 <\/option>\n\t<option value='https:\/\/culturefoodblog.de\/en\/2013\/09\/'> September 2013 <\/option>\n\t<option value='https:\/\/culturefoodblog.de\/en\/2013\/08\/'> August 2013 <\/option>\n\t<option value='https:\/\/culturefoodblog.de\/en\/2013\/04\/'> April 2013 <\/option>\n\t<option value='https:\/\/culturefoodblog.de\/en\/2013\/03\/'> March 2013 <\/option>\n\t<option value='https:\/\/culturefoodblog.de\/en\/2013\/01\/'> January 2013 <\/option>\n\t<option value='https:\/\/culturefoodblog.de\/en\/2012\/12\/'> December 2012 <\/option>\n\t<option value='https:\/\/culturefoodblog.de\/en\/2012\/11\/'> November 2012 <\/option>\n\t<option value='https:\/\/culturefoodblog.de\/en\/2012\/10\/'> October 2012 <\/option>\n\t<option value='https:\/\/culturefoodblog.de\/en\/2012\/09\/'> September 2012 <\/option>\n\t<option value='https:\/\/culturefoodblog.de\/en\/2012\/08\/'> August 2012 <\/option>\n\t<option value='https:\/\/culturefoodblog.de\/en\/2012\/07\/'> July 2012 <\/option>\n\t<option value='https:\/\/culturefoodblog.de\/en\/2012\/06\/'> June 2012 <\/option>\n\t<option value='https:\/\/culturefoodblog.de\/en\/2012\/05\/'> May 2012 <\/option>\n\t<option value='https:\/\/culturefoodblog.de\/en\/2012\/04\/'> April 2012 <\/option>\n\t<option value='https:\/\/culturefoodblog.de\/en\/2012\/03\/'> March 2012 <\/option>\n\t<option value='https:\/\/culturefoodblog.de\/en\/2012\/02\/'> February 2012 <\/option>\n\t<option value='https:\/\/culturefoodblog.de\/en\/2012\/01\/'> January 2012 <\/option>\n\t<option value='https:\/\/culturefoodblog.de\/en\/2011\/12\/'> December 2011 <\/option>\n\t<option value='https:\/\/culturefoodblog.de\/en\/2011\/11\/'> November 2011 <\/option>\n\t<option value='https:\/\/culturefoodblog.de\/en\/2011\/10\/'> October 2011 <\/option>\n\t<option value='https:\/\/culturefoodblog.de\/en\/2011\/08\/'> August 2011 <\/option>\n\t<option value='https:\/\/culturefoodblog.de\/en\/2010\/08\/'> August 2010 <\/option>\n\n\t\t<\/select>\n\n\t\t\t<script type=\"text\/javascript\">\n\/* <![CDATA[ *\/\n\n(function() {\n\tvar dropdown = document.getElementById( \"archives-dropdown--1\" );\n\tfunction onSelectChange() {\n\t\tif ( dropdown.options[ dropdown.selectedIndex ].value !== '' ) {\n\t\t\tdocument.location.href = this.options[ this.selectedIndex ].value;\n\t\t}\n\t}\n\tdropdown.onchange = onSelectChange;\n})();\n\n\/* ]]> *\/\n<\/script>\n<\/div><\/div><div class=\"fusion-image-element\" style=\"--awb-caption-title-font-family:var(--h2_typography-font-family);--awb-caption-title-font-weight:var(--h2_typography-font-weight);--awb-caption-title-font-style:var(--h2_typography-font-style);--awb-caption-title-size:var(--h2_typography-font-size);--awb-caption-title-transform:var(--h2_typography-text-transform);--awb-caption-title-line-height:var(--h2_typography-line-height);--awb-caption-title-letter-spacing:var(--h2_typography-letter-spacing);\"><span class=\"fusion-imageframe imageframe-none imageframe-1 hover-type-none\"><a class=\"fusion-no-lightbox\" href=\"https:\/\/www.casavinea.de\" target=\"_blank\" aria-label=\"image\" rel=\"noopener noreferrer\"><img decoding=\"async\" width=\"459\" height=\"297\" src=\"https:\/\/culturefoodblog.de\/wp-content\/uploads\/2025\/04\/image-e1745494990792.jpeg\" data-orig-src=\"https:\/\/culturefoodblog.de\/wp-content\/uploads\/2025\/04\/image-e1745494990792.jpeg\" alt class=\"lazyload img-responsive wp-image-8201\" srcset=\"data:image\/svg+xml,%3Csvg%20xmlns%3D%27http%3A%2F%2Fwww.w3.org%2F2000%2Fsvg%27%20width%3D%27459%27%20height%3D%27297%27%20viewBox%3D%270%200%20459%20297%27%3E%3Crect%20width%3D%27459%27%20height%3D%27297%27%20fill-opacity%3D%220%22%2F%3E%3C%2Fsvg%3E\" data-srcset=\"https:\/\/culturefoodblog.de\/wp-content\/uploads\/2025\/04\/image-e1745494990792-200x129.jpeg 200w, https:\/\/culturefoodblog.de\/wp-content\/uploads\/2025\/04\/image-e1745494990792-400x259.jpeg 400w, https:\/\/culturefoodblog.de\/wp-content\/uploads\/2025\/04\/image-e1745494990792.jpeg 459w\" data-sizes=\"auto\" data-orig-sizes=\"(max-width: 1024px) 100vw, (max-width: 640px) 100vw, 400px\" \/><\/a><\/span><\/div><div class=\"fusion-separator fusion-full-width-sep\" style=\"align-self: center;margin-left: auto;margin-right: auto;margin-top:5px;margin-bottom:5px;width:100%;\"><\/div><div class=\"fusion-builder-row fusion-builder-row-inner fusion-row fusion-flex-align-items-flex-start fusion-flex-content-wrap\" style=\"width:104% !important;max-width:104% !important;margin-left: calc(-4% \/ 2 );margin-right: calc(-4% \/ 2 );\"><div class=\"fusion-layout-column fusion_builder_column_inner fusion-builder-nested-column-0 fusion_builder_column_inner_1_1 1_1 fusion-flex-column fusion-column-inner-bg-wrapper\" style=\"--awb-padding-top:160px;--awb-padding-bottom:160px;--awb-inner-bg-position:center center;--awb-inner-bg-blend:overlay;--awb-inner-bg-size:cover;--awb-width-large:100%;--awb-margin-top-large:10px;--awb-spacing-right-large:1.92%;--awb-margin-bottom-large:20px;--awb-spacing-left-large:1.92%;--awb-width-medium:100%;--awb-order-medium:0;--awb-spacing-right-medium:1.92%;--awb-spacing-left-medium:1.92%;--awb-width-small:100%;--awb-order-small:0;--awb-spacing-right-small:1.92%;--awb-spacing-left-small:1.92%;\" data-scroll-devices=\"small-visibility,medium-visibility,large-visibility\"><span class=\"fusion-column-inner-bg hover-type-none\"><a class=\"fusion-column-anchor\" href=\"https:\/\/culturefoodblog.de\/en\/all-recipes\/\"><span class=\"fusion-column-inner-bg-image lazyload\" data-bg=\"https:\/\/culturefoodblog.de\/wp-content\/uploads\/2019\/03\/ad-bg.jpg\"><\/span><\/a><\/span><div class=\"fusion-column-wrapper fusion-column-has-shadow fusion-flex-justify-content-center fusion-content-layout-column fusion-column-has-bg-image\" data-bg-url=\"https:\/\/culturefoodblog.de\/wp-content\/uploads\/2019\/03\/ad-bg.jpg\"><div class=\"fusion-text fusion-text-10\"><h4 style=\"text-align: center; margin-top: 0; margin-bottom: 0;\"><strong>LUST AUF<\/strong><br \/>\n<strong>FRISCHE<br \/>\nKOCHIDEEN?<br \/>\n<\/strong><br \/>\n<strong>HIER GIBT\u2019S<br \/>\nAKTUELLE<\/strong><br \/>\n<strong>REZEPT-HIGHLIGHTS<\/strong><\/h4>\n<\/div><\/div><\/div><\/div><div class=\"fusion-image-element\" style=\"--awb-margin-top:0px;--awb-caption-title-font-family:var(--h2_typography-font-family);--awb-caption-title-font-weight:var(--h2_typography-font-weight);--awb-caption-title-font-style:var(--h2_typography-font-style);--awb-caption-title-size:var(--h2_typography-font-size);--awb-caption-title-transform:var(--h2_typography-text-transform);--awb-caption-title-line-height:var(--h2_typography-line-height);--awb-caption-title-letter-spacing:var(--h2_typography-letter-spacing);\"><span class=\"fusion-imageframe imageframe-none imageframe-2 hover-type-none\"><a class=\"fusion-no-lightbox\" href=\"https:\/\/www.welcherweinzu.de\" target=\"_blank\" aria-label=\"welcher_wein_passt_zu\" rel=\"noopener noreferrer\"><img decoding=\"async\" width=\"462\" height=\"296\" src=\"https:\/\/culturefoodblog.de\/wp-content\/uploads\/2025\/04\/welcher_wein_passt_zu-e1745494925649.jpg\" data-orig-src=\"https:\/\/culturefoodblog.de\/wp-content\/uploads\/2025\/04\/welcher_wein_passt_zu-e1745494925649.jpg\" alt class=\"lazyload img-responsive wp-image-8224\" srcset=\"data:image\/svg+xml,%3Csvg%20xmlns%3D%27http%3A%2F%2Fwww.w3.org%2F2000%2Fsvg%27%20width%3D%27462%27%20height%3D%27296%27%20viewBox%3D%270%200%20462%20296%27%3E%3Crect%20width%3D%27462%27%20height%3D%27296%27%20fill-opacity%3D%220%22%2F%3E%3C%2Fsvg%3E\" data-srcset=\"https:\/\/culturefoodblog.de\/wp-content\/uploads\/2025\/04\/welcher_wein_passt_zu-e1745494925649-200x128.jpg 200w, https:\/\/culturefoodblog.de\/wp-content\/uploads\/2025\/04\/welcher_wein_passt_zu-e1745494925649-400x256.jpg 400w, https:\/\/culturefoodblog.de\/wp-content\/uploads\/2025\/04\/welcher_wein_passt_zu-e1745494925649.jpg 462w\" data-sizes=\"auto\" data-orig-sizes=\"(max-width: 1024px) 100vw, (max-width: 640px) 100vw, 462px\" \/><\/a><\/span><\/div><div class=\"fusion-text fusion-text-11\"><p style=\"text-align: center;\"><a href=\"https:\/\/culturefoodblog.de\/en\/werbung-kooperationen\/\">ADVERTORIAL HINWEIS<\/a><\/p>\n<\/div><div class=\"fusion-social-links fusion-social-links-1\" style=\"--awb-margin-top:30px;--awb-margin-right:0px;--awb-margin-bottom:0px;--awb-margin-left:0px;--awb-alignment:center;--awb-box-border-top:0px;--awb-box-border-right:0px;--awb-box-border-bottom:0px;--awb-box-border-left:0px;--awb-icon-colors-hover:rgba(103,97,90,0.8);--awb-box-colors-hover:rgba(255,255,255,0.8);--awb-box-border-color:var(--awb-color3);--awb-box-border-color-hover:var(--awb-color4);\"><div class=\"fusion-social-networks boxed-icons color-type-custom\"><div class=\"fusion-social-networks-wrapper\"><a class=\"fusion-social-network-icon fusion-tooltip fusion-facebook awb-icon-facebook\" style=\"color:var(--awb-color6);font-size:20px;width:20px;background-color:var(--awb-color3);border-color:var(--awb-color3);border-radius:4px;\" data-placement=\"bottom\" data-title=\"Facebook\" data-toggle=\"tooltip\" title=\"Facebook\" aria-label=\"facebook\" target=\"_blank\" rel=\"noopener noreferrer\" href=\"https:\/\/www.facebook.com\/culture.foodgermany\"><\/a><a class=\"fusion-social-network-icon fusion-tooltip fusion-instagram awb-icon-instagram\" style=\"color:var(--awb-color6);font-size:20px;width:20px;background-color:var(--awb-color3);border-color:var(--awb-color3);border-radius:4px;\" data-placement=\"bottom\" data-title=\"Instagram\" data-toggle=\"tooltip\" title=\"Instagram\" aria-label=\"instagram\" target=\"_blank\" rel=\"noopener noreferrer\" href=\"https:\/\/www.instagram.com\/culturefoodblog\/\"><\/a><a class=\"fusion-social-network-icon fusion-tooltip fusion-FAWC Consulting fa-utensils fas\" style=\"color:var(--awb-color6);font-size:20px;width:20px;background-color:var(--awb-color3);border-color:var(--awb-color3);border-radius:4px;\" data-placement=\"bottom\" data-title=\"FAWC Consulting\" data-toggle=\"tooltip\" title=\"FAWC Consulting\" aria-label=\"FAWC Consulting\" target=\"_blank\" rel=\"noopener noreferrer\" href=\"https:\/\/www.foodandwineculture.com\"><\/a><\/div><\/div><\/div><\/div><\/div>\n<\/div><\/div><div class=\"fusion-fullwidth fullwidth-box fusion-builder-row-5 fusion-flex-container has-pattern-background has-mask-background nonhundred-percent-fullwidth non-hundred-percent-height-scrolling\" style=\"--awb-border-sizes-top:0px;--awb-border-sizes-bottom:0px;--awb-border-sizes-left:0px;--awb-border-sizes-right:0px;--awb-border-style:dotted;--awb-border-radius-top-left:0px;--awb-border-radius-top-right:0px;--awb-border-radius-bottom-right:0px;--awb-border-radius-bottom-left:0px;--awb-padding-top:0px;--awb-padding-bottom:4%;--awb-background-color:rgba(255,255,255,0);--awb-flex-wrap:wrap;\" ><div class=\"fusion-builder-row fusion-row fusion-flex-align-items-flex-start fusion-flex-justify-content-center fusion-flex-content-wrap\" style=\"max-width:1248px;margin-left: calc(-4% \/ 2 );margin-right: calc(-4% \/ 2 );\"><div class=\"fusion-layout-column fusion_builder_column fusion-builder-column-10 fusion_builder_column_3_5 3_5 fusion-flex-column\" style=\"--awb-padding-bottom:25px;--awb-bg-blend:overlay;--awb-bg-size:cover;--awb-width-large:60%;--awb-margin-top-large:10px;--awb-spacing-right-large:3.2%;--awb-margin-bottom-large:10px;--awb-spacing-left-large:3.2%;--awb-width-medium:100%;--awb-spacing-right-medium:1.92%;--awb-spacing-left-medium:1.92%;--awb-width-small:100%;--awb-spacing-right-small:1.92%;--awb-spacing-left-small:1.92%;\"><div class=\"fusion-column-wrapper fusion-column-has-shadow fusion-flex-justify-content-flex-start fusion-content-layout-column\"><div class=\"fusion-text fusion-text-12\" style=\"--awb-text-transform:uppercase;\"><h1 style=\"text-align: left;\">\u2728 STERNE-VERD\u00c4CHTIG \u2728<\/h1>\n<\/div><\/div><\/div><div class=\"fusion-layout-column fusion_builder_column fusion-builder-column-11 fusion_builder_column_1_1 1_1 fusion-flex-column\" style=\"--awb-bg-blend:overlay;--awb-bg-size:cover;--awb-box-shadow:6px 0px 30px 0px hsla(var(--awb-color8-h),var(--awb-color8-s),calc( var(--awb-color8-l) - 9% ),calc( var(--awb-color8-a) - 95% ));;--awb-border-color:var(--awb-color5);--awb-border-top:0px;--awb-border-style:solid;--awb-width-large:100%;--awb-margin-top-large:10px;--awb-spacing-right-large:1.92%;--awb-margin-bottom-large:25px;--awb-spacing-left-large:1.92%;--awb-width-medium:100%;--awb-spacing-right-medium:1.92%;--awb-spacing-left-medium:1.92%;--awb-width-small:100%;--awb-spacing-right-small:1.92%;--awb-spacing-left-small:1.92%;\"><div class=\"fusion-column-wrapper fusion-column-has-shadow fusion-flex-justify-content-flex-start fusion-content-layout-column\"><div class=\"fusion-blog-shortcode fusion-blog-shortcode-3 fusion-blog-archive fusion-blog-layout-grid-wrapper fusion-blog-no\"><style type=\"text\/css\">.fusion-blog-shortcode-3 .fusion-blog-layout-grid .fusion-post-grid{padding:15px;}.fusion-blog-shortcode-3 .fusion-posts-container{margin-left: -15px !important; margin-right:-15px !important;}<\/style><div class=\"fusion-posts-container fusion-posts-container-no fusion-no-meta-info fusion-blog-rollover fusion-blog-layout-grid fusion-blog-layout-grid-2 isotope\" data-pages=\"0\" data-grid-col-space=\"30\" style=\"margin: -15px -15px 0;min-height:500px;\"><article id=\"blog-3-post-4582\" class=\"fusion-post-grid post-4582 post type-post status-publish format-standard has-post-thumbnail hentry category-geflugel category--festliche-menues-vorschlaege tag-ente tag-ente-aus-dem-roemertopf tag-rezept-ente-roemertopf tag-roemertopf\">\n<div class=\"fusion-post-wrapper\" style=\"background-color:var(--awb-color1);border:none;\">\n\n\t\t\t<div class=\"fusion-flexslider flexslider fusion-flexslider-loading fusion-post-slideshow\" style=\"border-color:rgba(255,255,255,0);\">\n\t\t<ul class=\"slides\">\n\t\t\t\n\t\t\t\t\t\t\t\t\t\t\t\t\t\t<li><div  class=\"fusion-image-wrapper\" aria-haspopup=\"true\">\n\t\t\t\t<img decoding=\"async\" width=\"1000\" height=\"750\" src=\"https:\/\/culturefoodblog.de\/wp-content\/uploads\/2016\/10\/cf_ente_teaser.jpg\" class=\"attachment-full size-full lazyload wp-post-image\" alt=\"\" srcset=\"data:image\/svg+xml,%3Csvg%20xmlns%3D%27http%3A%2F%2Fwww.w3.org%2F2000%2Fsvg%27%20width%3D%271000%27%20height%3D%27750%27%20viewBox%3D%270%200%201000%20750%27%3E%3Crect%20width%3D%271000%27%20height%3D%27750%27%20fill-opacity%3D%220%22%2F%3E%3C%2Fsvg%3E\" data-orig-src=\"https:\/\/culturefoodblog.de\/wp-content\/uploads\/2016\/10\/cf_ente_teaser.jpg\" data-srcset=\"https:\/\/culturefoodblog.de\/wp-content\/uploads\/2016\/10\/cf_ente_teaser-600x450.jpg 600w, https:\/\/culturefoodblog.de\/wp-content\/uploads\/2016\/10\/cf_ente_teaser-800x600.jpg 800w, https:\/\/culturefoodblog.de\/wp-content\/uploads\/2016\/10\/cf_ente_teaser.jpg 1000w\" data-sizes=\"auto\" \/><div class=\"fusion-rollover\">\n\t<div class=\"fusion-rollover-content\">\n\n\t\t\t\t\t\t\t\t\t\t\t\t\t\t<a class=\"fusion-rollover-link\" href=\"https:\/\/culturefoodblog.de\/en\/bauernente-aus-dem-tontopf\/\">Bauernente aus dem Tontopf<\/a>\n\t\t\t\n\t\t\t\t\t\t\t\t\n\t\t\n\t\t\t\t\t\t\t\t\t\t\t\t<h4 class=\"fusion-rollover-title\">\n\t\t\t\t\t<a class=\"fusion-rollover-title-link\" href=\"https:\/\/culturefoodblog.de\/en\/bauernente-aus-dem-tontopf\/\">\n\t\t\t\t\t\tBauernente aus dem Tontopf\t\t\t\t\t<\/a>\n\t\t\t\t<\/h4>\n\t\t\t\n\t\t\t\t\t\t\t\t\n\t\t\n\t\t\t\t\t\t<a class=\"fusion-link-wrapper\" href=\"https:\/\/culturefoodblog.de\/en\/bauernente-aus-dem-tontopf\/\" aria-label=\"Bauernente aus dem Tontopf\"><\/a>\n\t<\/div>\n<\/div>\n<\/div>\n<\/li>\n\t\t\t\n\t\t\t\n\t\t\t\t\t\t\t\t\t\t\t\t\t\t\t\t\t\t\t\t\t\t\t\t\t\t\t\t\t\t\t\t\t\t\t\t\t\t\t\t\t\t\t\t\t\t\t\t\t\t\t\t\t\t\t\t\t\t\t\t\t\t\t\t\t\t\t\t<\/ul>\n\t<\/div>\n\t<div class=\"fusion-post-content-wrapper\" style=\"padding:15px 25px 15px 25px;\"><div class=\"fusion-post-content post-content\"><h2 class=\"blog-shortcode-post-title entry-title\"><a href=\"https:\/\/culturefoodblog.de\/en\/bauernente-aus-dem-tontopf\/\">Bauernente aus dem Tontopf<\/a><\/h2><\/div><\/div><div class=\"fusion-clearfix\"><\/div><\/div>\n<\/article>\n<article id=\"blog-3-post-8339\" class=\"fusion-post-grid post-8339 post type-post status-publish format-standard has-post-thumbnail hentry category-susspeisen category--festliche-menues-vorschlaege tag-bestes-rezept-mousse-au-choc tag-mousse tag-mousse-auch-chocolat tag-rezept-mousse tag-schokomousse\">\n<div class=\"fusion-post-wrapper\" style=\"background-color:var(--awb-color1);border:none;\">\n\n\t\t\t<div class=\"fusion-flexslider flexslider fusion-flexslider-loading fusion-post-slideshow\" style=\"border-color:rgba(255,255,255,0);\">\n\t\t<ul class=\"slides\">\n\t\t\t\n\t\t\t\t\t\t\t\t\t\t\t\t\t\t<li><div  class=\"fusion-image-wrapper\" aria-haspopup=\"true\">\n\t\t\t\t<img decoding=\"async\" width=\"578\" height=\"394\" src=\"data:image\/svg+xml,%3Csvg%20xmlns%3D%27http%3A%2F%2Fwww.w3.org%2F2000%2Fsvg%27%20width%3D%27578%27%20height%3D%27394%27%20viewBox%3D%270%200%20578%20394%27%3E%3Crect%20width%3D%27578%27%20height%3D%27394%27%20fill-opacity%3D%220%22%2F%3E%3C%2Fsvg%3E\" class=\"attachment-full size-full lazyload wp-post-image\" alt=\"\" data-orig-src=\"https:\/\/culturefoodblog.de\/wp-content\/uploads\/2016\/02\/mousse-au-chocolat-culture-food1-578x394.jpg\" \/><div class=\"fusion-rollover\">\n\t<div class=\"fusion-rollover-content\">\n\n\t\t\t\t\t\t\t\t\t\t\t\t\t\t<a class=\"fusion-rollover-link\" href=\"https:\/\/culturefoodblog.de\/en\/mousse-au-chocolat\/\">Die perfekte Mousse au Chocolat: Ein magischer Dessert-Klassiker<\/a>\n\t\t\t\n\t\t\t\t\t\t\t\t\n\t\t\n\t\t\t\t\t\t\t\t\t\t\t\t<h4 class=\"fusion-rollover-title\">\n\t\t\t\t\t<a class=\"fusion-rollover-title-link\" href=\"https:\/\/culturefoodblog.de\/en\/mousse-au-chocolat\/\">\n\t\t\t\t\t\tDie perfekte Mousse au Chocolat: Ein magischer Dessert-Klassiker\t\t\t\t\t<\/a>\n\t\t\t\t<\/h4>\n\t\t\t\n\t\t\t\t\t\t\t\t\n\t\t\n\t\t\t\t\t\t<a class=\"fusion-link-wrapper\" href=\"https:\/\/culturefoodblog.de\/en\/mousse-au-chocolat\/\" aria-label=\"Die perfekte Mousse au Chocolat: Ein magischer Dessert-Klassiker\"><\/a>\n\t<\/div>\n<\/div>\n<\/div>\n<\/li>\n\t\t\t\n\t\t\t\n\t\t\t\t\t\t\t\t\t\t\t\t\t\t\t\t\t\t\t\t\t\t\t\t\t\t\t\t\t\t\t\t\t\t\t\t\t\t\t\t\t\t\t\t\t\t\t\t\t\t\t\t\t\t\t\t\t\t\t\t\t\t\t\t\t\t\t\t<\/ul>\n\t<\/div>\n\t<div class=\"fusion-post-content-wrapper\" style=\"padding:15px 25px 15px 25px;\"><div class=\"fusion-post-content post-content\"><h2 class=\"blog-shortcode-post-title entry-title\"><a href=\"https:\/\/culturefoodblog.de\/en\/mousse-au-chocolat\/\">Die perfekte Mousse au Chocolat: Ein magischer Dessert-Klassiker<\/a><\/h2><\/div><\/div><div class=\"fusion-clearfix\"><\/div><\/div>\n<\/article>\n<article id=\"blog-3-post-1868\" class=\"fusion-post-grid post-1868 post type-post status-publish format-standard has-post-thumbnail hentry category-fleischgerichte-steaks category--festliche-menues-vorschlaege category-rezepte-04-april tag-lamm tag-lamm-aus-dem-ofen tag-lammbraten tag-lammkeule\">\n<div class=\"fusion-post-wrapper\" style=\"background-color:var(--awb-color1);border:none;\">\n\n\t\t\t<div class=\"fusion-flexslider flexslider fusion-flexslider-loading fusion-post-slideshow\" style=\"border-color:rgba(255,255,255,0);\">\n\t\t<ul class=\"slides\">\n\t\t\t\n\t\t\t\t\t\t\t\t\t\t\t\t\t\t<li><div  class=\"fusion-image-wrapper\" aria-haspopup=\"true\">\n\t\t\t\t<img decoding=\"async\" width=\"578\" height=\"394\" src=\"data:image\/svg+xml,%3Csvg%20xmlns%3D%27http%3A%2F%2Fwww.w3.org%2F2000%2Fsvg%27%20width%3D%27578%27%20height%3D%27394%27%20viewBox%3D%270%200%20578%20394%27%3E%3Crect%20width%3D%27578%27%20height%3D%27394%27%20fill-opacity%3D%220%22%2F%3E%3C%2Fsvg%3E\" class=\"attachment-full size-full lazyload wp-post-image\" alt=\"\" data-orig-src=\"https:\/\/culturefoodblog.de\/wp-content\/uploads\/2015\/04\/lammkeule_ofen1-1.jpg\" \/><div class=\"fusion-rollover\">\n\t<div class=\"fusion-rollover-content\">\n\n\t\t\t\t\t\t\t\t\t\t\t\t\t\t<a class=\"fusion-rollover-link\" href=\"https:\/\/culturefoodblog.de\/en\/ostern-ohne-lamm-ist-wie\/\">Ostern ohne Lamm ist wie &#8230; !?<\/a>\n\t\t\t\n\t\t\t\t\t\t\t\t\n\t\t\n\t\t\t\t\t\t\t\t\t\t\t\t<h4 class=\"fusion-rollover-title\">\n\t\t\t\t\t<a class=\"fusion-rollover-title-link\" href=\"https:\/\/culturefoodblog.de\/en\/ostern-ohne-lamm-ist-wie\/\">\n\t\t\t\t\t\tOstern ohne Lamm ist wie &#8230; !?\t\t\t\t\t<\/a>\n\t\t\t\t<\/h4>\n\t\t\t\n\t\t\t\t\t\t\t\t\n\t\t\n\t\t\t\t\t\t<a class=\"fusion-link-wrapper\" href=\"https:\/\/culturefoodblog.de\/en\/ostern-ohne-lamm-ist-wie\/\" aria-label=\"Ostern ohne Lamm ist wie &#8230; !?\"><\/a>\n\t<\/div>\n<\/div>\n<\/div>\n<\/li>\n\t\t\t\n\t\t\t\n\t\t\t\t\t\t\t\t\t\t\t\t\t\t\t\t\t\t\t\t\t\t\t\t\t\t\t\t\t\t\t\t\t\t\t\t\t\t\t\t\t\t\t\t\t\t\t\t\t\t\t\t\t\t\t\t\t\t\t\t\t\t\t\t\t\t\t\t<\/ul>\n\t<\/div>\n\t<div class=\"fusion-post-content-wrapper\" style=\"padding:15px 25px 15px 25px;\"><div class=\"fusion-post-content post-content\"><h2 class=\"blog-shortcode-post-title entry-title\"><a href=\"https:\/\/culturefoodblog.de\/en\/ostern-ohne-lamm-ist-wie\/\">Ostern ohne Lamm ist wie &#8230; !?<\/a><\/h2><\/div><\/div><div class=\"fusion-clearfix\"><\/div><\/div>\n<\/article>\n<article id=\"blog-3-post-7575\" class=\"fusion-post-grid post-7575 post type-post status-publish format-standard has-post-thumbnail hentry category-fleischgerichte-steaks category-inspiration category-reis category--festliche-menues-vorschlaege category-rezepte-03-marz category-rezepte-04-april category--sonntagsrezepte-aus-meiner-landhauskueche tag-geschmorte-lammkeule tag-lamm tag-lammkeule-aus-dem-ofen tag-sonntagsbraten\">\n<div class=\"fusion-post-wrapper\" style=\"background-color:var(--awb-color1);border:none;\">\n\n\t\t\t<div class=\"fusion-flexslider flexslider fusion-flexslider-loading fusion-post-slideshow\" style=\"border-color:rgba(255,255,255,0);\">\n\t\t<ul class=\"slides\">\n\t\t\t\n\t\t\t\t\t\t\t\t\t\t\t\t\t\t<li><div  class=\"fusion-image-wrapper\" aria-haspopup=\"true\">\n\t\t\t\t<img decoding=\"async\" width=\"1500\" height=\"1090\" src=\"https:\/\/culturefoodblog.de\/wp-content\/uploads\/2024\/05\/lammkeule_teaser.jpg\" class=\"attachment-full size-full lazyload wp-post-image\" alt=\"\" srcset=\"data:image\/svg+xml,%3Csvg%20xmlns%3D%27http%3A%2F%2Fwww.w3.org%2F2000%2Fsvg%27%20width%3D%271500%27%20height%3D%271090%27%20viewBox%3D%270%200%201500%201090%27%3E%3Crect%20width%3D%271500%27%20height%3D%271090%27%20fill-opacity%3D%220%22%2F%3E%3C%2Fsvg%3E\" data-orig-src=\"https:\/\/culturefoodblog.de\/wp-content\/uploads\/2024\/05\/lammkeule_teaser.jpg\" data-srcset=\"https:\/\/culturefoodblog.de\/wp-content\/uploads\/2024\/05\/lammkeule_teaser-600x436.jpg 600w, https:\/\/culturefoodblog.de\/wp-content\/uploads\/2024\/05\/lammkeule_teaser.jpg 1500w\" data-sizes=\"auto\" \/><div class=\"fusion-rollover\">\n\t<div class=\"fusion-rollover-content\">\n\n\t\t\t\t\t\t\t\t\t\t\t\t\t\t<a class=\"fusion-rollover-link\" href=\"https:\/\/culturefoodblog.de\/en\/geschmorte-lammkeule\/\">Es gibt Lamm, Baby<\/a>\n\t\t\t\n\t\t\t\t\t\t\t\t\n\t\t\n\t\t\t\t\t\t\t\t\t\t\t\t<h4 class=\"fusion-rollover-title\">\n\t\t\t\t\t<a class=\"fusion-rollover-title-link\" href=\"https:\/\/culturefoodblog.de\/en\/geschmorte-lammkeule\/\">\n\t\t\t\t\t\tEs gibt Lamm, Baby\t\t\t\t\t<\/a>\n\t\t\t\t<\/h4>\n\t\t\t\n\t\t\t\t\t\t\t\t\n\t\t\n\t\t\t\t\t\t<a class=\"fusion-link-wrapper\" href=\"https:\/\/culturefoodblog.de\/en\/geschmorte-lammkeule\/\" aria-label=\"Es gibt Lamm, Baby\"><\/a>\n\t<\/div>\n<\/div>\n<\/div>\n<\/li>\n\t\t\t\n\t\t\t\n\t\t\t\t\t\t\t\t\t\t\t\t\t\t\t\t\t\t\t\t\t\t\t\t\t\t\t\t\t\t\t\t\t\t\t\t\t\t\t\t\t\t\t\t\t\t\t\t\t\t\t\t\t\t\t\t\t\t\t\t\t\t\t\t\t\t\t\t<\/ul>\n\t<\/div>\n\t<div class=\"fusion-post-content-wrapper\" style=\"padding:15px 25px 15px 25px;\"><div class=\"fusion-post-content post-content\"><h2 class=\"blog-shortcode-post-title entry-title\"><a href=\"https:\/\/culturefoodblog.de\/en\/geschmorte-lammkeule\/\">Es gibt Lamm, Baby<\/a><\/h2><\/div><\/div><div class=\"fusion-clearfix\"><\/div><\/div>\n<\/article>\n<article id=\"blog-3-post-6979\" class=\"fusion-post-grid post-6979 post type-post status-publish format-standard has-post-thumbnail hentry category-fleischgerichte-steaks category--festliche-menues-vorschlaege category-rezepte-03-marz category-rezepte-04-april tag-kitz tag-osterkitz tag-osterzicklein tag-zicklein tag-ziege tag-ziegenfleisch\">\n<div class=\"fusion-post-wrapper\" style=\"background-color:var(--awb-color1);border:none;\">\n\n\t\t\t<div class=\"fusion-flexslider flexslider fusion-flexslider-loading fusion-post-slideshow\" style=\"border-color:rgba(255,255,255,0);\">\n\t\t<ul class=\"slides\">\n\t\t\t\n\t\t\t\t\t\t\t\t\t\t\t\t\t\t<li><div  class=\"fusion-image-wrapper\" aria-haspopup=\"true\">\n\t\t\t\t<img decoding=\"async\" width=\"900\" height=\"637\" src=\"https:\/\/culturefoodblog.de\/wp-content\/uploads\/2022\/04\/zicklein_grillen_titel.jpg\" class=\"attachment-full size-full lazyload wp-post-image\" alt=\"\" srcset=\"data:image\/svg+xml,%3Csvg%20xmlns%3D%27http%3A%2F%2Fwww.w3.org%2F2000%2Fsvg%27%20width%3D%27900%27%20height%3D%27637%27%20viewBox%3D%270%200%20900%20637%27%3E%3Crect%20width%3D%27900%27%20height%3D%27637%27%20fill-opacity%3D%220%22%2F%3E%3C%2Fsvg%3E\" data-orig-src=\"https:\/\/culturefoodblog.de\/wp-content\/uploads\/2022\/04\/zicklein_grillen_titel.jpg\" data-srcset=\"https:\/\/culturefoodblog.de\/wp-content\/uploads\/2022\/04\/zicklein_grillen_titel-600x425.jpg 600w, https:\/\/culturefoodblog.de\/wp-content\/uploads\/2022\/04\/zicklein_grillen_titel.jpg 900w\" data-sizes=\"auto\" \/><div class=\"fusion-rollover\">\n\t<div class=\"fusion-rollover-content\">\n\n\t\t\t\t\t\t\t\t\t\t\t\t\t\t<a class=\"fusion-rollover-link\" href=\"https:\/\/culturefoodblog.de\/en\/zicklein\/\">Zicklein vom Holzkohlengrill<\/a>\n\t\t\t\n\t\t\t\t\t\t\t\t\n\t\t\n\t\t\t\t\t\t\t\t\t\t\t\t<h4 class=\"fusion-rollover-title\">\n\t\t\t\t\t<a class=\"fusion-rollover-title-link\" href=\"https:\/\/culturefoodblog.de\/en\/zicklein\/\">\n\t\t\t\t\t\tZicklein vom Holzkohlengrill\t\t\t\t\t<\/a>\n\t\t\t\t<\/h4>\n\t\t\t\n\t\t\t\t\t\t\t\t\n\t\t\n\t\t\t\t\t\t<a class=\"fusion-link-wrapper\" href=\"https:\/\/culturefoodblog.de\/en\/zicklein\/\" aria-label=\"Zicklein vom Holzkohlengrill\"><\/a>\n\t<\/div>\n<\/div>\n<\/div>\n<\/li>\n\t\t\t\n\t\t\t\n\t\t\t\t\t\t\t\t\t\t\t\t\t\t\t\t\t\t\t\t\t\t\t\t\t\t\t\t\t\t\t\t\t\t\t\t\t\t\t\t\t\t\t\t\t\t\t\t\t\t\t\t\t\t\t\t\t\t\t\t\t\t\t\t\t\t\t\t<\/ul>\n\t<\/div>\n\t<div class=\"fusion-post-content-wrapper\" style=\"padding:15px 25px 15px 25px;\"><div class=\"fusion-post-content post-content\"><h2 class=\"blog-shortcode-post-title entry-title\"><a href=\"https:\/\/culturefoodblog.de\/en\/zicklein\/\">Zicklein vom Holzkohlengrill<\/a><\/h2><\/div><\/div><div class=\"fusion-clearfix\"><\/div><\/div>\n<\/article>\n<article id=\"blog-3-post-6767\" class=\"fusion-post-grid post-6767 post type-post status-publish format-standard has-post-thumbnail hentry category-fisch category-suppen category--festliche-menues-vorschlaege tag-chaudree-charentaise tag-die-beste-fischsuppe tag-rezept-chaudree tag-rezept-die-koechin-und-der-praesident tag-rezept-fischconsomme tag-rezept-fischsuppe\">\n<div class=\"fusion-post-wrapper\" style=\"background-color:var(--awb-color1);border:none;\">\n\n\t\t\t<div class=\"fusion-flexslider flexslider fusion-flexslider-loading fusion-post-slideshow\" style=\"border-color:rgba(255,255,255,0);\">\n\t\t<ul class=\"slides\">\n\t\t\t\n\t\t\t\t\t\t\t\t\t\t\t\t\t\t<li><div  class=\"fusion-image-wrapper\" aria-haspopup=\"true\">\n\t\t\t\t<img decoding=\"async\" width=\"750\" height=\"511\" src=\"https:\/\/culturefoodblog.de\/wp-content\/uploads\/2021\/05\/chaudree-titel.jpg\" class=\"attachment-full size-full lazyload wp-post-image\" alt=\"\" srcset=\"data:image\/svg+xml,%3Csvg%20xmlns%3D%27http%3A%2F%2Fwww.w3.org%2F2000%2Fsvg%27%20width%3D%27750%27%20height%3D%27511%27%20viewBox%3D%270%200%20750%20511%27%3E%3Crect%20width%3D%27750%27%20height%3D%27511%27%20fill-opacity%3D%220%22%2F%3E%3C%2Fsvg%3E\" data-orig-src=\"https:\/\/culturefoodblog.de\/wp-content\/uploads\/2021\/05\/chaudree-titel.jpg\" data-srcset=\"https:\/\/culturefoodblog.de\/wp-content\/uploads\/2021\/05\/chaudree-titel-600x409.jpg 600w, https:\/\/culturefoodblog.de\/wp-content\/uploads\/2021\/05\/chaudree-titel.jpg 750w\" data-sizes=\"auto\" \/><div class=\"fusion-rollover\">\n\t<div class=\"fusion-rollover-content\">\n\n\t\t\t\t\t\t\t\t\t\t\t\t\t\t<a class=\"fusion-rollover-link\" href=\"https:\/\/culturefoodblog.de\/en\/fischsuppe-fischconsomme\/\">Fisch-Consomm\u00e9<\/a>\n\t\t\t\n\t\t\t\t\t\t\t\t\n\t\t\n\t\t\t\t\t\t\t\t\t\t\t\t<h4 class=\"fusion-rollover-title\">\n\t\t\t\t\t<a class=\"fusion-rollover-title-link\" href=\"https:\/\/culturefoodblog.de\/en\/fischsuppe-fischconsomme\/\">\n\t\t\t\t\t\tFisch-Consomm\u00e9\t\t\t\t\t<\/a>\n\t\t\t\t<\/h4>\n\t\t\t\n\t\t\t\t\t\t\t\t\n\t\t\n\t\t\t\t\t\t<a class=\"fusion-link-wrapper\" href=\"https:\/\/culturefoodblog.de\/en\/fischsuppe-fischconsomme\/\" aria-label=\"Fisch-Consomm\u00e9\"><\/a>\n\t<\/div>\n<\/div>\n<\/div>\n<\/li>\n\t\t\t\n\t\t\t\n\t\t\t\t\t\t\t\t\t\t\t\t\t\t\t\t\t\t\t\t\t\t\t\t\t\t\t\t\t\t\t\t\t\t\t\t\t\t\t\t\t\t\t\t\t\t\t\t\t\t\t\t\t\t\t\t\t\t\t\t\t\t\t\t\t\t\t\t<\/ul>\n\t<\/div>\n\t<div class=\"fusion-post-content-wrapper\" style=\"padding:15px 25px 15px 25px;\"><div class=\"fusion-post-content post-content\"><h2 class=\"blog-shortcode-post-title entry-title\"><a href=\"https:\/\/culturefoodblog.de\/en\/fischsuppe-fischconsomme\/\">Fisch-Consomm\u00e9<\/a><\/h2><\/div><\/div><div class=\"fusion-clearfix\"><\/div><\/div>\n<\/article>\n<article id=\"blog-3-post-2391\" class=\"fusion-post-grid post-2391 post type-post status-publish format-standard has-post-thumbnail hentry category-fleischgerichte-steaks category--festliche-menues-vorschlaege category-rezepte-03-marz category-rezepte-04-april tag-lamm tag-osterlamm tag-zicklein\">\n<div class=\"fusion-post-wrapper\" style=\"background-color:var(--awb-color1);border:none;\">\n\n\t\t\t<div class=\"fusion-flexslider flexslider fusion-flexslider-loading fusion-post-slideshow\" style=\"border-color:rgba(255,255,255,0);\">\n\t\t<ul class=\"slides\">\n\t\t\t\n\t\t\t\t\t\t\t\t\t\t\t\t\t\t<li><div  class=\"fusion-image-wrapper\" aria-haspopup=\"true\">\n\t\t\t\t<img decoding=\"async\" width=\"578\" height=\"394\" src=\"data:image\/svg+xml,%3Csvg%20xmlns%3D%27http%3A%2F%2Fwww.w3.org%2F2000%2Fsvg%27%20width%3D%27578%27%20height%3D%27394%27%20viewBox%3D%270%200%20578%20394%27%3E%3Crect%20width%3D%27578%27%20height%3D%27394%27%20fill-opacity%3D%220%22%2F%3E%3C%2Fsvg%3E\" class=\"attachment-full size-full lazyload wp-post-image\" alt=\"\" data-orig-src=\"https:\/\/culturefoodblog.de\/wp-content\/uploads\/2016\/03\/lamm_und_zicklein-578x394-2.jpg\" \/><div class=\"fusion-rollover\">\n\t<div class=\"fusion-rollover-content\">\n\n\t\t\t\t\t\t\t\t\t\t\t\t\t\t<a class=\"fusion-rollover-link\" href=\"https:\/\/culturefoodblog.de\/en\/ostern-2016-zicklein-und-milchlamm-aus-dem-ofen\/\">Ostern: Zicklein und Milchlamm aus dem Ofen<\/a>\n\t\t\t\n\t\t\t\t\t\t\t\t\n\t\t\n\t\t\t\t\t\t\t\t\t\t\t\t<h4 class=\"fusion-rollover-title\">\n\t\t\t\t\t<a class=\"fusion-rollover-title-link\" href=\"https:\/\/culturefoodblog.de\/en\/ostern-2016-zicklein-und-milchlamm-aus-dem-ofen\/\">\n\t\t\t\t\t\tOstern: Zicklein und Milchlamm aus dem Ofen\t\t\t\t\t<\/a>\n\t\t\t\t<\/h4>\n\t\t\t\n\t\t\t\t\t\t\t\t\n\t\t\n\t\t\t\t\t\t<a class=\"fusion-link-wrapper\" href=\"https:\/\/culturefoodblog.de\/en\/ostern-2016-zicklein-und-milchlamm-aus-dem-ofen\/\" aria-label=\"Ostern: Zicklein und Milchlamm aus dem Ofen\"><\/a>\n\t<\/div>\n<\/div>\n<\/div>\n<\/li>\n\t\t\t\n\t\t\t\n\t\t\t\t\t\t\t\t\t\t\t\t\t\t\t\t\t\t\t\t\t\t\t\t\t\t\t\t\t\t\t\t\t\t\t\t\t\t\t\t\t\t\t\t\t\t\t\t\t\t\t\t\t\t\t\t\t\t\t\t\t\t\t\t\t\t\t\t<\/ul>\n\t<\/div>\n\t<div class=\"fusion-post-content-wrapper\" style=\"padding:15px 25px 15px 25px;\"><div class=\"fusion-post-content post-content\"><h2 class=\"blog-shortcode-post-title entry-title\"><a href=\"https:\/\/culturefoodblog.de\/en\/ostern-2016-zicklein-und-milchlamm-aus-dem-ofen\/\">Ostern: Zicklein und Milchlamm aus dem Ofen<\/a><\/h2><\/div><\/div><div class=\"fusion-clearfix\"><\/div><\/div>\n<\/article>\n<article id=\"blog-3-post-7615\" class=\"fusion-post-grid post-7615 post type-post status-publish format-standard has-post-thumbnail hentry category-fleischgerichte-steaks category--festliche-menues-vorschlaege\">\n<div class=\"fusion-post-wrapper\" style=\"background-color:var(--awb-color1);border:none;\">\n\n\t\t\t<div class=\"fusion-flexslider flexslider fusion-flexslider-loading fusion-post-slideshow\" style=\"border-color:rgba(255,255,255,0);\">\n\t\t<ul class=\"slides\">\n\t\t\t\n\t\t\t\t\t\t\t\t\t\t\t\t\t\t<li><div  class=\"fusion-image-wrapper\" aria-haspopup=\"true\">\n\t\t\t\t<img decoding=\"async\" width=\"1500\" height=\"1125\" src=\"https:\/\/culturefoodblog.de\/wp-content\/uploads\/2024\/05\/shortribs_teaser.jpg\" class=\"attachment-full size-full lazyload wp-post-image\" alt=\"\" srcset=\"data:image\/svg+xml,%3Csvg%20xmlns%3D%27http%3A%2F%2Fwww.w3.org%2F2000%2Fsvg%27%20width%3D%271500%27%20height%3D%271125%27%20viewBox%3D%270%200%201500%201125%27%3E%3Crect%20width%3D%271500%27%20height%3D%271125%27%20fill-opacity%3D%220%22%2F%3E%3C%2Fsvg%3E\" data-orig-src=\"https:\/\/culturefoodblog.de\/wp-content\/uploads\/2024\/05\/shortribs_teaser.jpg\" data-srcset=\"https:\/\/culturefoodblog.de\/wp-content\/uploads\/2024\/05\/shortribs_teaser-600x450.jpg 600w, https:\/\/culturefoodblog.de\/wp-content\/uploads\/2024\/05\/shortribs_teaser-800x600.jpg 800w, https:\/\/culturefoodblog.de\/wp-content\/uploads\/2024\/05\/shortribs_teaser.jpg 1500w\" data-sizes=\"auto\" \/><div class=\"fusion-rollover\">\n\t<div class=\"fusion-rollover-content\">\n\n\t\t\t\t\t\t\t\t\t\t\t\t\t\t<a class=\"fusion-rollover-link\" href=\"https:\/\/culturefoodblog.de\/en\/geschmorte-short-ribs\/\">Geschmorte Short Ribs<\/a>\n\t\t\t\n\t\t\t\t\t\t\t\t\n\t\t\n\t\t\t\t\t\t\t\t\t\t\t\t<h4 class=\"fusion-rollover-title\">\n\t\t\t\t\t<a class=\"fusion-rollover-title-link\" href=\"https:\/\/culturefoodblog.de\/en\/geschmorte-short-ribs\/\">\n\t\t\t\t\t\tGeschmorte Short Ribs\t\t\t\t\t<\/a>\n\t\t\t\t<\/h4>\n\t\t\t\n\t\t\t\t\t\t\t\t\n\t\t\n\t\t\t\t\t\t<a class=\"fusion-link-wrapper\" href=\"https:\/\/culturefoodblog.de\/en\/geschmorte-short-ribs\/\" aria-label=\"Geschmorte Short Ribs\"><\/a>\n\t<\/div>\n<\/div>\n<\/div>\n<\/li>\n\t\t\t\n\t\t\t\n\t\t\t\t\t\t\t\t\t\t\t\t\t\t\t\t\t\t\t\t\t\t\t\t\t\t\t\t\t\t\t\t\t\t\t\t\t\t\t\t\t\t\t\t\t\t\t\t\t\t\t\t\t\t\t\t\t\t\t\t\t\t\t\t\t\t\t\t<\/ul>\n\t<\/div>\n\t<div class=\"fusion-post-content-wrapper\" style=\"padding:15px 25px 15px 25px;\"><div class=\"fusion-post-content post-content\"><h2 class=\"blog-shortcode-post-title entry-title\"><a href=\"https:\/\/culturefoodblog.de\/en\/geschmorte-short-ribs\/\">Geschmorte Short Ribs<\/a><\/h2><\/div><\/div><div class=\"fusion-clearfix\"><\/div><\/div>\n<\/article>\n<article id=\"blog-3-post-6611\" class=\"fusion-post-grid post-6611 post type-post status-publish format-standard has-post-thumbnail hentry category-fisch category--festliche-menues-vorschlaege tag-gefuellter-kohl tag-lachstorte tag-recette-chou-farci-au-saumon tag-recette-les-saveurs-du-palais-saumon tag-rezept-die-koechin-und-der-praesident tag-rezept-lachs-im-wirsing\">\n<div class=\"fusion-post-wrapper\" style=\"background-color:var(--awb-color1);border:none;\">\n\n\t\t\t<div class=\"fusion-flexslider flexslider fusion-flexslider-loading fusion-post-slideshow\" style=\"border-color:rgba(255,255,255,0);\">\n\t\t<ul class=\"slides\">\n\t\t\t\n\t\t\t\t\t\t\t\t\t\t\t\t\t\t<li><div  class=\"fusion-image-wrapper\" aria-haspopup=\"true\">\n\t\t\t\t<img decoding=\"async\" width=\"700\" height=\"477\" src=\"https:\/\/culturefoodblog.de\/wp-content\/uploads\/2021\/03\/lachs_im_wirsing_titel.jpg\" class=\"attachment-full size-full lazyload wp-post-image\" alt=\"\" srcset=\"data:image\/svg+xml,%3Csvg%20xmlns%3D%27http%3A%2F%2Fwww.w3.org%2F2000%2Fsvg%27%20width%3D%27700%27%20height%3D%27477%27%20viewBox%3D%270%200%20700%20477%27%3E%3Crect%20width%3D%27700%27%20height%3D%27477%27%20fill-opacity%3D%220%22%2F%3E%3C%2Fsvg%3E\" data-orig-src=\"https:\/\/culturefoodblog.de\/wp-content\/uploads\/2021\/03\/lachs_im_wirsing_titel.jpg\" data-srcset=\"https:\/\/culturefoodblog.de\/wp-content\/uploads\/2021\/03\/lachs_im_wirsing_titel-600x409.jpg 600w, https:\/\/culturefoodblog.de\/wp-content\/uploads\/2021\/03\/lachs_im_wirsing_titel.jpg 700w\" data-sizes=\"auto\" \/><div class=\"fusion-rollover\">\n\t<div class=\"fusion-rollover-content\">\n\n\t\t\t\t\t\t\t\t\t\t\t\t\t\t<a class=\"fusion-rollover-link\" href=\"https:\/\/culturefoodblog.de\/en\/lachstorte_lachswirsing_choufarciausaumon\/\">Gef\u00fcllter Kohl \/ Lachstorte<\/a>\n\t\t\t\n\t\t\t\t\t\t\t\t\n\t\t\n\t\t\t\t\t\t\t\t\t\t\t\t<h4 class=\"fusion-rollover-title\">\n\t\t\t\t\t<a class=\"fusion-rollover-title-link\" href=\"https:\/\/culturefoodblog.de\/en\/lachstorte_lachswirsing_choufarciausaumon\/\">\n\t\t\t\t\t\tGef\u00fcllter Kohl \/ Lachstorte\t\t\t\t\t<\/a>\n\t\t\t\t<\/h4>\n\t\t\t\n\t\t\t\t\t\t\t\t\n\t\t\n\t\t\t\t\t\t<a class=\"fusion-link-wrapper\" href=\"https:\/\/culturefoodblog.de\/en\/lachstorte_lachswirsing_choufarciausaumon\/\" aria-label=\"Gef\u00fcllter Kohl \/ Lachstorte\"><\/a>\n\t<\/div>\n<\/div>\n<\/div>\n<\/li>\n\t\t\t\n\t\t\t\n\t\t\t\t\t\t\t\t\t\t\t\t\t\t\t\t\t\t\t\t\t\t\t\t\t\t\t\t\t\t\t\t\t\t\t\t\t\t\t\t\t\t\t\t\t\t\t\t\t\t\t\t\t\t\t\t\t\t\t\t\t\t\t\t\t\t\t\t<\/ul>\n\t<\/div>\n\t<div class=\"fusion-post-content-wrapper\" style=\"padding:15px 25px 15px 25px;\"><div class=\"fusion-post-content post-content\"><h2 class=\"blog-shortcode-post-title entry-title\"><a href=\"https:\/\/culturefoodblog.de\/en\/lachstorte_lachswirsing_choufarciausaumon\/\">Gef\u00fcllter Kohl \/ Lachstorte<\/a><\/h2><\/div><\/div><div class=\"fusion-clearfix\"><\/div><\/div>\n<\/article>\n<article id=\"blog-3-post-5545\" class=\"fusion-post-grid post-5545 post type-post status-publish format-standard has-post-thumbnail hentry category--festliche-menues-vorschlaege category-rezepte-12-dezember tag-weihnachtsmenue\">\n<div class=\"fusion-post-wrapper\" style=\"background-color:var(--awb-color1);border:none;\">\n\n\t\t\t<div class=\"fusion-flexslider flexslider fusion-flexslider-loading fusion-post-slideshow\" style=\"border-color:rgba(255,255,255,0);\">\n\t\t<ul class=\"slides\">\n\t\t\t\n\t\t\t\t\t\t\t\t\t\t\t\t\t\t<li><div  class=\"fusion-image-wrapper\" aria-haspopup=\"true\">\n\t\t\t\t<img decoding=\"async\" width=\"700\" height=\"477\" src=\"https:\/\/culturefoodblog.de\/wp-content\/uploads\/2017\/12\/weihnachtsmenu2017-teaser1.jpg\" class=\"attachment-full size-full lazyload wp-post-image\" alt=\"\" srcset=\"data:image\/svg+xml,%3Csvg%20xmlns%3D%27http%3A%2F%2Fwww.w3.org%2F2000%2Fsvg%27%20width%3D%27700%27%20height%3D%27477%27%20viewBox%3D%270%200%20700%20477%27%3E%3Crect%20width%3D%27700%27%20height%3D%27477%27%20fill-opacity%3D%220%22%2F%3E%3C%2Fsvg%3E\" data-orig-src=\"https:\/\/culturefoodblog.de\/wp-content\/uploads\/2017\/12\/weihnachtsmenu2017-teaser1.jpg\" data-srcset=\"https:\/\/culturefoodblog.de\/wp-content\/uploads\/2017\/12\/weihnachtsmenu2017-teaser1-600x409.jpg 600w, https:\/\/culturefoodblog.de\/wp-content\/uploads\/2017\/12\/weihnachtsmenu2017-teaser1.jpg 700w\" data-sizes=\"auto\" \/><div class=\"fusion-rollover\">\n\t<div class=\"fusion-rollover-content\">\n\n\t\t\t\t\t\t\t\t\t\t\t\t\t\t<a class=\"fusion-rollover-link\" href=\"https:\/\/culturefoodblog.de\/en\/weihnachtsmenue-2017\/\">Weihnachtsmen\u00fc 2017<\/a>\n\t\t\t\n\t\t\t\t\t\t\t\t\n\t\t\n\t\t\t\t\t\t\t\t\t\t\t\t<h4 class=\"fusion-rollover-title\">\n\t\t\t\t\t<a class=\"fusion-rollover-title-link\" href=\"https:\/\/culturefoodblog.de\/en\/weihnachtsmenue-2017\/\">\n\t\t\t\t\t\tWeihnachtsmen\u00fc 2017\t\t\t\t\t<\/a>\n\t\t\t\t<\/h4>\n\t\t\t\n\t\t\t\t\t\t\t\t\n\t\t\n\t\t\t\t\t\t<a class=\"fusion-link-wrapper\" href=\"https:\/\/culturefoodblog.de\/en\/weihnachtsmenue-2017\/\" aria-label=\"Weihnachtsmen\u00fc 2017\"><\/a>\n\t<\/div>\n<\/div>\n<\/div>\n<\/li>\n\t\t\t\n\t\t\t\n\t\t\t\t\t\t\t\t\t\t\t\t\t\t\t\t\t\t\t\t\t\t\t\t\t\t\t\t\t\t\t\t\t\t\t\t\t\t\t\t\t\t\t\t\t\t\t\t\t\t\t\t\t\t\t\t\t\t\t\t\t\t\t\t\t\t\t\t<\/ul>\n\t<\/div>\n\t<div class=\"fusion-post-content-wrapper\" style=\"padding:15px 25px 15px 25px;\"><div class=\"fusion-post-content post-content\"><h2 class=\"blog-shortcode-post-title entry-title\"><a href=\"https:\/\/culturefoodblog.de\/en\/weihnachtsmenue-2017\/\">Weihnachtsmen\u00fc 2017<\/a><\/h2><\/div><\/div><div class=\"fusion-clearfix\"><\/div><\/div>\n<\/article>\n<article id=\"blog-3-post-8410\" class=\"fusion-post-grid post-8410 post type-post status-publish format-standard has-post-thumbnail hentry category-fleischgerichte-steaks category--festliche-menues-vorschlaege tag-lamm tag-lammkeule tag-lammkeule-marokko tag-marokkanische-lammkeule tag-rezept-lammkeule\">\n<div class=\"fusion-post-wrapper\" style=\"background-color:var(--awb-color1);border:none;\">\n\n\t\t\t<div class=\"fusion-flexslider flexslider fusion-flexslider-loading fusion-post-slideshow\" style=\"border-color:rgba(255,255,255,0);\">\n\t\t<ul class=\"slides\">\n\t\t\t\n\t\t\t\t\t\t\t\t\t\t\t\t\t\t<li><div  class=\"fusion-image-wrapper\" aria-haspopup=\"true\">\n\t\t\t\t<img decoding=\"async\" width=\"2464\" height=\"1856\" src=\"https:\/\/culturefoodblog.de\/wp-content\/uploads\/2025\/03\/marokkanische-lammkeule-cf.jpeg\" class=\"attachment-full size-full lazyload wp-post-image\" alt=\"\" srcset=\"data:image\/svg+xml,%3Csvg%20xmlns%3D%27http%3A%2F%2Fwww.w3.org%2F2000%2Fsvg%27%20width%3D%272464%27%20height%3D%271856%27%20viewBox%3D%270%200%202464%201856%27%3E%3Crect%20width%3D%272464%27%20height%3D%271856%27%20fill-opacity%3D%220%22%2F%3E%3C%2Fsvg%3E\" data-orig-src=\"https:\/\/culturefoodblog.de\/wp-content\/uploads\/2025\/03\/marokkanische-lammkeule-cf.jpeg\" data-srcset=\"https:\/\/culturefoodblog.de\/wp-content\/uploads\/2025\/03\/marokkanische-lammkeule-cf-600x452.jpeg 600w, https:\/\/culturefoodblog.de\/wp-content\/uploads\/2025\/03\/marokkanische-lammkeule-cf.jpeg 2464w\" data-sizes=\"auto\" \/><div class=\"fusion-rollover\">\n\t<div class=\"fusion-rollover-content\">\n\n\t\t\t\t\t\t\t\t\t\t\t\t\t\t<a class=\"fusion-rollover-link\" href=\"https:\/\/culturefoodblog.de\/en\/lammkeule\/\">Lammkeule aus dem Ofen \u2013 marokkanische Art<\/a>\n\t\t\t\n\t\t\t\t\t\t\t\t\n\t\t\n\t\t\t\t\t\t\t\t\t\t\t\t<h4 class=\"fusion-rollover-title\">\n\t\t\t\t\t<a class=\"fusion-rollover-title-link\" href=\"https:\/\/culturefoodblog.de\/en\/lammkeule\/\">\n\t\t\t\t\t\tLammkeule aus dem Ofen \u2013 marokkanische Art\t\t\t\t\t<\/a>\n\t\t\t\t<\/h4>\n\t\t\t\n\t\t\t\t\t\t\t\t\n\t\t\n\t\t\t\t\t\t<a class=\"fusion-link-wrapper\" href=\"https:\/\/culturefoodblog.de\/en\/lammkeule\/\" aria-label=\"Lammkeule aus dem Ofen \u2013 marokkanische Art\"><\/a>\n\t<\/div>\n<\/div>\n<\/div>\n<\/li>\n\t\t\t\n\t\t\t\n\t\t\t\t\t\t\t\t\t\t\t\t\t\t\t\t\t\t\t\t\t\t\t\t\t\t\t\t\t\t\t\t\t\t\t\t\t\t\t\t\t\t\t\t\t\t\t\t\t\t\t\t\t\t\t\t\t\t\t\t\t\t\t\t\t\t\t\t<\/ul>\n\t<\/div>\n\t<div class=\"fusion-post-content-wrapper\" style=\"padding:15px 25px 15px 25px;\"><div class=\"fusion-post-content post-content\"><h2 class=\"blog-shortcode-post-title entry-title\"><a href=\"https:\/\/culturefoodblog.de\/en\/lammkeule\/\">Lammkeule aus dem Ofen \u2013 marokkanische Art<\/a><\/h2><\/div><\/div><div class=\"fusion-clearfix\"><\/div><\/div>\n<\/article>\n<article id=\"blog-3-post-778\" class=\"fusion-post-grid post-778 post type-post status-publish format-standard has-post-thumbnail hentry category-fisch category-gemuse category--festliche-menues-vorschlaege tag-lachs-linsen-terrine tag-lachs-und-linsen tag-lachsterrine tag-linsen-lachsterrine tag-linsen-mit-lachs tag-linsen-und-raucherlachs tag-linsenterrine tag-raucherlachsterrine tag-rezept-lachsterrine tag-rezept-lacht\">\n<div class=\"fusion-post-wrapper\" style=\"background-color:var(--awb-color1);border:none;\">\n\n\t\t\t<div class=\"fusion-flexslider flexslider fusion-flexslider-loading fusion-post-slideshow\" style=\"border-color:rgba(255,255,255,0);\">\n\t\t<ul class=\"slides\">\n\t\t\t\n\t\t\t\t\t\t\t\t\t\t\t\t\t\t<li><div  class=\"fusion-image-wrapper\" aria-haspopup=\"true\">\n\t\t\t\t<img decoding=\"async\" width=\"578\" height=\"394\" src=\"data:image\/svg+xml,%3Csvg%20xmlns%3D%27http%3A%2F%2Fwww.w3.org%2F2000%2Fsvg%27%20width%3D%27578%27%20height%3D%27394%27%20viewBox%3D%270%200%20578%20394%27%3E%3Crect%20width%3D%27578%27%20height%3D%27394%27%20fill-opacity%3D%220%22%2F%3E%3C%2Fsvg%3E\" class=\"attachment-full size-full lazyload wp-post-image\" alt=\"\" data-orig-src=\"https:\/\/culturefoodblog.de\/wp-content\/uploads\/2012\/05\/lachs_linsen-1.jpg\" \/><div class=\"fusion-rollover\">\n\t<div class=\"fusion-rollover-content\">\n\n\t\t\t\t\t\t\t\t\t\t\t\t\t\t<a class=\"fusion-rollover-link\" href=\"https:\/\/culturefoodblog.de\/en\/linsen-und-raucherlachs-terrine\/\">Linsen und R\u00e4ucherlachs-Terrine<\/a>\n\t\t\t\n\t\t\t\t\t\t\t\t\n\t\t\n\t\t\t\t\t\t\t\t\t\t\t\t<h4 class=\"fusion-rollover-title\">\n\t\t\t\t\t<a class=\"fusion-rollover-title-link\" href=\"https:\/\/culturefoodblog.de\/en\/linsen-und-raucherlachs-terrine\/\">\n\t\t\t\t\t\tLinsen und R\u00e4ucherlachs-Terrine\t\t\t\t\t<\/a>\n\t\t\t\t<\/h4>\n\t\t\t\n\t\t\t\t\t\t\t\t\n\t\t\n\t\t\t\t\t\t<a class=\"fusion-link-wrapper\" href=\"https:\/\/culturefoodblog.de\/en\/linsen-und-raucherlachs-terrine\/\" aria-label=\"Linsen und R\u00e4ucherlachs-Terrine\"><\/a>\n\t<\/div>\n<\/div>\n<\/div>\n<\/li>\n\t\t\t\n\t\t\t\n\t\t\t\t\t\t\t\t\t\t\t\t\t\t\t\t\t\t\t\t\t\t\t\t\t\t\t\t\t\t\t\t\t\t\t\t\t\t\t\t\t\t\t\t\t\t\t\t\t\t\t\t\t\t\t\t\t\t\t\t\t\t\t\t\t\t\t\t<\/ul>\n\t<\/div>\n\t<div class=\"fusion-post-content-wrapper\" style=\"padding:15px 25px 15px 25px;\"><div class=\"fusion-post-content post-content\"><h2 class=\"blog-shortcode-post-title entry-title\"><a href=\"https:\/\/culturefoodblog.de\/en\/linsen-und-raucherlachs-terrine\/\">Linsen und R\u00e4ucherlachs-Terrine<\/a><\/h2><\/div><\/div><div class=\"fusion-clearfix\"><\/div><\/div>\n<\/article>\n<article id=\"blog-3-post-4642\" class=\"fusion-post-grid post-4642 post type-post status-publish format-standard has-post-thumbnail hentry category-geflugel category--festliche-menues-vorschlaege category-rezepte-11-november category-rezepte-12-dezember\">\n<div class=\"fusion-post-wrapper\" style=\"background-color:var(--awb-color1);border:none;\">\n\n\t\t\t<div class=\"fusion-flexslider flexslider fusion-flexslider-loading fusion-post-slideshow\" style=\"border-color:rgba(255,255,255,0);\">\n\t\t<ul class=\"slides\">\n\t\t\t\n\t\t\t\t\t\t\t\t\t\t\t\t\t\t<li><div  class=\"fusion-image-wrapper\" aria-haspopup=\"true\">\n\t\t\t\t<img decoding=\"async\" width=\"1000\" height=\"679\" src=\"https:\/\/culturefoodblog.de\/wp-content\/uploads\/2016\/11\/g\u00e4nsebraten-teaser2.jpg\" class=\"attachment-full size-full lazyload wp-post-image\" alt=\"\" srcset=\"data:image\/svg+xml,%3Csvg%20xmlns%3D%27http%3A%2F%2Fwww.w3.org%2F2000%2Fsvg%27%20width%3D%271000%27%20height%3D%27679%27%20viewBox%3D%270%200%201000%20679%27%3E%3Crect%20width%3D%271000%27%20height%3D%27679%27%20fill-opacity%3D%220%22%2F%3E%3C%2Fsvg%3E\" data-orig-src=\"https:\/\/culturefoodblog.de\/wp-content\/uploads\/2016\/11\/g\u00e4nsebraten-teaser2.jpg\" data-srcset=\"https:\/\/culturefoodblog.de\/wp-content\/uploads\/2016\/11\/g\u00e4nsebraten-teaser2-600x407.jpg 600w, https:\/\/culturefoodblog.de\/wp-content\/uploads\/2016\/11\/g\u00e4nsebraten-teaser2.jpg 1000w\" data-sizes=\"auto\" \/><div class=\"fusion-rollover\">\n\t<div class=\"fusion-rollover-content\">\n\n\t\t\t\t\t\t\t\t\t\t\t\t\t\t<a class=\"fusion-rollover-link\" href=\"https:\/\/culturefoodblog.de\/en\/zweierlei-von-der-gans-gaensebraten\/\">Zweierlei von der Gans (G\u00e4nsebraten)<\/a>\n\t\t\t\n\t\t\t\t\t\t\t\t\n\t\t\n\t\t\t\t\t\t\t\t\t\t\t\t<h4 class=\"fusion-rollover-title\">\n\t\t\t\t\t<a class=\"fusion-rollover-title-link\" href=\"https:\/\/culturefoodblog.de\/en\/zweierlei-von-der-gans-gaensebraten\/\">\n\t\t\t\t\t\tZweierlei von der Gans (G\u00e4nsebraten)\t\t\t\t\t<\/a>\n\t\t\t\t<\/h4>\n\t\t\t\n\t\t\t\t\t\t\t\t\n\t\t\n\t\t\t\t\t\t<a class=\"fusion-link-wrapper\" href=\"https:\/\/culturefoodblog.de\/en\/zweierlei-von-der-gans-gaensebraten\/\" aria-label=\"Zweierlei von der Gans (G\u00e4nsebraten)\"><\/a>\n\t<\/div>\n<\/div>\n<\/div>\n<\/li>\n\t\t\t\n\t\t\t\n\t\t\t\t\t\t\t\t\t\t\t\t\t\t\t\t\t\t\t\t\t\t\t\t\t\t\t\t\t\t\t\t\t\t\t\t\t\t\t\t\t\t\t\t\t\t\t\t\t\t\t\t\t\t\t\t\t\t\t\t\t\t\t\t\t\t\t\t<\/ul>\n\t<\/div>\n\t<div class=\"fusion-post-content-wrapper\" style=\"padding:15px 25px 15px 25px;\"><div class=\"fusion-post-content post-content\"><h2 class=\"blog-shortcode-post-title entry-title\"><a href=\"https:\/\/culturefoodblog.de\/en\/zweierlei-von-der-gans-gaensebraten\/\">Zweierlei von der Gans (G\u00e4nsebraten)<\/a><\/h2><\/div><\/div><div class=\"fusion-clearfix\"><\/div><\/div>\n<\/article>\n<article id=\"blog-3-post-2185\" class=\"fusion-post-grid post-2185 post type-post status-publish format-standard has-post-thumbnail hentry category-fleischgerichte-steaks category--festliche-menues-vorschlaege tag-filet-a-la-wellington tag-filet-wellington tag-rinderfilet-wellington\">\n<div class=\"fusion-post-wrapper\" style=\"background-color:var(--awb-color1);border:none;\">\n\n\t\t\t<div class=\"fusion-flexslider flexslider fusion-flexslider-loading fusion-post-slideshow\" style=\"border-color:rgba(255,255,255,0);\">\n\t\t<ul class=\"slides\">\n\t\t\t\n\t\t\t\t\t\t\t\t\t\t\t\t\t\t<li><div  class=\"fusion-image-wrapper\" aria-haspopup=\"true\">\n\t\t\t\t<img decoding=\"async\" width=\"578\" height=\"394\" src=\"data:image\/svg+xml,%3Csvg%20xmlns%3D%27http%3A%2F%2Fwww.w3.org%2F2000%2Fsvg%27%20width%3D%27578%27%20height%3D%27394%27%20viewBox%3D%270%200%20578%20394%27%3E%3Crect%20width%3D%27578%27%20height%3D%27394%27%20fill-opacity%3D%220%22%2F%3E%3C%2Fsvg%3E\" class=\"attachment-full size-full lazyload wp-post-image\" alt=\"\" data-orig-src=\"https:\/\/culturefoodblog.de\/wp-content\/uploads\/2015\/12\/filet_wellington_culturefood-1.jpg\" \/><div class=\"fusion-rollover\">\n\t<div class=\"fusion-rollover-content\">\n\n\t\t\t\t\t\t\t\t\t\t\t\t\t\t<a class=\"fusion-rollover-link\" href=\"https:\/\/culturefoodblog.de\/en\/filet-wellington\/\">Filet Wellington<\/a>\n\t\t\t\n\t\t\t\t\t\t\t\t\n\t\t\n\t\t\t\t\t\t\t\t\t\t\t\t<h4 class=\"fusion-rollover-title\">\n\t\t\t\t\t<a class=\"fusion-rollover-title-link\" href=\"https:\/\/culturefoodblog.de\/en\/filet-wellington\/\">\n\t\t\t\t\t\tFilet Wellington\t\t\t\t\t<\/a>\n\t\t\t\t<\/h4>\n\t\t\t\n\t\t\t\t\t\t\t\t\n\t\t\n\t\t\t\t\t\t<a class=\"fusion-link-wrapper\" href=\"https:\/\/culturefoodblog.de\/en\/filet-wellington\/\" aria-label=\"Filet Wellington\"><\/a>\n\t<\/div>\n<\/div>\n<\/div>\n<\/li>\n\t\t\t\n\t\t\t\n\t\t\t\t\t\t\t\t\t\t\t\t\t\t\t\t\t\t\t\t\t\t\t\t\t\t\t\t\t\t\t\t\t\t\t\t\t\t\t\t\t\t\t\t\t\t\t\t\t\t\t\t\t\t\t\t\t\t\t\t\t\t\t\t\t\t\t\t<\/ul>\n\t<\/div>\n\t<div class=\"fusion-post-content-wrapper\" style=\"padding:15px 25px 15px 25px;\"><div class=\"fusion-post-content post-content\"><h2 class=\"blog-shortcode-post-title entry-title\"><a href=\"https:\/\/culturefoodblog.de\/en\/filet-wellington\/\">Filet Wellington<\/a><\/h2><\/div><\/div><div class=\"fusion-clearfix\"><\/div><\/div>\n<\/article>\n<article id=\"blog-3-post-2162\" class=\"fusion-post-grid post-2162 post type-post status-publish format-standard has-post-thumbnail hentry category--festliche-menues-vorschlaege category-rezepte-12-dezember tag-filet-wellington tag-vacherin tag-vermicellii tag-weihnachtsmenue\">\n<div class=\"fusion-post-wrapper\" style=\"background-color:var(--awb-color1);border:none;\">\n\n\t\t\t<div class=\"fusion-flexslider flexslider fusion-flexslider-loading fusion-post-slideshow\" style=\"border-color:rgba(255,255,255,0);\">\n\t\t<ul class=\"slides\">\n\t\t\t\n\t\t\t\t\t\t\t\t\t\t\t\t\t\t<li><div  class=\"fusion-image-wrapper\" aria-haspopup=\"true\">\n\t\t\t\t<div class=\"fusion-rollover\">\n\t<div class=\"fusion-rollover-content\">\n\n\t\t\t\t\t\t\t\t\t\t\t\t\t\t<a class=\"fusion-rollover-link\" href=\"https:\/\/culturefoodblog.de\/en\/weihnachtsmenue-2015\/\">Weihnachtsmen\u00fc 2015<\/a>\n\t\t\t\n\t\t\t\t\t\t\t\t\n\t\t\n\t\t\t\t\t\t\t\t\t\t\t\t<h4 class=\"fusion-rollover-title\">\n\t\t\t\t\t<a class=\"fusion-rollover-title-link\" href=\"https:\/\/culturefoodblog.de\/en\/weihnachtsmenue-2015\/\">\n\t\t\t\t\t\tWeihnachtsmen\u00fc 2015\t\t\t\t\t<\/a>\n\t\t\t\t<\/h4>\n\t\t\t\n\t\t\t\t\t\t\t\t\n\t\t\n\t\t\t\t\t\t<a class=\"fusion-link-wrapper\" href=\"https:\/\/culturefoodblog.de\/en\/weihnachtsmenue-2015\/\" aria-label=\"Weihnachtsmen\u00fc 2015\"><\/a>\n\t<\/div>\n<\/div>\n<\/div>\n<\/li>\n\t\t\t\n\t\t\t\n\t\t\t\t\t\t\t\t\t\t\t\t\t\t\t\t\t\t\t\t\t\t\t\t\t\t\t\t\t\t\t\t\t\t\t\t\t\t\t\t\t\t\t\t\t\t\t\t\t\t\t\t\t\t\t\t\t\t\t\t\t\t\t\t\t\t\t\t<\/ul>\n\t<\/div>\n\t<div class=\"fusion-post-content-wrapper\" style=\"padding:15px 25px 15px 25px;\"><div class=\"fusion-post-content post-content\"><h2 class=\"blog-shortcode-post-title entry-title\"><a href=\"https:\/\/culturefoodblog.de\/en\/weihnachtsmenue-2015\/\">Weihnachtsmen\u00fc 2015<\/a><\/h2><\/div><\/div><div class=\"fusion-clearfix\"><\/div><\/div>\n<\/article>\n<article id=\"blog-3-post-5549\" class=\"fusion-post-grid post-5549 post type-post status-publish format-standard has-post-thumbnail hentry category-fleischgerichte-steaks category--festliche-menues-vorschlaege category-rezepte-12-dezember tag-wildschwein tag-wildschwein-gulasch tag-wildschweinragout\">\n<div class=\"fusion-post-wrapper\" style=\"background-color:var(--awb-color1);border:none;\">\n\n\t\t\t<div class=\"fusion-flexslider flexslider fusion-flexslider-loading fusion-post-slideshow\" style=\"border-color:rgba(255,255,255,0);\">\n\t\t<ul class=\"slides\">\n\t\t\t\n\t\t\t\t\t\t\t\t\t\t\t\t\t\t<li><div  class=\"fusion-image-wrapper\" aria-haspopup=\"true\">\n\t\t\t\t<img decoding=\"async\" width=\"700\" height=\"467\" src=\"https:\/\/culturefoodblog.de\/wp-content\/uploads\/2017\/12\/frischling_teaser.jpg\" class=\"attachment-full size-full lazyload wp-post-image\" alt=\"\" srcset=\"data:image\/svg+xml,%3Csvg%20xmlns%3D%27http%3A%2F%2Fwww.w3.org%2F2000%2Fsvg%27%20width%3D%27700%27%20height%3D%27467%27%20viewBox%3D%270%200%20700%20467%27%3E%3Crect%20width%3D%27700%27%20height%3D%27467%27%20fill-opacity%3D%220%22%2F%3E%3C%2Fsvg%3E\" data-orig-src=\"https:\/\/culturefoodblog.de\/wp-content\/uploads\/2017\/12\/frischling_teaser.jpg\" data-srcset=\"https:\/\/culturefoodblog.de\/wp-content\/uploads\/2017\/12\/frischling_teaser-600x400.jpg 600w, https:\/\/culturefoodblog.de\/wp-content\/uploads\/2017\/12\/frischling_teaser.jpg 700w\" data-sizes=\"auto\" \/><div class=\"fusion-rollover\">\n\t<div class=\"fusion-rollover-content\">\n\n\t\t\t\t\t\t\t\t\t\t\t\t\t\t<a class=\"fusion-rollover-link\" href=\"https:\/\/culturefoodblog.de\/en\/ragout-vom-wildschwein\/\">Ragout vom Wildschwein<\/a>\n\t\t\t\n\t\t\t\t\t\t\t\t\n\t\t\n\t\t\t\t\t\t\t\t\t\t\t\t<h4 class=\"fusion-rollover-title\">\n\t\t\t\t\t<a class=\"fusion-rollover-title-link\" href=\"https:\/\/culturefoodblog.de\/en\/ragout-vom-wildschwein\/\">\n\t\t\t\t\t\tRagout vom Wildschwein\t\t\t\t\t<\/a>\n\t\t\t\t<\/h4>\n\t\t\t\n\t\t\t\t\t\t\t\t\n\t\t\n\t\t\t\t\t\t<a class=\"fusion-link-wrapper\" href=\"https:\/\/culturefoodblog.de\/en\/ragout-vom-wildschwein\/\" aria-label=\"Ragout vom Wildschwein\"><\/a>\n\t<\/div>\n<\/div>\n<\/div>\n<\/li>\n\t\t\t\n\t\t\t\n\t\t\t\t\t\t\t\t\t\t\t\t\t\t\t\t\t\t\t\t\t\t\t\t\t\t\t\t\t\t\t\t\t\t\t\t\t\t\t\t\t\t\t\t\t\t\t\t\t\t\t\t\t\t\t\t\t\t\t\t\t\t\t\t\t\t\t\t<\/ul>\n\t<\/div>\n\t<div class=\"fusion-post-content-wrapper\" style=\"padding:15px 25px 15px 25px;\"><div class=\"fusion-post-content post-content\"><h2 class=\"blog-shortcode-post-title entry-title\"><a href=\"https:\/\/culturefoodblog.de\/en\/ragout-vom-wildschwein\/\">Ragout vom Wildschwein<\/a><\/h2><\/div><\/div><div class=\"fusion-clearfix\"><\/div><\/div>\n<\/article>\n<article id=\"blog-3-post-7895\" class=\"fusion-post-grid post-7895 post type-post status-publish format-standard has-post-thumbnail hentry category-fisch category-pasteten-terrinen category--festliche-menues-vorschlaege tag-fischterrine tag-konrad-bolz tag-raeucherfische tag-rezept-fischterrine tag-sauerrahmterrine-mit-edelfischen tag-terrine\">\n<div class=\"fusion-post-wrapper\" style=\"background-color:var(--awb-color1);border:none;\">\n\n\t\t\t<div class=\"fusion-flexslider flexslider fusion-flexslider-loading fusion-post-slideshow\" style=\"border-color:rgba(255,255,255,0);\">\n\t\t<ul class=\"slides\">\n\t\t\t\n\t\t\t\t\t\t\t\t\t\t\t\t\t\t<li><div  class=\"fusion-image-wrapper\" aria-haspopup=\"true\">\n\t\t\t\t<img decoding=\"async\" width=\"1500\" height=\"1131\" src=\"https:\/\/culturefoodblog.de\/wp-content\/uploads\/2025\/02\/fischterrine_starter.jpg\" class=\"attachment-full size-full lazyload wp-post-image\" alt=\"\" srcset=\"data:image\/svg+xml,%3Csvg%20xmlns%3D%27http%3A%2F%2Fwww.w3.org%2F2000%2Fsvg%27%20width%3D%271500%27%20height%3D%271131%27%20viewBox%3D%270%200%201500%201131%27%3E%3Crect%20width%3D%271500%27%20height%3D%271131%27%20fill-opacity%3D%220%22%2F%3E%3C%2Fsvg%3E\" data-orig-src=\"https:\/\/culturefoodblog.de\/wp-content\/uploads\/2025\/02\/fischterrine_starter.jpg\" data-srcset=\"https:\/\/culturefoodblog.de\/wp-content\/uploads\/2025\/02\/fischterrine_starter-600x452.jpg 600w, https:\/\/culturefoodblog.de\/wp-content\/uploads\/2025\/02\/fischterrine_starter.jpg 1500w\" data-sizes=\"auto\" \/><div class=\"fusion-rollover\">\n\t<div class=\"fusion-rollover-content\">\n\n\t\t\t\t\t\t\t\t\t\t\t\t\t\t<a class=\"fusion-rollover-link\" href=\"https:\/\/culturefoodblog.de\/en\/terrine-mit-raeucherfisch\/\">Terrine mit R\u00e4ucherfisch<\/a>\n\t\t\t\n\t\t\t\t\t\t\t\t\n\t\t\n\t\t\t\t\t\t\t\t\t\t\t\t<h4 class=\"fusion-rollover-title\">\n\t\t\t\t\t<a class=\"fusion-rollover-title-link\" href=\"https:\/\/culturefoodblog.de\/en\/terrine-mit-raeucherfisch\/\">\n\t\t\t\t\t\tTerrine mit R\u00e4ucherfisch\t\t\t\t\t<\/a>\n\t\t\t\t<\/h4>\n\t\t\t\n\t\t\t\t\t\t\t\t\n\t\t\n\t\t\t\t\t\t<a class=\"fusion-link-wrapper\" href=\"https:\/\/culturefoodblog.de\/en\/terrine-mit-raeucherfisch\/\" aria-label=\"Terrine mit R\u00e4ucherfisch\"><\/a>\n\t<\/div>\n<\/div>\n<\/div>\n<\/li>\n\t\t\t\n\t\t\t\n\t\t\t\t\t\t\t\t\t\t\t\t\t\t\t\t\t\t\t\t\t\t\t\t\t\t\t\t\t\t\t\t\t\t\t\t\t\t\t\t\t\t\t\t\t\t\t\t\t\t\t\t\t\t\t\t\t\t\t\t\t\t\t\t\t\t\t\t<\/ul>\n\t<\/div>\n\t<div class=\"fusion-post-content-wrapper\" style=\"padding:15px 25px 15px 25px;\"><div class=\"fusion-post-content post-content\"><h2 class=\"blog-shortcode-post-title entry-title\"><a href=\"https:\/\/culturefoodblog.de\/en\/terrine-mit-raeucherfisch\/\">Terrine mit R\u00e4ucherfisch<\/a><\/h2><\/div><\/div><div class=\"fusion-clearfix\"><\/div><\/div>\n<\/article>\n<div class=\"fusion-clearfix\"><\/div><\/div><\/div><\/div><\/div><\/div><\/div><div class=\"fusion-fullwidth fullwidth-box fusion-builder-row-6 fusion-flex-container has-pattern-background has-mask-background nonhundred-percent-fullwidth non-hundred-percent-height-scrolling\" style=\"--awb-border-sizes-top:0px;--awb-border-sizes-bottom:0px;--awb-border-sizes-left:0px;--awb-border-sizes-right:0px;--awb-border-style:dotted;--awb-border-radius-top-left:0px;--awb-border-radius-top-right:0px;--awb-border-radius-bottom-right:0px;--awb-border-radius-bottom-left:0px;--awb-padding-top:0px;--awb-padding-bottom:4%;--awb-background-color:rgba(255,255,255,0);--awb-flex-wrap:wrap;\" ><div class=\"fusion-builder-row fusion-row fusion-flex-align-items-flex-start fusion-flex-justify-content-center fusion-flex-content-wrap\" style=\"max-width:1248px;margin-left: calc(-4% \/ 2 );margin-right: calc(-4% \/ 2 );\"><div class=\"fusion-layout-column fusion_builder_column fusion-builder-column-12 fusion_builder_column_3_5 3_5 fusion-flex-column\" style=\"--awb-padding-bottom:25px;--awb-bg-blend:overlay;--awb-bg-size:cover;--awb-width-large:60%;--awb-margin-top-large:10px;--awb-spacing-right-large:3.2%;--awb-margin-bottom-large:10px;--awb-spacing-left-large:3.2%;--awb-width-medium:100%;--awb-spacing-right-medium:1.92%;--awb-spacing-left-medium:1.92%;--awb-width-small:100%;--awb-spacing-right-small:1.92%;--awb-spacing-left-small:1.92%;\"><div class=\"fusion-column-wrapper fusion-column-has-shadow fusion-flex-justify-content-flex-start fusion-content-layout-column\"><div class=\"fusion-text fusion-text-13\" style=\"--awb-text-transform:uppercase;\"><h1 style=\"text-align: left;\">KOLUMNEN<\/h1>\n<\/div><\/div><\/div><div class=\"fusion-layout-column fusion_builder_column fusion-builder-column-13 fusion_builder_column_1_1 1_1 fusion-flex-column\" style=\"--awb-bg-blend:overlay;--awb-bg-size:cover;--awb-box-shadow:6px 0px 30px 0px hsla(var(--awb-color8-h),var(--awb-color8-s),calc( var(--awb-color8-l) - 9% ),calc( var(--awb-color8-a) - 95% ));;--awb-border-color:var(--awb-color5);--awb-border-top:0px;--awb-border-style:solid;--awb-width-large:100%;--awb-margin-top-large:10px;--awb-spacing-right-large:1.92%;--awb-margin-bottom-large:25px;--awb-spacing-left-large:1.92%;--awb-width-medium:100%;--awb-spacing-right-medium:1.92%;--awb-spacing-left-medium:1.92%;--awb-width-small:100%;--awb-spacing-right-small:1.92%;--awb-spacing-left-small:1.92%;\"><div class=\"fusion-column-wrapper fusion-column-has-shadow fusion-flex-justify-content-flex-start fusion-content-layout-column\"><div class=\"fusion-blog-shortcode fusion-blog-shortcode-4 fusion-blog-archive fusion-blog-layout-grid-wrapper fusion-blog-no\"><style type=\"text\/css\">.fusion-blog-shortcode-4 .fusion-blog-layout-grid .fusion-post-grid{padding:15px;}.fusion-blog-shortcode-4 .fusion-posts-container{margin-left: -15px !important; margin-right:-15px !important;}<\/style><div class=\"fusion-posts-container fusion-posts-container-no fusion-no-meta-info fusion-blog-rollover fusion-blog-layout-grid fusion-blog-layout-grid-4 isotope\" data-pages=\"3\" data-grid-col-space=\"30\" style=\"margin: -15px -15px 0;min-height:500px;\"><article id=\"blog-4-post-7314\" class=\"fusion-post-grid post-7314 post type-post status-publish format-standard has-post-thumbnail hentry category-wissen category--promotion-advertorials category-buchempfehlung-lesetipp tag-buchkritik tag-kochbuch tag-kochbuecher\">\n<div class=\"fusion-post-wrapper\" style=\"background-color:var(--awb-color1);border:none;\">\n\n\t\t\t<div class=\"fusion-flexslider flexslider fusion-flexslider-loading fusion-post-slideshow\" style=\"border-color:rgba(255,255,255,0);\">\n\t\t<ul class=\"slides\">\n\t\t\t\n\t\t\t\t\t\t\t\t\t\t\t\t\t\t<li><div  class=\"fusion-image-wrapper\" aria-haspopup=\"true\">\n\t\t\t\t<img decoding=\"async\" width=\"1246\" height=\"2048\" src=\"https:\/\/culturefoodblog.de\/wp-content\/uploads\/2023\/09\/kochuecher.jpeg\" class=\"attachment-full size-full lazyload wp-post-image\" alt=\"\" srcset=\"data:image\/svg+xml,%3Csvg%20xmlns%3D%27http%3A%2F%2Fwww.w3.org%2F2000%2Fsvg%27%20width%3D%271246%27%20height%3D%272048%27%20viewBox%3D%270%200%201246%202048%27%3E%3Crect%20width%3D%271246%27%20height%3D%272048%27%20fill-opacity%3D%220%22%2F%3E%3C%2Fsvg%3E\" data-orig-src=\"https:\/\/culturefoodblog.de\/wp-content\/uploads\/2023\/09\/kochuecher.jpeg\" data-srcset=\"https:\/\/culturefoodblog.de\/wp-content\/uploads\/2023\/09\/kochuecher-600x986.jpeg 600w, https:\/\/culturefoodblog.de\/wp-content\/uploads\/2023\/09\/kochuecher.jpeg 1246w\" data-sizes=\"auto\" \/><div class=\"fusion-rollover\">\n\t<div class=\"fusion-rollover-content\">\n\n\t\t\t\t\t\t\t\t\t\t\t\t\t\t<a class=\"fusion-rollover-link\" href=\"https:\/\/culturefoodblog.de\/en\/neuebuecher3-2023\/\">Lesetipp<\/a>\n\t\t\t\n\t\t\t\t\t\t\t\t\n\t\t\n\t\t\t\t\t\t\t\t\t\t\t\t<h4 class=\"fusion-rollover-title\">\n\t\t\t\t\t<a class=\"fusion-rollover-title-link\" href=\"https:\/\/culturefoodblog.de\/en\/neuebuecher3-2023\/\">\n\t\t\t\t\t\tLesetipp\t\t\t\t\t<\/a>\n\t\t\t\t<\/h4>\n\t\t\t\n\t\t\t\t\t\t\t\t\n\t\t\n\t\t\t\t\t\t<a class=\"fusion-link-wrapper\" href=\"https:\/\/culturefoodblog.de\/en\/neuebuecher3-2023\/\" aria-label=\"Lesetipp\"><\/a>\n\t<\/div>\n<\/div>\n<\/div>\n<\/li>\n\t\t\t\n\t\t\t\n\t\t\t\t\t\t\t\t\t\t\t\t\t\t\t\t\t\t\t\t\t\t\t\t\t\t\t\t\t\t\t\t\t\t\t\t\t\t\t\t\t\t\t\t\t\t\t\t\t\t\t\t\t\t\t\t\t\t\t\t\t\t\t\t\t\t\t\t<\/ul>\n\t<\/div>\n\t<div class=\"fusion-post-content-wrapper\" style=\"padding:15px 25px 15px 25px;\"><div class=\"fusion-post-content post-content\"><h2 class=\"blog-shortcode-post-title entry-title\"><a href=\"https:\/\/culturefoodblog.de\/en\/neuebuecher3-2023\/\">Lesetipp<\/a><\/h2><\/div><\/div><div class=\"fusion-clearfix\"><\/div><\/div>\n<\/article>\n<article id=\"blog-4-post-857\" class=\"fusion-post-grid post-857 post type-post status-publish format-standard has-post-thumbnail hentry category-wissen\">\n<div class=\"fusion-post-wrapper\" style=\"background-color:var(--awb-color1);border:none;\">\n\n\t\t\t<div class=\"fusion-flexslider flexslider fusion-flexslider-loading fusion-post-slideshow\" style=\"border-color:rgba(255,255,255,0);\">\n\t\t<ul class=\"slides\">\n\t\t\t\n\t\t\t\t\t\t\t\t\t\t\t\t\t\t<li><div  class=\"fusion-image-wrapper\" aria-haspopup=\"true\">\n\t\t\t\t<img decoding=\"async\" width=\"1500\" height=\"1023\" src=\"https:\/\/culturefoodblog.de\/wp-content\/uploads\/2016\/06\/perfeltes_picknick2016-1.jpg\" class=\"attachment-full size-full lazyload wp-post-image\" alt=\"\" srcset=\"data:image\/svg+xml,%3Csvg%20xmlns%3D%27http%3A%2F%2Fwww.w3.org%2F2000%2Fsvg%27%20width%3D%271500%27%20height%3D%271023%27%20viewBox%3D%270%200%201500%201023%27%3E%3Crect%20width%3D%271500%27%20height%3D%271023%27%20fill-opacity%3D%220%22%2F%3E%3C%2Fsvg%3E\" data-orig-src=\"https:\/\/culturefoodblog.de\/wp-content\/uploads\/2016\/06\/perfeltes_picknick2016-1.jpg\" data-srcset=\"https:\/\/culturefoodblog.de\/wp-content\/uploads\/2016\/06\/perfeltes_picknick2016-1-600x409.jpg 600w, https:\/\/culturefoodblog.de\/wp-content\/uploads\/2016\/06\/perfeltes_picknick2016-1.jpg 1500w\" data-sizes=\"auto\" \/><div class=\"fusion-rollover\">\n\t<div class=\"fusion-rollover-content\">\n\n\t\t\t\t\t\t\t\t\t\t\t\t\t\t<a class=\"fusion-rollover-link\" href=\"https:\/\/culturefoodblog.de\/en\/sommer\/\">Sommer<\/a>\n\t\t\t\n\t\t\t\t\t\t\t\t\n\t\t\n\t\t\t\t\t\t\t\t\t\t\t\t<h4 class=\"fusion-rollover-title\">\n\t\t\t\t\t<a class=\"fusion-rollover-title-link\" href=\"https:\/\/culturefoodblog.de\/en\/sommer\/\">\n\t\t\t\t\t\tSommer\t\t\t\t\t<\/a>\n\t\t\t\t<\/h4>\n\t\t\t\n\t\t\t\t\t\t\t\t\n\t\t\n\t\t\t\t\t\t<a class=\"fusion-link-wrapper\" href=\"https:\/\/culturefoodblog.de\/en\/sommer\/\" aria-label=\"Sommer\"><\/a>\n\t<\/div>\n<\/div>\n<\/div>\n<\/li>\n\t\t\t\n\t\t\t\n\t\t\t\t\t\t\t\t\t\t\t\t\t\t\t\t\t\t\t\t\t\t\t\t\t\t\t\t\t\t\t\t\t\t\t\t\t\t\t\t\t\t\t\t\t\t\t\t\t\t\t\t\t\t\t\t\t\t\t\t\t\t\t\t\t\t\t\t<\/ul>\n\t<\/div>\n\t<div class=\"fusion-post-content-wrapper\" style=\"padding:15px 25px 15px 25px;\"><div class=\"fusion-post-content post-content\"><h2 class=\"blog-shortcode-post-title entry-title\"><a href=\"https:\/\/culturefoodblog.de\/en\/sommer\/\">Sommer<\/a><\/h2><\/div><\/div><div class=\"fusion-clearfix\"><\/div><\/div>\n<\/article>\n<article id=\"blog-4-post-865\" class=\"fusion-post-grid post-865 post type-post status-publish format-standard has-post-thumbnail hentry category-wissen tag-das-perfekte-picknick tag-edel-picknick tag-picknick-tips tag-stilvolles-picknick tag-the-art-of-picnic\">\n<div class=\"fusion-post-wrapper\" style=\"background-color:var(--awb-color1);border:none;\">\n\n\t\t\t<div class=\"fusion-flexslider flexslider fusion-flexslider-loading fusion-post-slideshow\" style=\"border-color:rgba(255,255,255,0);\">\n\t\t<ul class=\"slides\">\n\t\t\t\n\t\t\t\t\t\t\t\t\t\t\t\t\t\t<li><div  class=\"fusion-image-wrapper\" aria-haspopup=\"true\">\n\t\t\t\t<img decoding=\"async\" width=\"559\" height=\"380\" src=\"data:image\/svg+xml,%3Csvg%20xmlns%3D%27http%3A%2F%2Fwww.w3.org%2F2000%2Fsvg%27%20width%3D%27559%27%20height%3D%27380%27%20viewBox%3D%270%200%20559%20380%27%3E%3Crect%20width%3D%27559%27%20height%3D%27380%27%20fill-opacity%3D%220%22%2F%3E%3C%2Fsvg%3E\" class=\"attachment-full size-full lazyload wp-post-image\" alt=\"\" data-orig-src=\"https:\/\/culturefoodblog.de\/wp-content\/uploads\/2016\/06\/teaserbild-picknick.jpg\" \/><div class=\"fusion-rollover\">\n\t<div class=\"fusion-rollover-content\">\n\n\t\t\t\t\t\t\t\t\t\t\t\t\t\t<a class=\"fusion-rollover-link\" href=\"https:\/\/culturefoodblog.de\/en\/das-perfekte-picknick\/\">Das perfekte Picknick<\/a>\n\t\t\t\n\t\t\t\t\t\t\t\t\n\t\t\n\t\t\t\t\t\t\t\t\t\t\t\t<h4 class=\"fusion-rollover-title\">\n\t\t\t\t\t<a class=\"fusion-rollover-title-link\" href=\"https:\/\/culturefoodblog.de\/en\/das-perfekte-picknick\/\">\n\t\t\t\t\t\tDas perfekte Picknick\t\t\t\t\t<\/a>\n\t\t\t\t<\/h4>\n\t\t\t\n\t\t\t\t\t\t\t\t\n\t\t\n\t\t\t\t\t\t<a class=\"fusion-link-wrapper\" href=\"https:\/\/culturefoodblog.de\/en\/das-perfekte-picknick\/\" aria-label=\"Das perfekte Picknick\"><\/a>\n\t<\/div>\n<\/div>\n<\/div>\n<\/li>\n\t\t\t\n\t\t\t\n\t\t\t\t\t\t\t\t\t\t\t\t\t\t\t\t\t\t\t\t\t\t\t\t\t\t\t\t\t\t\t\t\t\t\t\t\t\t\t\t\t\t\t\t\t\t\t\t\t\t\t\t\t\t\t\t\t\t\t\t\t\t\t\t\t\t\t\t<\/ul>\n\t<\/div>\n\t<div class=\"fusion-post-content-wrapper\" style=\"padding:15px 25px 15px 25px;\"><div class=\"fusion-post-content post-content\"><h2 class=\"blog-shortcode-post-title entry-title\"><a href=\"https:\/\/culturefoodblog.de\/en\/das-perfekte-picknick\/\">Das perfekte Picknick<\/a><\/h2><\/div><\/div><div class=\"fusion-clearfix\"><\/div><\/div>\n<\/article>\n<article id=\"blog-4-post-768\" class=\"fusion-post-grid post-768 post type-post status-publish format-standard has-post-thumbnail hentry category-wissen tag-ball-des-weines tag-ball-des-weins tag-cafe-maldaner tag-maldaner-wiesbaden tag-sauce-foyot tag-vdp\">\n<div class=\"fusion-post-wrapper\" style=\"background-color:var(--awb-color1);border:none;\">\n\n\t\t\t<div class=\"fusion-flexslider flexslider fusion-flexslider-loading fusion-post-slideshow\" style=\"border-color:rgba(255,255,255,0);\">\n\t\t<ul class=\"slides\">\n\t\t\t\n\t\t\t\t\t\t\t\t\t\t\t\t\t\t<li><div  class=\"fusion-image-wrapper\" aria-haspopup=\"true\">\n\t\t\t\t<img decoding=\"async\" width=\"578\" height=\"394\" src=\"https:\/\/culturefoodblog.de\/wp-content\/uploads\/2012\/04\/bdw.jpg\" class=\"attachment-full size-full lazyload wp-post-image\" alt=\"\" srcset=\"data:image\/svg+xml,%3Csvg%20xmlns%3D%27http%3A%2F%2Fwww.w3.org%2F2000%2Fsvg%27%20width%3D%27578%27%20height%3D%27394%27%20viewBox%3D%270%200%20578%20394%27%3E%3Crect%20width%3D%27578%27%20height%3D%27394%27%20fill-opacity%3D%220%22%2F%3E%3C%2Fsvg%3E\" data-orig-src=\"https:\/\/culturefoodblog.de\/wp-content\/uploads\/2012\/04\/bdw.jpg\" data-srcset=\"https:\/\/culturefoodblog.de\/wp-content\/uploads\/2012\/04\/bdw-200x136.jpg 200w, https:\/\/culturefoodblog.de\/wp-content\/uploads\/2012\/04\/bdw-400x273.jpg 400w, https:\/\/culturefoodblog.de\/wp-content\/uploads\/2012\/04\/bdw.jpg 578w\" data-sizes=\"auto\" \/><div class=\"fusion-rollover\">\n\t<div class=\"fusion-rollover-content\">\n\n\t\t\t\t\t\t\t\t\t\t\t\t\t\t<a class=\"fusion-rollover-link\" href=\"https:\/\/culturefoodblog.de\/en\/ball-des-weines\/\">Ball des Weines<\/a>\n\t\t\t\n\t\t\t\t\t\t\t\t\n\t\t\n\t\t\t\t\t\t\t\t\t\t\t\t<h4 class=\"fusion-rollover-title\">\n\t\t\t\t\t<a class=\"fusion-rollover-title-link\" href=\"https:\/\/culturefoodblog.de\/en\/ball-des-weines\/\">\n\t\t\t\t\t\tBall des Weines\t\t\t\t\t<\/a>\n\t\t\t\t<\/h4>\n\t\t\t\n\t\t\t\t\t\t\t\t\n\t\t\n\t\t\t\t\t\t<a class=\"fusion-link-wrapper\" href=\"https:\/\/culturefoodblog.de\/en\/ball-des-weines\/\" aria-label=\"Ball des Weines\"><\/a>\n\t<\/div>\n<\/div>\n<\/div>\n<\/li>\n\t\t\t\n\t\t\t\n\t\t\t\t\t\t\t\t\t\t\t\t\t\t\t\t\t\t\t\t\t\t\t\t\t\t\t\t\t\t\t\t\t\t\t\t\t\t\t\t\t\t\t\t\t\t\t\t\t\t\t\t\t\t\t\t\t\t\t\t\t\t\t\t\t\t\t\t<\/ul>\n\t<\/div>\n\t<div class=\"fusion-post-content-wrapper\" style=\"padding:15px 25px 15px 25px;\"><div class=\"fusion-post-content post-content\"><h2 class=\"blog-shortcode-post-title entry-title\"><a href=\"https:\/\/culturefoodblog.de\/en\/ball-des-weines\/\">Ball des Weines<\/a><\/h2><\/div><\/div><div class=\"fusion-clearfix\"><\/div><\/div>\n<\/article>\n<article id=\"blog-4-post-4825\" class=\"fusion-post-grid post-4825 post type-post status-publish format-standard has-post-thumbnail hentry category-wissen\">\n<div class=\"fusion-post-wrapper\" style=\"background-color:var(--awb-color1);border:none;\">\n\n\t\t\t<div class=\"fusion-flexslider flexslider fusion-flexslider-loading fusion-post-slideshow\" style=\"border-color:rgba(255,255,255,0);\">\n\t\t<ul class=\"slides\">\n\t\t\t\n\t\t\t\t\t\t\t\t\t\t\t\t\t\t<li><div  class=\"fusion-image-wrapper\" aria-haspopup=\"true\">\n\t\t\t\t<img decoding=\"async\" width=\"800\" height=\"546\" src=\"https:\/\/culturefoodblog.de\/wp-content\/uploads\/2017\/01\/foodtrends_teaser.jpg\" class=\"attachment-full size-full lazyload wp-post-image\" alt=\"\" srcset=\"data:image\/svg+xml,%3Csvg%20xmlns%3D%27http%3A%2F%2Fwww.w3.org%2F2000%2Fsvg%27%20width%3D%27800%27%20height%3D%27546%27%20viewBox%3D%270%200%20800%20546%27%3E%3Crect%20width%3D%27800%27%20height%3D%27546%27%20fill-opacity%3D%220%22%2F%3E%3C%2Fsvg%3E\" data-orig-src=\"https:\/\/culturefoodblog.de\/wp-content\/uploads\/2017\/01\/foodtrends_teaser.jpg\" data-srcset=\"https:\/\/culturefoodblog.de\/wp-content\/uploads\/2017\/01\/foodtrends_teaser-600x410.jpg 600w, https:\/\/culturefoodblog.de\/wp-content\/uploads\/2017\/01\/foodtrends_teaser.jpg 800w\" data-sizes=\"auto\" \/><div class=\"fusion-rollover\">\n\t<div class=\"fusion-rollover-content\">\n\n\t\t\t\t\t\t\t\t\t\t\t\t\t\t<a class=\"fusion-rollover-link\" href=\"https:\/\/culturefoodblog.de\/en\/wenn-genusstrends-uebertrieben-werden\/\">Wenn Genusstrends \u00fcbertrieben werden<\/a>\n\t\t\t\n\t\t\t\t\t\t\t\t\n\t\t\n\t\t\t\t\t\t\t\t\t\t\t\t<h4 class=\"fusion-rollover-title\">\n\t\t\t\t\t<a class=\"fusion-rollover-title-link\" href=\"https:\/\/culturefoodblog.de\/en\/wenn-genusstrends-uebertrieben-werden\/\">\n\t\t\t\t\t\tWenn Genusstrends \u00fcbertrieben werden\t\t\t\t\t<\/a>\n\t\t\t\t<\/h4>\n\t\t\t\n\t\t\t\t\t\t\t\t\n\t\t\n\t\t\t\t\t\t<a class=\"fusion-link-wrapper\" href=\"https:\/\/culturefoodblog.de\/en\/wenn-genusstrends-uebertrieben-werden\/\" aria-label=\"Wenn Genusstrends \u00fcbertrieben werden\"><\/a>\n\t<\/div>\n<\/div>\n<\/div>\n<\/li>\n\t\t\t\n\t\t\t\n\t\t\t\t\t\t\t\t\t\t\t\t\t\t\t\t\t\t\t\t\t\t\t\t\t\t\t\t\t\t\t\t\t\t\t\t\t\t\t\t\t\t\t\t\t\t\t\t\t\t\t\t\t\t\t\t\t\t\t\t\t\t\t\t\t\t\t\t<\/ul>\n\t<\/div>\n\t<div class=\"fusion-post-content-wrapper\" style=\"padding:15px 25px 15px 25px;\"><div class=\"fusion-post-content post-content\"><h2 class=\"blog-shortcode-post-title entry-title\"><a href=\"https:\/\/culturefoodblog.de\/en\/wenn-genusstrends-uebertrieben-werden\/\">Wenn Genusstrends \u00fcbertrieben werden<\/a><\/h2><\/div><\/div><div class=\"fusion-clearfix\"><\/div><\/div>\n<\/article>\n<article id=\"blog-4-post-998\" class=\"fusion-post-grid post-998 post type-post status-publish format-standard has-post-thumbnail hentry category-wissen tag-eckart-2012 tag-eckart-witzigmann-preis-2012 tag-witzigmann-preistrager-2012\">\n<div class=\"fusion-post-wrapper\" style=\"background-color:var(--awb-color1);border:none;\">\n\n\t\t\t<div class=\"fusion-flexslider flexslider fusion-flexslider-loading fusion-post-slideshow\" style=\"border-color:rgba(255,255,255,0);\">\n\t\t<ul class=\"slides\">\n\t\t\t\n\t\t\t\t\t\t\t\t\t\t\t\t\t\t<li><div  class=\"fusion-image-wrapper\" aria-haspopup=\"true\">\n\t\t\t\t<img decoding=\"async\" width=\"1000\" height=\"682\" src=\"https:\/\/culturefoodblog.de\/wp-content\/uploads\/2012\/10\/eckart_c.jpg\" class=\"attachment-full size-full lazyload wp-post-image\" alt=\"\" srcset=\"data:image\/svg+xml,%3Csvg%20xmlns%3D%27http%3A%2F%2Fwww.w3.org%2F2000%2Fsvg%27%20width%3D%271000%27%20height%3D%27682%27%20viewBox%3D%270%200%201000%20682%27%3E%3Crect%20width%3D%271000%27%20height%3D%27682%27%20fill-opacity%3D%220%22%2F%3E%3C%2Fsvg%3E\" data-orig-src=\"https:\/\/culturefoodblog.de\/wp-content\/uploads\/2012\/10\/eckart_c.jpg\" data-srcset=\"https:\/\/culturefoodblog.de\/wp-content\/uploads\/2012\/10\/eckart_c-600x409.jpg 600w, https:\/\/culturefoodblog.de\/wp-content\/uploads\/2012\/10\/eckart_c.jpg 1000w\" data-sizes=\"auto\" \/><div class=\"fusion-rollover\">\n\t<div class=\"fusion-rollover-content\">\n\n\t\t\t\t\t\t\t\t\t\t\t\t\t\t<a class=\"fusion-rollover-link\" href=\"https:\/\/culturefoodblog.de\/en\/oh-what-a-night\/\">Oh what a night&#8230;<\/a>\n\t\t\t\n\t\t\t\t\t\t\t\t\n\t\t\n\t\t\t\t\t\t\t\t\t\t\t\t<h4 class=\"fusion-rollover-title\">\n\t\t\t\t\t<a class=\"fusion-rollover-title-link\" href=\"https:\/\/culturefoodblog.de\/en\/oh-what-a-night\/\">\n\t\t\t\t\t\tOh what a night&#8230;\t\t\t\t\t<\/a>\n\t\t\t\t<\/h4>\n\t\t\t\n\t\t\t\t\t\t\t\t\n\t\t\n\t\t\t\t\t\t<a class=\"fusion-link-wrapper\" href=\"https:\/\/culturefoodblog.de\/en\/oh-what-a-night\/\" aria-label=\"Oh what a night&#8230;\"><\/a>\n\t<\/div>\n<\/div>\n<\/div>\n<\/li>\n\t\t\t\n\t\t\t\n\t\t\t\t\t\t\t\t\t\t\t\t\t\t\t\t\t\t\t\t\t\t\t\t\t\t\t\t\t\t\t\t\t\t\t\t\t\t\t\t\t\t\t\t\t\t\t\t\t\t\t\t\t\t\t\t\t\t\t\t\t\t\t\t\t\t\t\t<\/ul>\n\t<\/div>\n\t<div class=\"fusion-post-content-wrapper\" style=\"padding:15px 25px 15px 25px;\"><div class=\"fusion-post-content post-content\"><h2 class=\"blog-shortcode-post-title entry-title\"><a href=\"https:\/\/culturefoodblog.de\/en\/oh-what-a-night\/\">Oh what a night&#8230;<\/a><\/h2><\/div><\/div><div class=\"fusion-clearfix\"><\/div><\/div>\n<\/article>\n<article id=\"blog-4-post-2500\" class=\"fusion-post-grid post-2500 post type-post status-publish format-standard has-post-thumbnail hentry category-fisch category-wissen tag-fischmarkt tag-fischmarkt-tokio tag-tokio tag-tsukiji-shijo\">\n<div class=\"fusion-post-wrapper\" style=\"background-color:var(--awb-color1);border:none;\">\n\n\t\t\t<div class=\"fusion-flexslider flexslider fusion-flexslider-loading fusion-post-slideshow\" style=\"border-color:rgba(255,255,255,0);\">\n\t\t<ul class=\"slides\">\n\t\t\t\n\t\t\t\t\t\t\t\t\t\t\t\t\t\t<li><div  class=\"fusion-image-wrapper\" aria-haspopup=\"true\">\n\t\t\t\t<img decoding=\"async\" width=\"558\" height=\"382\" src=\"data:image\/svg+xml,%3Csvg%20xmlns%3D%27http%3A%2F%2Fwww.w3.org%2F2000%2Fsvg%27%20width%3D%27558%27%20height%3D%27382%27%20viewBox%3D%270%200%20558%20382%27%3E%3Crect%20width%3D%27558%27%20height%3D%27382%27%20fill-opacity%3D%220%22%2F%3E%3C%2Fsvg%3E\" class=\"attachment-full size-full lazyload wp-post-image\" alt=\"\" data-orig-src=\"https:\/\/culturefoodblog.de\/wp-content\/uploads\/2012\/12\/teaserbild-hicho.jpg\" \/><div class=\"fusion-rollover\">\n\t<div class=\"fusion-rollover-content\">\n\n\t\t\t\t\t\t\t\t\t\t\t\t\t\t<a class=\"fusion-rollover-link\" href=\"https:\/\/culturefoodblog.de\/en\/begegnung-mit-herrn-hicho\/\">Begegnung mit Herrn Hicho<\/a>\n\t\t\t\n\t\t\t\t\t\t\t\t\n\t\t\n\t\t\t\t\t\t\t\t\t\t\t\t<h4 class=\"fusion-rollover-title\">\n\t\t\t\t\t<a class=\"fusion-rollover-title-link\" href=\"https:\/\/culturefoodblog.de\/en\/begegnung-mit-herrn-hicho\/\">\n\t\t\t\t\t\tBegegnung mit Herrn Hicho\t\t\t\t\t<\/a>\n\t\t\t\t<\/h4>\n\t\t\t\n\t\t\t\t\t\t\t\t\n\t\t\n\t\t\t\t\t\t<a class=\"fusion-link-wrapper\" href=\"https:\/\/culturefoodblog.de\/en\/begegnung-mit-herrn-hicho\/\" aria-label=\"Begegnung mit Herrn Hicho\"><\/a>\n\t<\/div>\n<\/div>\n<\/div>\n<\/li>\n\t\t\t\n\t\t\t\n\t\t\t\t\t\t\t\t\t\t\t\t\t\t\t\t\t\t\t\t\t\t\t\t\t\t\t\t\t\t\t\t\t\t\t\t\t\t\t\t\t\t\t\t\t\t\t\t\t\t\t\t\t\t\t\t\t\t\t\t\t\t\t\t\t\t\t\t<\/ul>\n\t<\/div>\n\t<div class=\"fusion-post-content-wrapper\" style=\"padding:15px 25px 15px 25px;\"><div class=\"fusion-post-content post-content\"><h2 class=\"blog-shortcode-post-title entry-title\"><a href=\"https:\/\/culturefoodblog.de\/en\/begegnung-mit-herrn-hicho\/\">Begegnung mit Herrn Hicho<\/a><\/h2><\/div><\/div><div class=\"fusion-clearfix\"><\/div><\/div>\n<\/article>\n<article id=\"blog-4-post-1760\" class=\"fusion-post-grid post-1760 post type-post status-publish format-standard has-post-thumbnail hentry category-wissen\">\n<div class=\"fusion-post-wrapper\" style=\"background-color:var(--awb-color1);border:none;\">\n\n\t\t\t<div class=\"fusion-flexslider flexslider fusion-flexslider-loading fusion-post-slideshow\" style=\"border-color:rgba(255,255,255,0);\">\n\t\t<ul class=\"slides\">\n\t\t\t\n\t\t\t\t\t\t\t\t\t\t\t\t\t\t<li><div  class=\"fusion-image-wrapper\" aria-haspopup=\"true\">\n\t\t\t\t<img decoding=\"async\" width=\"1196\" height=\"859\" src=\"https:\/\/culturefoodblog.de\/wp-content\/uploads\/2012\/03\/service.jpg\" class=\"attachment-full size-full lazyload wp-post-image\" alt=\"\" srcset=\"data:image\/svg+xml,%3Csvg%20xmlns%3D%27http%3A%2F%2Fwww.w3.org%2F2000%2Fsvg%27%20width%3D%271196%27%20height%3D%27859%27%20viewBox%3D%270%200%201196%20859%27%3E%3Crect%20width%3D%271196%27%20height%3D%27859%27%20fill-opacity%3D%220%22%2F%3E%3C%2Fsvg%3E\" data-orig-src=\"https:\/\/culturefoodblog.de\/wp-content\/uploads\/2012\/03\/service.jpg\" data-srcset=\"https:\/\/culturefoodblog.de\/wp-content\/uploads\/2012\/03\/service-200x144.jpg 200w, https:\/\/culturefoodblog.de\/wp-content\/uploads\/2012\/03\/service-400x287.jpg 400w, https:\/\/culturefoodblog.de\/wp-content\/uploads\/2012\/03\/service-600x431.jpg 600w, https:\/\/culturefoodblog.de\/wp-content\/uploads\/2012\/03\/service-800x575.jpg 800w, https:\/\/culturefoodblog.de\/wp-content\/uploads\/2012\/03\/service.jpg 1196w\" data-sizes=\"auto\" \/><div class=\"fusion-rollover\">\n\t<div class=\"fusion-rollover-content\">\n\n\t\t\t\t\t\t\t\t\t\t\t\t\t\t<a class=\"fusion-rollover-link\" href=\"https:\/\/culturefoodblog.de\/en\/schmeckts\/\">Schmeckt&#8217;s?<\/a>\n\t\t\t\n\t\t\t\t\t\t\t\t\n\t\t\n\t\t\t\t\t\t\t\t\t\t\t\t<h4 class=\"fusion-rollover-title\">\n\t\t\t\t\t<a class=\"fusion-rollover-title-link\" href=\"https:\/\/culturefoodblog.de\/en\/schmeckts\/\">\n\t\t\t\t\t\tSchmeckt&#8217;s?\t\t\t\t\t<\/a>\n\t\t\t\t<\/h4>\n\t\t\t\n\t\t\t\t\t\t\t\t\n\t\t\n\t\t\t\t\t\t<a class=\"fusion-link-wrapper\" href=\"https:\/\/culturefoodblog.de\/en\/schmeckts\/\" aria-label=\"Schmeckt&#8217;s?\"><\/a>\n\t<\/div>\n<\/div>\n<\/div>\n<\/li>\n\t\t\t\n\t\t\t\n\t\t\t\t\t\t\t\t\t\t\t\t\t\t\t\t\t\t\t\t\t\t\t\t\t\t\t\t\t\t\t\t\t\t\t\t\t\t\t\t\t\t\t\t\t\t\t\t\t\t\t\t\t\t\t\t\t\t\t\t\t\t\t\t\t\t\t\t<\/ul>\n\t<\/div>\n\t<div class=\"fusion-post-content-wrapper\" style=\"padding:15px 25px 15px 25px;\"><div class=\"fusion-post-content post-content\"><h2 class=\"blog-shortcode-post-title entry-title\"><a href=\"https:\/\/culturefoodblog.de\/en\/schmeckts\/\">Schmeckt&#8217;s?<\/a><\/h2><\/div><\/div><div class=\"fusion-clearfix\"><\/div><\/div>\n<\/article>\n<div class=\"fusion-clearfix\"><\/div><\/div><\/div><\/div><\/div><\/div><\/div><div class=\"fusion-fullwidth fullwidth-box fusion-builder-row-7 fusion-flex-container hundred-percent-fullwidth non-hundred-percent-height-scrolling\" style=\"--awb-border-radius-top-left:0px;--awb-border-radius-top-right:0px;--awb-border-radius-bottom-right:0px;--awb-border-radius-bottom-left:0px;--awb-padding-top:0px;--awb-padding-right:0px;--awb-padding-bottom:0px;--awb-padding-left:0px;--awb-flex-wrap:wrap;\" ><div class=\"fusion-builder-row fusion-row fusion-flex-align-items-flex-start fusion-flex-content-wrap\" style=\"width:calc( 100% + 0px ) !important;max-width:calc( 100% + 0px ) !important;margin-left: calc(-0px \/ 2 );margin-right: calc(-0px \/ 2 );\"><div class=\"fusion-layout-column fusion_builder_column fusion-builder-column-14 fusion_builder_column_1_5 1_5 fusion-flex-column\" style=\"--awb-bg-size:cover;--awb-width-large:20%;--awb-margin-top-large:10px;--awb-spacing-right-large:0px;--awb-margin-bottom-large:10px;--awb-spacing-left-large:0px;--awb-width-medium:100%;--awb-order-medium:0;--awb-spacing-right-medium:0px;--awb-spacing-left-medium:0px;--awb-width-small:100%;--awb-order-small:0;--awb-spacing-right-small:0px;--awb-spacing-left-small:0px;\"><div class=\"fusion-column-wrapper fusion-column-has-shadow fusion-flex-justify-content-flex-start fusion-content-layout-column\"><\/div><\/div><div class=\"fusion-layout-column fusion_builder_column fusion-builder-column-15 fusion_builder_column_3_5 3_5 fusion-flex-column\" style=\"--awb-bg-blend:overlay;--awb-bg-size:cover;--awb-width-large:60%;--awb-margin-top-large:0px;--awb-spacing-right-large:0px;--awb-margin-bottom-large:0px;--awb-spacing-left-large:0px;--awb-width-medium:100%;--awb-spacing-right-medium:0px;--awb-spacing-left-medium:0px;--awb-width-small:100%;--awb-spacing-right-small:0px;--awb-spacing-left-small:0px;\"><div class=\"fusion-column-wrapper fusion-column-has-shadow fusion-flex-justify-content-flex-start fusion-content-layout-column\"><div class=\"fusion-text fusion-text-14\" style=\"--awb-font-size:32px;--awb-text-transform:uppercase;--awb-text-color:var(--awb-color5);--awb-margin-top:0px;--awb-text-font-family:&quot;Cormorant Garamond&quot;;--awb-text-font-style:normal;--awb-text-font-weight:600;\"><p style=\"text-align: center;\"><strong>It&#8217;s a good day<\/strong><br \/>\n<strong>to eat good food<\/strong><\/p>\n<\/div><div class=\"fusion-text fusion-text-15\" style=\"--awb-text-transform:uppercase;--awb-margin-top:-40px;\"><h1 style=\"text-align: center;\">FOLGEN SIE MIR AUF INSTAGRAM<\/h1>\n<\/div><div class=\"awb-instagram-element instagram-1 layout-grid hover-zoomin buttons-layout-floated buttons-layout-medium-floated buttons-layout-small-floated\" style=\"--awb-column-width:25%;--awb-column-space:10;--awb-md-column-width:25%;--awb-md-column-space:10;--awb-sm-column-width:25%;--awb-sm-column-space:10;--awb-bd-radius: ;--awb-bd-width: 0px;--awb-buttons-alignment:center;\" data-page=\"2\" data-limit=\"8\" data-counter=\"1\" data-lightbox=\"true\" data-link_type=\"post\" data-link_target=\"_blank\" data-lazy=\"avada\"><div class=\"instagram-posts\"><div class=\"instagram-post\"><a href=\"https:\/\/www.instagram.com\/p\/DUa30QliMkW\/\" target=\"_blank\"><img decoding=\"async\" alt=\"https:\/\/culturefoodblog.de\/zwiebelsuppe-ohne-tranen\/\" data-orig-src=\"https:\/\/scontent.cdninstagram.com\/v\/t51.82787-15\/627657204_17885913165430195_6858081487944157399_n.jpg?stp=dst-jpg_e35_tt6&_nc_cat=111&ccb=7-5&_nc_sid=18de74&efg=eyJlZmdfdGFnIjoiRkVFRC5iZXN0X2ltYWdlX3VybGdlbi5DMyJ9&_nc_ohc=g5tfXjnVlVwQ7kNvwGU2juJ&_nc_oc=AdqlISTMGdJKL800fg4GY8zWMN9g48_H_cmaSfzZvdLPBdaYapKiC8s6sYX6LRjwdg0&_nc_zt=23&_nc_ht=scontent.cdninstagram.com&edm=ANo9K5cEAAAA&_nc_gid=EGFPaVcfNJFAL-sBWCUnvg&_nc_tpa=Q5bMBQG8lkqIxFRg1coG7nWVZ9ZLGkENX7wyFLY58wycItRF13tM2_hwjTy5-OP-ZTRLbfvychaFaKSK&oh=00_Af6EbLV1b8FKpRf2jUrsWuvGHHpcmd2P9njh9yzvZqBJzg&oe=69FB98B5\" class=\"lazyload\" src=\"data:image\/svg+xml,%3Csvg xmlns='http:\/\/www.w3.org\/2000\/svg' width='640' height='auto' viewBox='0 0 640 auto'%3E%3Crect width='640' height='100%25' fill='%23ff0' fill-opacity='0'\/%3E%3C\/svg%3E\"\/><\/a><\/div><div class=\"instagram-post\"><a href=\"https:\/\/www.instagram.com\/p\/DUFusc6CM33\/\" target=\"_blank\"><img decoding=\"async\" alt=\"Fastenbrechen leicht gemacht: https:\/\/culturefoodblog.de\/fastenbrechen_aufbautage\/\" data-orig-src=\"https:\/\/scontent.cdninstagram.com\/v\/t51.82787-15\/622914998_17884909782430195_1030846627740865848_n.jpg?stp=dst-jpg_e35_tt6&_nc_cat=107&ccb=7-5&_nc_sid=18de74&efg=eyJlZmdfdGFnIjoiRkVFRC5iZXN0X2ltYWdlX3VybGdlbi5DMyJ9&_nc_ohc=Qf75_ns4vegQ7kNvwG9QAw2&_nc_oc=Adqt1KkHL60UUhpxG3UyzHWUIlxJrEps9r6dW6tbJx3B9rAH4xXAo2h1uxJ17uGQPko&_nc_zt=23&_nc_ht=scontent.cdninstagram.com&edm=ANo9K5cEAAAA&_nc_gid=EGFPaVcfNJFAL-sBWCUnvg&_nc_tpa=Q5bMBQGg4Lrr7KsQfdQUmRqp7ygrzKQe89zG802qVQOyXqc86lFKsLNpMwR1S7XBgqpaOC5brolO1dq1&oh=00_Af5meiiznhiBiosxcmUfqdmBh2cG9MEq-RNtqkqFQrYb9A&oe=69FB778C\" class=\"lazyload\" src=\"data:image\/svg+xml,%3Csvg xmlns='http:\/\/www.w3.org\/2000\/svg' width='640' height='auto' viewBox='0 0 640 auto'%3E%3Crect width='640' height='100%25' fill='%23ff0' fill-opacity='0'\/%3E%3C\/svg%3E\"\/><\/a><\/div><div class=\"instagram-post\"><a href=\"https:\/\/www.instagram.com\/p\/DSU-LbWiNPm\/\" target=\"_blank\"><img decoding=\"async\" alt=\"https:\/\/culturefoodblog.de\/rezept-entenbrust-mit-ofenkartoffeln-magret-de-canard\/\" data-orig-src=\"https:\/\/scontent.cdninstagram.com\/v\/t51.82787-15\/589235414_17879953776430195_7636181396352589680_n.jpg?stp=dst-jpg_e35_tt6&_nc_cat=108&ccb=7-5&_nc_sid=18de74&efg=eyJlZmdfdGFnIjoiRkVFRC5iZXN0X2ltYWdlX3VybGdlbi5DMyJ9&_nc_ohc=sK92jH-ccMsQ7kNvwFq6V4c&_nc_oc=Adr4hWAuk0u6aAs3JD9xotKe7gywP6bCRYmQlorOu04NoufQR99HUWXbbWcIFefjOw4&_nc_zt=23&_nc_ht=scontent.cdninstagram.com&edm=ANo9K5cEAAAA&_nc_gid=EGFPaVcfNJFAL-sBWCUnvg&_nc_tpa=Q5bMBQF7_VP0OUBZ-HIx0OnM0NZLW3ajsmH64iNnIHoiqEZvpQXkahWB3KnEuwNElKIvCvnt_Lc_u3Yb&oh=00_Af4ew-Su28gThWUq25UsWIQy9cYk90i6pwjbZrkMNSyRGw&oe=69FB9D88\" class=\"lazyload\" src=\"data:image\/svg+xml,%3Csvg xmlns='http:\/\/www.w3.org\/2000\/svg' width='640' height='auto' viewBox='0 0 640 auto'%3E%3Crect width='640' height='100%25' fill='%23ff0' fill-opacity='0'\/%3E%3C\/svg%3E\"\/><\/a><\/div><div class=\"instagram-post\"><a href=\"https:\/\/www.instagram.com\/p\/DSU-D3tiHIv\/\" target=\"_blank\"><img decoding=\"async\" alt=\"Entenbrust - Magret de Canard https:\/\/culturefoodblog.de\/rezept-entenbrust-mit-ofenkartoffeln-magret-de-canard\/\" data-orig-src=\"https:\/\/scontent.cdninstagram.com\/v\/t51.82787-15\/598686634_17879953617430195_8523428450825157304_n.jpg?stp=dst-jpg_e35_tt6&_nc_cat=105&ccb=7-5&_nc_sid=18de74&efg=eyJlZmdfdGFnIjoiRkVFRC5iZXN0X2ltYWdlX3VybGdlbi5DMyJ9&_nc_ohc=1yOo7u5ogGwQ7kNvwHDCehA&_nc_oc=AdqzjtQYuK693TgXlsP0Tqs591E56yvdQPRKFd2Mjo9kUHf5IeAQJKujoR0Eovy5gUM&_nc_zt=23&_nc_ht=scontent.cdninstagram.com&edm=ANo9K5cEAAAA&_nc_gid=EGFPaVcfNJFAL-sBWCUnvg&_nc_tpa=Q5bMBQG1EbSAZCg3wbU6UF5oSns7l7JA-Mn4eacgAfeHxQgKFZsmAjOVNyi0bl_JbzlKCRUzoe3V9Xzd&oh=00_Af7sCYkDHWpZYzAJ6OPmdDDAgWbIXulxb0WtJ3XDEHh27Q&oe=69FB9904\" class=\"lazyload\" src=\"data:image\/svg+xml,%3Csvg xmlns='http:\/\/www.w3.org\/2000\/svg' width='640' height='auto' viewBox='0 0 640 auto'%3E%3Crect width='640' height='100%25' fill='%23ff0' fill-opacity='0'\/%3E%3C\/svg%3E\"\/><\/a><\/div><div class=\"instagram-post\"><a href=\"https:\/\/www.instagram.com\/p\/DRXZQ4NCJ_o\/\" target=\"_blank\"><img decoding=\"async\" alt=\"https:\/\/culturefoodblog.de\/trueffel\/\" data-orig-src=\"https:\/\/scontent.cdninstagram.com\/v\/t51.82787-15\/585169885_17877363429430195_5425539258102310518_n.jpg?stp=dst-jpg_e35_tt6&_nc_cat=104&ccb=7-5&_nc_sid=18de74&efg=eyJlZmdfdGFnIjoiRkVFRC5iZXN0X2ltYWdlX3VybGdlbi5DMyJ9&_nc_ohc=1Ewu-KSBZHEQ7kNvwGSnfVa&_nc_oc=AdrxWFMeCEA12FXH1IAWAlY9FbIoxRGTTXONGbJ1HXazCSu1zEYmR4HJSVn70b65jtA&_nc_zt=23&_nc_ht=scontent.cdninstagram.com&edm=ANo9K5cEAAAA&_nc_gid=EGFPaVcfNJFAL-sBWCUnvg&_nc_tpa=Q5bMBQHzyHyUWnhBbnOPZ0B7m1P6WyFWwh6W2zT7zRJRWb-4yYdeMMbGCsv-E-awgL7pjq79ad1ePDd5&oh=00_Af6L0wn_NmebSjvGvefBDGmBQXuh7kLrZx774QHfFBnutQ&oe=69FB88C9\" class=\"lazyload\" src=\"data:image\/svg+xml,%3Csvg xmlns='http:\/\/www.w3.org\/2000\/svg' width='640' height='auto' viewBox='0 0 640 auto'%3E%3Crect width='640' height='100%25' fill='%23ff0' fill-opacity='0'\/%3E%3C\/svg%3E\"\/><\/a><\/div><div class=\"instagram-post\"><a href=\"https:\/\/www.instagram.com\/p\/DRXZFU0iK50\/\" target=\"_blank\"><img decoding=\"async\" alt=\"https:\/\/culturefoodblog.de\/trueffel\/\" data-orig-src=\"https:\/\/scontent.cdninstagram.com\/v\/t51.82787-15\/573675467_17877363315430195_4055229182357901042_n.jpg?stp=dst-jpg_e35_tt6&_nc_cat=108&ccb=7-5&_nc_sid=18de74&efg=eyJlZmdfdGFnIjoiRkVFRC5iZXN0X2ltYWdlX3VybGdlbi5DMyJ9&_nc_ohc=xE5FMJkj8DQQ7kNvwHnVhdO&_nc_oc=AdqvnnUnsgsGQ5d2t3Vn-jQ9fTql0JPWufyapfswl7kji7p9mJUv8Kv5ZDidfOw_wnw&_nc_zt=23&_nc_ht=scontent.cdninstagram.com&edm=ANo9K5cEAAAA&_nc_gid=EGFPaVcfNJFAL-sBWCUnvg&_nc_tpa=Q5bMBQHg3iqg6Oryq540jpmBXJM1lGsDTfPO0Lol1Q5hE90EpCYZTiCeUXzA3shxPZvFSpsYGrNYFUrX&oh=00_Af7ApvAwyABNmV0n4GowUbauxmbJ80ecQ2MAlQM_Yk1TzQ&oe=69FB97B6\" class=\"lazyload\" src=\"data:image\/svg+xml,%3Csvg xmlns='http:\/\/www.w3.org\/2000\/svg' width='640' height='auto' viewBox='0 0 640 auto'%3E%3Crect width='640' height='100%25' fill='%23ff0' fill-opacity='0'\/%3E%3C\/svg%3E\"\/><\/a><\/div><div class=\"instagram-post\"><a href=\"https:\/\/www.instagram.com\/p\/DRXZAZ0CGfx\/\" target=\"_blank\"><img decoding=\"async\" alt=\"https:\/\/culturefoodblog.de\/trueffel\/\" data-orig-src=\"https:\/\/scontent.cdninstagram.com\/v\/t51.82787-15\/587798331_17877363243430195_2381133078362524907_n.jpg?stp=dst-jpg_e35_tt6&_nc_cat=108&ccb=7-5&_nc_sid=18de74&efg=eyJlZmdfdGFnIjoiRkVFRC5iZXN0X2ltYWdlX3VybGdlbi5DMyJ9&_nc_ohc=-VBVE7YJXRkQ7kNvwGA_xxt&_nc_oc=AdqGcT-YAH4eqbclywGE_E257ICw07qx4VRL6U791QTHkMnWyEEh0coKvGgXUt6G-yM&_nc_zt=23&_nc_ht=scontent.cdninstagram.com&edm=ANo9K5cEAAAA&_nc_gid=EGFPaVcfNJFAL-sBWCUnvg&_nc_tpa=Q5bMBQHCbQqpLApm5dNfQsIB13JOSubq27SF3gM3OyKyNoa3PcDF928nqYQE-EqCz3nF3HD3f7v1ZQVc&oh=00_Af69FftFE_ZF5sEPwN7WXbadJ8StiHdfKZxRBn45_yDgqw&oe=69FB9358\" class=\"lazyload\" src=\"data:image\/svg+xml,%3Csvg xmlns='http:\/\/www.w3.org\/2000\/svg' width='640' height='auto' viewBox='0 0 640 auto'%3E%3Crect width='640' height='100%25' fill='%23ff0' fill-opacity='0'\/%3E%3C\/svg%3E\"\/><\/a><\/div><div class=\"instagram-post\"><a href=\"https:\/\/www.instagram.com\/p\/DQB1QKUCEBs\/\" target=\"_blank\"><img decoding=\"async\" alt=\"Herbst. Tr\u00fcffel. K\u00e4se. https:\/\/culturefoodblog.de\/herbst\/\" data-orig-src=\"https:\/\/scontent.cdninstagram.com\/v\/t51.82787-15\/566534722_17873910282430195_9055970420820076017_n.jpg?stp=dst-jpg_e35_tt6&_nc_cat=106&ccb=7-5&_nc_sid=18de74&efg=eyJlZmdfdGFnIjoiRkVFRC5iZXN0X2ltYWdlX3VybGdlbi5DMyJ9&_nc_ohc=HpZgMAnZn9AQ7kNvwEqMw8Y&_nc_oc=Adpgeu536lmpX4u8xwqHwImKKA9zs0j6cN7ksUV4u2gydG51Wj_Oee41--0aqbFQHQE&_nc_zt=23&_nc_ht=scontent.cdninstagram.com&edm=ANo9K5cEAAAA&_nc_gid=EGFPaVcfNJFAL-sBWCUnvg&_nc_tpa=Q5bMBQG9qyoNZ0Y2QL0DdYk3pGJyuL1Ez_VXbr6NgHGH5QVlVK8nRbFCi4NCYLathLuLtPb_HzYvS9Na&oh=00_Af7yoU9P3Qpb0NOle8euahSpHtWwK3TckzBXTTDKnOWS9w&oe=69FB897F\" class=\"lazyload\" src=\"data:image\/svg+xml,%3Csvg xmlns='http:\/\/www.w3.org\/2000\/svg' width='640' height='auto' viewBox='0 0 640 auto'%3E%3Crect width='640' height='100%25' fill='%23ff0' fill-opacity='0'\/%3E%3C\/svg%3E\"\/><\/a><\/div><\/div><\/div><\/div><\/div><div class=\"fusion-layout-column fusion_builder_column fusion-builder-column-16 fusion_builder_column_1_5 1_5 fusion-flex-column\" style=\"--awb-bg-size:cover;--awb-width-large:20%;--awb-margin-top-large:10px;--awb-spacing-right-large:0px;--awb-margin-bottom-large:10px;--awb-spacing-left-large:0px;--awb-width-medium:100%;--awb-order-medium:0;--awb-spacing-right-medium:0px;--awb-spacing-left-medium:0px;--awb-width-small:100%;--awb-order-small:0;--awb-spacing-right-small:0px;--awb-spacing-left-small:0px;\"><div class=\"fusion-column-wrapper fusion-column-has-shadow fusion-flex-justify-content-flex-start fusion-content-layout-column\"><\/div><\/div><\/div><\/div><\/p>","protected":false},"excerpt":{"rendered":"","protected":false},"author":1,"featured_media":0,"parent":0,"menu_order":0,"comment_status":"closed","ping_status":"closed","template":"100-width.php","meta":{"footnotes":""},"class_list":["post-8047","page","type-page","status-publish","hentry"],"yoast_head":"<!-- This site is optimized with the Yoast SEO plugin v25.4 - https:\/\/yoast.com\/wordpress\/plugins\/seo\/ -->\n<title>Der Culture Food Blog: Familie, Freunde &amp; Food<\/title>\n<meta name=\"description\" content=\"Culture Food Blog ist ein kulinarisches Tagebuch und einer der \u00e4ltesten deutschsprachigen Foodblogs. Im Fokus: Genuss, Lebens- und Esskultur\" \/>\n<meta name=\"robots\" content=\"index, follow, max-snippet:-1, max-image-preview:large, max-video-preview:-1\" \/>\n<link rel=\"canonical\" href=\"https:\/\/culturefoodblog.de\/en\/\" \/>\n<meta property=\"og:locale\" content=\"en_GB\" \/>\n<meta property=\"og:type\" content=\"article\" \/>\n<meta property=\"og:title\" content=\"Der Culture Food Blog: Familie, Freunde &amp; Food\" \/>\n<meta property=\"og:description\" content=\"Culture Food Blog ist ein kulinarisches Tagebuch und einer der \u00e4ltesten deutschsprachigen Foodblogs. Im Fokus: Genuss, Lebens- und Esskultur\" \/>\n<meta property=\"og:url\" content=\"https:\/\/culturefoodblog.de\/en\/\" \/>\n<meta property=\"og:site_name\" content=\"Culture Food Blog - Familie, Freunde &amp; Food\" \/>\n<meta property=\"article:publisher\" content=\"https:\/\/www.facebook.com\/culturefoodblog\" \/>\n<meta property=\"article:modified_time\" content=\"2025-11-05T14:08:01+00:00\" \/>\n<meta name=\"twitter:card\" content=\"summary_large_image\" \/>\n<meta name=\"twitter:label1\" content=\"Estimated reading time\" \/>\n\t<meta name=\"twitter:data1\" content=\"20 minutes\" \/>\n<script type=\"application\/ld+json\" class=\"yoast-schema-graph\">{\"@context\":\"https:\/\/schema.org\",\"@graph\":[{\"@type\":\"WebPage\",\"@id\":\"https:\/\/culturefoodblog.de\/\",\"url\":\"https:\/\/culturefoodblog.de\/\",\"name\":\"Der Culture Food Blog: Familie, Freunde & Food\",\"isPartOf\":{\"@id\":\"https:\/\/culturefoodblog.de\/#website\"},\"datePublished\":\"2019-02-28T13:07:29+00:00\",\"dateModified\":\"2025-11-05T14:08:01+00:00\",\"description\":\"Culture Food Blog ist ein kulinarisches Tagebuch und einer der \u00e4ltesten deutschsprachigen Foodblogs. Im Fokus: Genuss, Lebens- und Esskultur\",\"breadcrumb\":{\"@id\":\"https:\/\/culturefoodblog.de\/#breadcrumb\"},\"inLanguage\":\"en-GB\",\"potentialAction\":[{\"@type\":\"ReadAction\",\"target\":[\"https:\/\/culturefoodblog.de\/\"]}]},{\"@type\":\"BreadcrumbList\",\"@id\":\"https:\/\/culturefoodblog.de\/#breadcrumb\",\"itemListElement\":[{\"@type\":\"ListItem\",\"position\":1,\"name\":\"Startseite\",\"item\":\"https:\/\/culturefoodblog.de\/\"},{\"@type\":\"ListItem\",\"position\":2,\"name\":\"Foodblog Home\"}]},{\"@type\":\"WebSite\",\"@id\":\"https:\/\/culturefoodblog.de\/#website\",\"url\":\"https:\/\/culturefoodblog.de\/\",\"name\":\"Culture Food Blog - Familie, Freunde & Food\",\"description\":\"Ein kulinarisches Tagebuch f\u00fcr Genie\u00dfer\",\"potentialAction\":[{\"@type\":\"SearchAction\",\"target\":{\"@type\":\"EntryPoint\",\"urlTemplate\":\"https:\/\/culturefoodblog.de\/?s={search_term_string}\"},\"query-input\":{\"@type\":\"PropertyValueSpecification\",\"valueRequired\":true,\"valueName\":\"search_term_string\"}}],\"inLanguage\":\"en-GB\"}]}<\/script>\n<!-- \/ Yoast SEO plugin. -->","yoast_head_json":{"title":"Der Culture Food Blog: Familie, Freunde & Food","description":"Culture Food Blog ist ein kulinarisches Tagebuch und einer der \u00e4ltesten deutschsprachigen Foodblogs. Im Fokus: Genuss, Lebens- und Esskultur","robots":{"index":"index","follow":"follow","max-snippet":"max-snippet:-1","max-image-preview":"max-image-preview:large","max-video-preview":"max-video-preview:-1"},"canonical":"https:\/\/culturefoodblog.de\/en\/","og_locale":"en_GB","og_type":"article","og_title":"Der Culture Food Blog: Familie, Freunde & Food","og_description":"Culture Food Blog ist ein kulinarisches Tagebuch und einer der \u00e4ltesten deutschsprachigen Foodblogs. Im Fokus: Genuss, Lebens- und Esskultur","og_url":"https:\/\/culturefoodblog.de\/en\/","og_site_name":"Culture Food Blog - Familie, Freunde &amp; Food","article_publisher":"https:\/\/www.facebook.com\/culturefoodblog","article_modified_time":"2025-11-05T14:08:01+00:00","twitter_card":"summary_large_image","twitter_misc":{"Estimated reading time":"20 minutes"},"schema":{"@context":"https:\/\/schema.org","@graph":[{"@type":"WebPage","@id":"https:\/\/culturefoodblog.de\/","url":"https:\/\/culturefoodblog.de\/","name":"Der Culture Food Blog: Familie, Freunde & Food","isPartOf":{"@id":"https:\/\/culturefoodblog.de\/#website"},"datePublished":"2019-02-28T13:07:29+00:00","dateModified":"2025-11-05T14:08:01+00:00","description":"Culture Food Blog ist ein kulinarisches Tagebuch und einer der \u00e4ltesten deutschsprachigen Foodblogs. Im Fokus: Genuss, Lebens- und Esskultur","breadcrumb":{"@id":"https:\/\/culturefoodblog.de\/#breadcrumb"},"inLanguage":"en-GB","potentialAction":[{"@type":"ReadAction","target":["https:\/\/culturefoodblog.de\/"]}]},{"@type":"BreadcrumbList","@id":"https:\/\/culturefoodblog.de\/#breadcrumb","itemListElement":[{"@type":"ListItem","position":1,"name":"Startseite","item":"https:\/\/culturefoodblog.de\/"},{"@type":"ListItem","position":2,"name":"Foodblog Home"}]},{"@type":"WebSite","@id":"https:\/\/culturefoodblog.de\/#website","url":"https:\/\/culturefoodblog.de\/","name":"Culture Food Blog - Familie, Freunde & Food","description":"Ein kulinarisches Tagebuch f\u00fcr Genie\u00dfer","potentialAction":[{"@type":"SearchAction","target":{"@type":"EntryPoint","urlTemplate":"https:\/\/culturefoodblog.de\/?s={search_term_string}"},"query-input":{"@type":"PropertyValueSpecification","valueRequired":true,"valueName":"search_term_string"}}],"inLanguage":"en-GB"}]}},"_links":{"self":[{"href":"https:\/\/culturefoodblog.de\/en\/wp-json\/wp\/v2\/pages\/8047","targetHints":{"allow":["GET"]}}],"collection":[{"href":"https:\/\/culturefoodblog.de\/en\/wp-json\/wp\/v2\/pages"}],"about":[{"href":"https:\/\/culturefoodblog.de\/en\/wp-json\/wp\/v2\/types\/page"}],"author":[{"embeddable":true,"href":"https:\/\/culturefoodblog.de\/en\/wp-json\/wp\/v2\/users\/1"}],"replies":[{"embeddable":true,"href":"https:\/\/culturefoodblog.de\/en\/wp-json\/wp\/v2\/comments?post=8047"}],"version-history":[{"count":163,"href":"https:\/\/culturefoodblog.de\/en\/wp-json\/wp\/v2\/pages\/8047\/revisions"}],"predecessor-version":[{"id":9321,"href":"https:\/\/culturefoodblog.de\/en\/wp-json\/wp\/v2\/pages\/8047\/revisions\/9321"}],"wp:attachment":[{"href":"https:\/\/culturefoodblog.de\/en\/wp-json\/wp\/v2\/media?parent=8047"}],"curies":[{"name":"wp","href":"https:\/\/api.w.org\/{rel}","templated":true}]}}